{"id":64442,"date":"2025-11-12T13:48:46","date_gmt":"2025-11-12T12:48:46","guid":{"rendered":"https:\/\/mf.ag\/?page_id=64442"},"modified":"2026-01-30T10:44:51","modified_gmt":"2026-01-30T09:44:51","slug":"executive-interim-management-in-europa","status":"publish","type":"page","link":"https:\/\/mf.ag\/de\/executive-interim-management-in-europa\/","title":{"rendered":"Executive Interim Management in Europa"},"content":{"rendered":"\n<h3 class=\"wp-block-heading\" id=\"h-europa-der-eckpfeiler-der-globalen-interim-leadership\">Europa: Der Eckpfeiler der globalen Interim-Leadership<\/h3>\n\n\n\n<figure class=\"wp-block-image size-large\"><img loading=\"lazy\" decoding=\"async\" width=\"1024\" height=\"576\" src=\"https:\/\/mf.ag\/wp-content\/uploads\/2026\/01\/Website-Bilder-Neu-2026-01-26T140017.710-1-1024x576.png\" alt=\"\" class=\"wp-image-65220\" srcset=\"https:\/\/mf.ag\/wp-content\/uploads\/2026\/01\/Website-Bilder-Neu-2026-01-26T140017.710-1-1024x576.png 1024w, https:\/\/mf.ag\/wp-content\/uploads\/2026\/01\/Website-Bilder-Neu-2026-01-26T140017.710-1-300x169.png 300w, https:\/\/mf.ag\/wp-content\/uploads\/2026\/01\/Website-Bilder-Neu-2026-01-26T140017.710-1-768x432.png 768w, https:\/\/mf.ag\/wp-content\/uploads\/2026\/01\/Website-Bilder-Neu-2026-01-26T140017.710-1-1536x864.png 1536w, https:\/\/mf.ag\/wp-content\/uploads\/2026\/01\/Website-Bilder-Neu-2026-01-26T140017.710-1.png 1920w\" sizes=\"auto, (max-width: 1024px) 100vw, 1024px\" \/><\/figure>\n\n\n\n<p>Europa bleibt der Eckpfeiler der weltweiten <a href=\"https:\/\/mf.ag\/de\/executive-interim-management\/\">Executive Interim Management<\/a> Branche und steht f\u00fcr einen Marktwert von \u00fcber 2,8 Milliarden Euro. Auf dem gesamten Kontinent nutzen Unternehmen Interim-F\u00fchrungskr\u00e4fte nicht als Notl\u00f6sung, sondern als strategischen Hebel \u2013 um Transformation zu beschleunigen, Kontinuit\u00e4t zu sichern und messbare Ergebnisse zu erzielen.<\/p>\n\n\n\n<div class=\"wp-block-media-text alignwide is-stacked-on-mobile is-vertically-aligned-center is-style-tw-overlap has-background tw-stack-md\" style=\"background-color:#ffffff\"><figure class=\"wp-block-media-text__media\"><img loading=\"lazy\" decoding=\"async\" width=\"1024\" height=\"683\" src=\"https:\/\/mf.ag\/wp-content\/uploads\/2025\/11\/Valtus_c_David_Bohmann_001-1-1024x683.jpg\" alt=\"\" class=\"wp-image-64125 size-full\" srcset=\"https:\/\/mf.ag\/wp-content\/uploads\/2025\/11\/Valtus_c_David_Bohmann_001-1-1024x683.jpg 1024w, https:\/\/mf.ag\/wp-content\/uploads\/2025\/11\/Valtus_c_David_Bohmann_001-1-300x200.jpg 300w, https:\/\/mf.ag\/wp-content\/uploads\/2025\/11\/Valtus_c_David_Bohmann_001-1-768x512.jpg 768w, https:\/\/mf.ag\/wp-content\/uploads\/2025\/11\/Valtus_c_David_Bohmann_001-1-1536x1024.jpg 1536w, https:\/\/mf.ag\/wp-content\/uploads\/2025\/11\/Valtus_c_David_Bohmann_001-1-2048x1365.jpg 2048w\" sizes=\"auto, (max-width: 1024px) 100vw, 1024px\" \/><\/figure><div class=\"wp-block-media-text__content\">\n<blockquote class=\"wp-block-quote is-style-tw-icon is-layout-flow wp-block-quote-is-layout-flow\">\n<p>In diesem Umfeld steht die <a href=\"https:\/\/valtusgroup.com\/\" target=\"_blank\" rel=\"noreferrer noopener\">Valtus Alliance<\/a> im Zentrum des europ\u00e4ischen Leadership-\u00d6kosystems: Sie verbindet erstklassige Interim-Executives in nahezu 30 L\u00e4ndern und setzt Ma\u00dfst\u00e4be f\u00fcr Exzellenz und Wirkung.<\/p>\n<\/blockquote>\n<\/div><\/div>\n\n\n\n<p>Von etablierten Zentren wie Frankreich und dem Vereinigten K\u00f6nigreich bis hin zu dynamisch wachsenden M\u00e4rkten in Mittel- und Osteuropa \u00fcbernehmen Interim-Executives Verantwortung, um nachhaltigen Wandel und best\u00e4ndiges Wachstum voranzutreiben.<\/p>\n\n\n\n<h3 class=\"wp-block-heading\" id=\"h-agilitat-und-fuhrung-in-zeiten-zunehmender-komplexitat\">Agilit\u00e4t und F\u00fchrung in Zeiten zunehmender Komplexit\u00e4t<\/h3>\n\n\n\n<p>Mit der Weiterentwicklung von Gesch\u00e4ftsmodellen und wachsender Komplexit\u00e4t steigt der Bedarf an erfahrenen F\u00fchrungskr\u00e4ften, die vom ersten Tag an entschlossen handeln k\u00f6nnen. Europ\u00e4ische Unternehmen setzen zunehmend auf Interim Manager:innen, um digitale Transformation, Restrukturierung und Performance-Programme zu steuern \u2013 und so in einem unberechenbaren Umfeld handlungsf\u00e4hig und agil zu bleiben.<\/p>\n\n\n\n<div class=\"wp-block-media-text alignwide is-stacked-on-mobile is-vertically-aligned-center is-style-tw-overlap has-background tw-stack-md\" style=\"background-color:#ffffff\"><figure class=\"wp-block-media-text__media\"><img loading=\"lazy\" decoding=\"async\" width=\"1024\" height=\"683\" src=\"https:\/\/mf.ag\/wp-content\/uploads\/2025\/11\/11-Ulrika-Thomas-KJ-and-Roberto-1-1024x683.jpg\" alt=\"\" class=\"wp-image-64187 size-full\" srcset=\"https:\/\/mf.ag\/wp-content\/uploads\/2025\/11\/11-Ulrika-Thomas-KJ-and-Roberto-1-1024x683.jpg 1024w, https:\/\/mf.ag\/wp-content\/uploads\/2025\/11\/11-Ulrika-Thomas-KJ-and-Roberto-1-300x200.jpg 300w, https:\/\/mf.ag\/wp-content\/uploads\/2025\/11\/11-Ulrika-Thomas-KJ-and-Roberto-1-768x512.jpg 768w, https:\/\/mf.ag\/wp-content\/uploads\/2025\/11\/11-Ulrika-Thomas-KJ-and-Roberto-1-1536x1024.jpg 1536w, https:\/\/mf.ag\/wp-content\/uploads\/2025\/11\/11-Ulrika-Thomas-KJ-and-Roberto-1-2048x1365.jpg 2048w\" sizes=\"auto, (max-width: 1024px) 100vw, 1024px\" \/><\/figure><div class=\"wp-block-media-text__content\">\n<blockquote class=\"wp-block-quote is-style-tw-icon is-layout-flow wp-block-quote-is-layout-flow\">\n<p>Die F\u00e4higkeit, erfahrene F\u00fchrungskr\u00e4fte schnell zu mobilisieren, ist zu einem echten Wettbewerbsvorteil geworden. Interim-Manager:innen spielen heute eine zentrale Rolle dabei, widerstandsf\u00e4hige Organisationen zu formen, die Ver\u00e4nderungen antizipieren \u2013 statt lediglich auf sie zu reagieren.<\/p>\n<\/blockquote>\n<\/div><\/div>\n\n\n\n<h3 class=\"wp-block-heading\" id=\"h-eine-gemeinsame-vision-fur-die-zukunft-der-arbeit\">Eine gemeinsame Vision f\u00fcr die Zukunft der Arbeit<\/h3>\n\n\n\n<p>Gemeinsam spiegeln die europ\u00e4ischen M\u00e4rkte Reife, Vielfalt und Dynamik wider. Auch wenn jedes Land seine eigene Kultur und sein eigenes Tempo der Entwicklung beibeh\u00e4lt, ist die gemeinsame Vision eindeutig: Flexible, hochqualifizierte F\u00fchrung ist zu einem strategischen Grundpfeiler f\u00fcr Erfolg in der modernen Wirtschaft geworden. Von nordischer Effizienz bis zu s\u00fcdlichem Unternehmergeist zeigt Europa das gesamte Spektrum exzellenter Interim-Leadership. Der gemeinsame Fortschritt der Region macht eines klar: Die Zukunft der F\u00fchrung ist flexibel, fokussiert und transformativ.<\/p>\n\n\n\n<h1 class=\"wp-block-heading\" id=\"h-frankreich-rasantes-wachstum\"><strong>FRANKREICH <span style=\"color: #9b2841;\" class=\"stk-highlight\">\/<\/span> Rasantes Wachstum<\/strong><\/h1>\n\n\n\n<div class=\"wp-block-media-text alignwide is-stacked-on-mobile is-vertically-aligned-center is-style-tw-overlap has-background tw-stack-md\" style=\"background-color:#ffffff\"><figure class=\"wp-block-media-text__media\"><img loading=\"lazy\" decoding=\"async\" width=\"1024\" height=\"683\" src=\"https:\/\/mf.ag\/wp-content\/uploads\/2025\/11\/Valtus_c_David_Bohmann_067-1024x683.jpg\" alt=\"\" class=\"wp-image-64190 size-full\" srcset=\"https:\/\/mf.ag\/wp-content\/uploads\/2025\/11\/Valtus_c_David_Bohmann_067-1024x683.jpg 1024w, https:\/\/mf.ag\/wp-content\/uploads\/2025\/11\/Valtus_c_David_Bohmann_067-300x200.jpg 300w, https:\/\/mf.ag\/wp-content\/uploads\/2025\/11\/Valtus_c_David_Bohmann_067-768x512.jpg 768w, https:\/\/mf.ag\/wp-content\/uploads\/2025\/11\/Valtus_c_David_Bohmann_067-1536x1024.jpg 1536w, https:\/\/mf.ag\/wp-content\/uploads\/2025\/11\/Valtus_c_David_Bohmann_067-2048x1365.jpg 2048w\" sizes=\"auto, (max-width: 1024px) 100vw, 1024px\" \/><\/figure><div class=\"wp-block-media-text__content\">\n<blockquote class=\"wp-block-quote is-style-tw-icon is-layout-flow wp-block-quote-is-layout-flow\">\n<p>Frankreich z\u00e4hlt zu den am schnellsten wachsenden M\u00e4rkten f\u00fcr Executive Interim Management in Europa. Die Nachfrage steigt weiter \u2013 als Reaktion auf wirtschaftliche Gegenwinde, Transformationsdruck und Restrukturierungsbedarf. Besonders stark ist der industrielle Sektor, der nahezu die H\u00e4lfte aller Mandate ausmacht.<\/p>\n<\/blockquote>\n<\/div><\/div>\n\n\n\n<p>Sowohl mittelst\u00e4ndische Unternehmen als auch gro\u00dfe Konzerne setzen zunehmend auf Interim-F\u00fchrungskr\u00e4fte, um strategische Neuausrichtungen zu bew\u00e4ltigen, Transformation zu beschleunigen und Leistungsf\u00e4higkeit zu sichern.<\/p>\n\n\n\n<p><em>\u201eIm Jahr 2024 wurden mehr als ein Viertel aller Mandate in Unternehmen durchgef\u00fchrt, die Interim Management erstmals nutzten \u2013 ein deutliches Zeichen f\u00fcr die wachsende Attraktivit\u00e4t dieser L\u00f6sung f\u00fcr Organisationen, die Flexibilit\u00e4t suchen und ihre Gesch\u00e4ftsmodelle weiterentwickeln wollen.\u201c<\/em><br><strong>\u2014 <a href=\"https:\/\/www.linkedin.com\/in\/philippesoullier\/\">Philippe Soullier<\/a>, Group Chairman<\/strong><\/p>\n\n\n\n<figure class=\"wp-block-image size-large\"><img loading=\"lazy\" decoding=\"async\" width=\"1024\" height=\"320\" src=\"https:\/\/mf.ag\/wp-content\/uploads\/2025\/11\/Restrukturierungsstudie-2025-Einladung-zur-Teilnahme-24-1024x320.png\" alt=\"\" class=\"wp-image-64488\" srcset=\"https:\/\/mf.ag\/wp-content\/uploads\/2025\/11\/Restrukturierungsstudie-2025-Einladung-zur-Teilnahme-24-1024x320.png 1024w, https:\/\/mf.ag\/wp-content\/uploads\/2025\/11\/Restrukturierungsstudie-2025-Einladung-zur-Teilnahme-24-300x94.png 300w, https:\/\/mf.ag\/wp-content\/uploads\/2025\/11\/Restrukturierungsstudie-2025-Einladung-zur-Teilnahme-24-768x240.png 768w, https:\/\/mf.ag\/wp-content\/uploads\/2025\/11\/Restrukturierungsstudie-2025-Einladung-zur-Teilnahme-24-1536x480.png 1536w, https:\/\/mf.ag\/wp-content\/uploads\/2025\/11\/Restrukturierungsstudie-2025-Einladung-zur-Teilnahme-24.png 1920w\" sizes=\"auto, (max-width: 1024px) 100vw, 1024px\" \/><\/figure>\n\n\n\n<h1 class=\"wp-block-heading\" id=\"h-vereinigtes-konigreich-die-gereifte-kraftzentrale\"><strong>VEREINIGTES K\u00d6NIGREICH <span style=\"color: #9b2841;\" class=\"stk-highlight\">\/<\/span> Die gereifte Kraftzentrale<\/strong><\/h1>\n\n\n\n<p>Das Vereinigte K\u00f6nigreich verf\u00fcgt \u00fcber eines der etabliertesten Executive-Interim-Management-\u00d6kosysteme in Europa. Mit einer ausgepr\u00e4gten Kultur unabh\u00e4ngiger Professionals und einem tiefen Talentpool bietet der britische Markt sowohl Gr\u00f6\u00dfe als auch Reife. Interim-Manager:innen schlie\u00dfen hier nicht nur F\u00fchrungsl\u00fccken, sondern steuern strategische Transformationen, die Unternehmensergebnisse neu definieren.<\/p>\n\n\n\n<p><em>\u201eDer Einsatz von Interim-Manager:innen ist im Vereinigten K\u00f6nigreich weniger herausfordernd, da es seit Langem eine ausgepr\u00e4gte \u201aGig Economy\u2018 gibt \u2013 und damit ein gro\u00dfes Angebot an f\u00e4higen, erfahrenen Kr\u00e4ften.\u201c<\/em><br><strong>\u2014 <a href=\"https:\/\/www.linkedin.com\/in\/ruthers\/\" target=\"_blank\" rel=\"noreferrer noopener\">Steve Rutherford<\/a>, Managing Partner bei <a href=\"https:\/\/valtus.uk\/\" target=\"_blank\" rel=\"noreferrer noopener\">Valtus UK<\/a><\/strong><\/p>\n\n\n\n<figure class=\"wp-block-image size-large\"><img loading=\"lazy\" decoding=\"async\" width=\"1024\" height=\"320\" src=\"https:\/\/mf.ag\/wp-content\/uploads\/2025\/11\/Restrukturierungsstudie-2025-Einladung-zur-Teilnahme-23-1024x320.png\" alt=\"\" class=\"wp-image-64491\" srcset=\"https:\/\/mf.ag\/wp-content\/uploads\/2025\/11\/Restrukturierungsstudie-2025-Einladung-zur-Teilnahme-23-1024x320.png 1024w, https:\/\/mf.ag\/wp-content\/uploads\/2025\/11\/Restrukturierungsstudie-2025-Einladung-zur-Teilnahme-23-300x94.png 300w, https:\/\/mf.ag\/wp-content\/uploads\/2025\/11\/Restrukturierungsstudie-2025-Einladung-zur-Teilnahme-23-768x240.png 768w, https:\/\/mf.ag\/wp-content\/uploads\/2025\/11\/Restrukturierungsstudie-2025-Einladung-zur-Teilnahme-23-1536x480.png 1536w, https:\/\/mf.ag\/wp-content\/uploads\/2025\/11\/Restrukturierungsstudie-2025-Einladung-zur-Teilnahme-23.png 1920w\" sizes=\"auto, (max-width: 1024px) 100vw, 1024px\" \/><\/figure>\n\n\n\n<h1 class=\"wp-block-heading\" id=\"h-benelux-drei-markte-drei-erkenntnisse\"><strong>BENELUX <span style=\"color: #9b2841;\" class=\"stk-highlight\">\/<\/span> Drei M\u00e4rkte, drei Erkenntnisse<\/strong><\/h1>\n\n\n\n<p>Die Benelux-Region \u2013 Belgien, die Niederlande und Luxemburg \u2013 zeigt eindrucksvoll, welche Kraft in Anpassungsf\u00e4higkeit steckt, sowohl in gereiften als auch in sich wandelnden M\u00e4rkten. Die Niederlande nehmen dabei eine f\u00fchrende Rolle ein: Ihr besonders fortgeschrittenes Modell umfasst inzwischen sogar den \u00f6ffentlichen Sektor, der Interim Management aktiv nutzt. Belgien und Luxemburg wiederum verzeichnen eine wachsende Spezialisierung, insbesondere in den Bereichen Finanzen, Restrukturierung und regulierte Branchen.<\/p>\n\n\n\n<p><em>\u201eDa Organisationen mit zunehmender Komplexit\u00e4t konfrontiert sind, wird Executive Interim Management nicht mehr als kurzfristige Notl\u00f6sung betrachtet; es entwickelt sich zu einem bewusst eingesetzten strategischen Hebel. Sowohl Nachfrage als auch Angebot steigen \u2013 insbesondere in Situationen, in denen F\u00fchrung ohne Verz\u00f6gerung anpassungsf\u00e4hig sein muss.\u201c<\/em><br><strong>\u2014 <a href=\"https:\/\/www.linkedin.com\/in\/wimdemulder\/\">Wim De Mulder<\/a>, Partner bei <a href=\"https:\/\/www.valpeo.com\/?utm_term=valpeo&amp;utm_campaign=Branded&amp;utm_source=adwords&amp;utm_medium=ppc&amp;hsa_acc=8549792841&amp;hsa_cam=21201054236&amp;hsa_grp=160862965803&amp;hsa_ad=696997018769&amp;hsa_src=g&amp;hsa_tgt=kwd-2298393692118&amp;hsa_kw=valpeo&amp;hsa_mt=e&amp;hsa_net=adwords&amp;hsa_ver=3&amp;gad_source=1&amp;gad_campaignid=21201054236&amp;gbraid=0AAAAAqnQVIPhSUv2CV4MtdEYCOHhc7_6w&amp;gclid=CjwKCAiA2svIBhB-EiwARWDPjmD-ya8AjyWaYH4WdmN79W2rufaQCP87F_MnEsHEjsZORKrQMhBZ1RoCQtsQAvD_BwE\">VALPEO<\/a>, Belgien<\/strong><\/p>\n\n\n\n<h1 class=\"wp-block-heading\" id=\"h-dach-ein-robuster-und-widerstandsfahiger-markt\"><strong>DACH <span style=\"color: #9b2841;\" class=\"stk-highlight\">\/<\/span> Ein robuster und widerstandsf\u00e4higer Markt<\/strong><\/h1>\n\n\n\n<p>Mit einem Marktwert von \u00fcber 1,1 Milliarden Euro z\u00e4hlt die DACH-Region \u2013 Deutschland, \u00d6sterreich und die Schweiz \u2013 zu den dynamischsten und anspruchsvollsten M\u00e4rkten Europas.<\/p>\n\n\n\n<div class=\"wp-block-media-text alignwide is-stacked-on-mobile is-vertically-aligned-center is-style-tw-overlap has-background tw-stack-md\" style=\"background-color:#ffffff\"><figure class=\"wp-block-media-text__media\"><img loading=\"lazy\" decoding=\"async\" width=\"1024\" height=\"683\" src=\"https:\/\/mf.ag\/wp-content\/uploads\/2025\/11\/8-Markus-and-Isabelle-1024x683.jpg\" alt=\"\" class=\"wp-image-64109 size-full\" srcset=\"https:\/\/mf.ag\/wp-content\/uploads\/2025\/11\/8-Markus-and-Isabelle-1024x683.jpg 1024w, https:\/\/mf.ag\/wp-content\/uploads\/2025\/11\/8-Markus-and-Isabelle-300x200.jpg 300w, https:\/\/mf.ag\/wp-content\/uploads\/2025\/11\/8-Markus-and-Isabelle-768x512.jpg 768w, https:\/\/mf.ag\/wp-content\/uploads\/2025\/11\/8-Markus-and-Isabelle-1536x1024.jpg 1536w, https:\/\/mf.ag\/wp-content\/uploads\/2025\/11\/8-Markus-and-Isabelle-2048x1365.jpg 2048w\" sizes=\"auto, (max-width: 1024px) 100vw, 1024px\" \/><\/figure><div class=\"wp-block-media-text__content\">\n<blockquote class=\"wp-block-quote is-style-tw-icon is-layout-flow wp-block-quote-is-layout-flow\">\n<p>War der Einsatz von Interim-Executives fr\u00fcher vor allem mit Krisenmanagement verbunden, hat er sich inzwischen deutlich weiterentwickelt: hin zu strategischen Funktionen in digitaler Transformation, Post-Merger-Integration und operativer Professionalisierung.<\/p>\n<\/blockquote>\n<\/div><\/div>\n\n\n\n<p><em>\u201eFr\u00fcher wurden Executive Interim Manager:innen vor allem in Krisen- oder Vertretungssituationen eingesetzt. Heute hat sich ihr Aufgabenfeld deutlich erweitert \u2013 hin zu strategischen Projekten wie digitaler Transformation, Post-Merger-Integration und operativer Professionalisierung. Diese Entwicklung spiegelt die wachsende Anerkennung von Interim-Executives als proaktive Treiber des Wandels wider.\u201c<\/em><br><strong>\u2014 <a href=\"https:\/\/www.linkedin.com\/in\/robertsadjak\/\" target=\"_blank\" rel=\"noreferrer noopener\">Robert Sadjak<\/a>, Managing Partner bei <a href=\"https:\/\/www.valtus.de\/\" target=\"_blank\" rel=\"noreferrer noopener\">Valtus Germany<\/a><\/strong><\/p>\n\n\n\n<p><em>\u201eDie Haupttreiber der Nachfrage nach Executive Interim Manager:innen in \u00d6sterreich sind der hohe Bedarf an Restrukturierungen, Turnarounds und Transformationen. Zudem steigt auch der Bedarf an Programm- und Projektmanager:innen.\u201c<\/em><br><strong>\u2014 <a href=\"https:\/\/www.linkedin.com\/in\/thomas-tschol\/\" target=\"_blank\" rel=\"noreferrer noopener\">Thomas Tschol<\/a>, CEO &amp; Partner bei Management Factory, \u00d6sterreich<\/strong><\/p>\n\n\n\n<p>Lesen Sie hier eine ausf\u00fchrliche Marktanalyse des \u00f6sterreichischen Interim-Management-Sektors:<\/p>\n\n\n\n<div class=\"wp-block-buttons is-vertical is-content-justification-center is-layout-flex wp-container-core-buttons-is-layout-734eb2c2 wp-block-buttons-is-layout-flex\">\n<div class=\"wp-block-button has-custom-width wp-block-button__width-100 button-arrow\"><a class=\"wp-block-button__link has-contrast-color has-base-background-color has-text-color has-background has-link-color wp-element-button\" href=\"https:\/\/mf.ag\/de\/artikel\/der-oesterreichische-interim-management-markt\/\" style=\"border-style:none;border-width:0px;padding-top:var(--wp--preset--spacing--40);padding-bottom:var(--wp--preset--spacing--40)\">&nbsp; Der \u00f6sterreichische Interim Management Markt&nbsp;<br><i class=\"fas fa-arrow-right\"><\/i><\/a><\/div>\n<\/div>\n\n\n\n<p><em>\u201eIn der Schweiz wird der Bedarf an Executive-Interim-Leadership vor allem durch multinationale Konzernsitze in den Bereichen Finanzwesen, Life Sciences, Industrie und Technologie bestimmt. Die Mandate sind hier die l\u00e4ngsten in ganz Europa \u2013 ein Spiegel der hohen Komplexit\u00e4t der Herausforderungen.\u201c<\/em><br><strong>\u2014 <a href=\"https:\/\/www.linkedin.com\/in\/cfo-interim\/\" target=\"_blank\" rel=\"noreferrer noopener\">Simon Frei<\/a>, CEO bei <a href=\"https:\/\/fspartners.ch\/en\/\" target=\"_blank\" rel=\"noreferrer noopener\">FS Partners<\/a>, Schweiz<\/strong><\/p>\n\n\n\n<figure class=\"wp-block-image size-large\"><img loading=\"lazy\" decoding=\"async\" width=\"1024\" height=\"320\" src=\"https:\/\/mf.ag\/wp-content\/uploads\/2025\/12\/Restrukturierungsstudie-2025-Einladung-zur-Teilnahme-29-1024x320.png\" alt=\"\" class=\"wp-image-64649\" srcset=\"https:\/\/mf.ag\/wp-content\/uploads\/2025\/12\/Restrukturierungsstudie-2025-Einladung-zur-Teilnahme-29-1024x320.png 1024w, https:\/\/mf.ag\/wp-content\/uploads\/2025\/12\/Restrukturierungsstudie-2025-Einladung-zur-Teilnahme-29-300x94.png 300w, https:\/\/mf.ag\/wp-content\/uploads\/2025\/12\/Restrukturierungsstudie-2025-Einladung-zur-Teilnahme-29-768x240.png 768w, https:\/\/mf.ag\/wp-content\/uploads\/2025\/12\/Restrukturierungsstudie-2025-Einladung-zur-Teilnahme-29-1536x480.png 1536w, https:\/\/mf.ag\/wp-content\/uploads\/2025\/12\/Restrukturierungsstudie-2025-Einladung-zur-Teilnahme-29.png 1920w\" sizes=\"auto, (max-width: 1024px) 100vw, 1024px\" \/><\/figure>\n\n\n\n<h1 class=\"wp-block-heading\" id=\"h-nordische-region-executive-interim-leadership-auf-dem-vormarsch\"><strong>NORDISCHE REGION <span style=\"color: #9b2841;\" class=\"stk-highlight\">\/<\/span> Executive Interim Leadership auf dem Vormarsch<\/strong><\/h1>\n\n\n\n<p>Der Reifegrad des Executive-Interim-Management-Marktes variiert innerhalb der nordischen Region. Schweden bleibt klarer Vorreiter, w\u00e4hrend Finnland, D\u00e4nemark und Norwegen sich mit konstantem Tempo weiterentwickeln. Was einst als Nischenangebot begann, hat sich inzwischen zu einer anerkannten strategischen L\u00f6sung entwickelt \u2013 mit stabilen j\u00e4hrlichen Wachstumsraten von rund 10\u201315 %.<\/p>\n\n\n\n<p><strong>Schweden<\/strong><br>Ein gereifter und vertrauensw\u00fcrdiger Markt, in dem Aufsichtsr\u00e4te, Unternehmen und Private-Equity-Firmen auf Interim-Executives setzen \u2013 aufgrund ihrer Agilit\u00e4t, ihres spezialisierten Know-hows und ihres objektiven Blicks.<\/p>\n\n\n\n<p><strong>D\u00e4nemark<\/strong><br>Ein solide wachsender Markt, in dem zunehmende Internationalisierung den Bedarf an F\u00fchrungspers\u00f6nlichkeiten st\u00e4rkt, die globale Teams einen und leiten k\u00f6nnen.<\/p>\n\n\n\n<p><strong>Finnland<\/strong><br>Steigende Aufmerksamkeit, da sowohl multinationale Konzerne als auch zukunftsorientierte KMU Executive-Interim-L\u00f6sungen in ihre Leadership-Strategien integrieren.<\/p>\n\n\n\n<p><strong>Norwegen<\/strong><br>In einer stark spezialisierten Wirtschaftsstruktur spielen grenz\u00fcberschreitend t\u00e4tige Interim-Executives eine entscheidende Rolle bei der Bew\u00e4ltigung komplexer Transformationen und dem Vorantreiben von Ver\u00e4nderungsprozessen.<\/p>\n\n\n\n<p><em>\u201eDas Wachstum des schwedischen Marktes wird ma\u00dfgeblich von aktiven Eigent\u00fcmerinnen vorangetrieben, die mehr Flexibilit\u00e4t suchen. Gleichzeitig pr\u00fcfen immer mehr hochqualifizierte F\u00fchrungskr\u00e4fte und Expertinnen alternative Karrierewege als Executive Interim Manager:innen.\u201c<\/em><br><strong>\u2014 <a href=\"https:\/\/www.linkedin.com\/in\/cecilia-brinck-a058331\/\" target=\"_blank\" rel=\"noreferrer noopener\">Cecilia Brinck<\/a>, Managing Partner Sweden bei <a href=\"https:\/\/nordicinterim.com\/\">Nordic Interim<\/a><\/strong><\/p>\n\n\n\n<p><em>\u201eDie d\u00e4nische Unternehmenslandschaft befindet sich im Wandel \u2013 Unternehmen stehen vor neuen Anforderungen an Geschwindigkeit und Anpassungsf\u00e4higkeit. Interim Management bietet hier eine flexible L\u00f6sung, die dringende Herausforderungen mit erfahrenen F\u00fchrungskr\u00e4ften verbindet. So erhalten Unternehmen Zugang zu Executive-Talenten, die sofort Ergebnisse liefern und nachhaltige Wirkung erzielen.\u201c<\/em><br><strong>\u2014 <a href=\"https:\/\/www.linkedin.com\/in\/henrik-h%C3%B6jsgaard-49a574149\/\" target=\"_blank\" rel=\"noreferrer noopener\">Henrik H\u00f6jsgaard<\/a>, Managing Partner Denmark &amp; Partner Sweden bei Nordic Interim<\/strong><\/p>\n\n\n\n<div class=\"wp-block-media-text alignwide is-stacked-on-mobile is-vertically-aligned-center is-style-tw-overlap has-background tw-stack-md\" style=\"background-color:#ffffff\"><figure class=\"wp-block-media-text__media\"><img loading=\"lazy\" decoding=\"async\" width=\"1024\" height=\"1024\" src=\"https:\/\/mf.ag\/wp-content\/uploads\/2025\/11\/LinkedIn-Posts-Quadrat-Neu-35-1024x1024.png\" alt=\"\" class=\"wp-image-64159 size-full\" srcset=\"https:\/\/mf.ag\/wp-content\/uploads\/2025\/11\/LinkedIn-Posts-Quadrat-Neu-35-1024x1024.png 1024w, https:\/\/mf.ag\/wp-content\/uploads\/2025\/11\/LinkedIn-Posts-Quadrat-Neu-35-300x300.png 300w, https:\/\/mf.ag\/wp-content\/uploads\/2025\/11\/LinkedIn-Posts-Quadrat-Neu-35-250x250.png 250w, https:\/\/mf.ag\/wp-content\/uploads\/2025\/11\/LinkedIn-Posts-Quadrat-Neu-35-768x768.png 768w, https:\/\/mf.ag\/wp-content\/uploads\/2025\/11\/LinkedIn-Posts-Quadrat-Neu-35-24x24.png 24w, https:\/\/mf.ag\/wp-content\/uploads\/2025\/11\/LinkedIn-Posts-Quadrat-Neu-35-48x48.png 48w, https:\/\/mf.ag\/wp-content\/uploads\/2025\/11\/LinkedIn-Posts-Quadrat-Neu-35-96x96.png 96w, https:\/\/mf.ag\/wp-content\/uploads\/2025\/11\/LinkedIn-Posts-Quadrat-Neu-35-150x150.png 150w, https:\/\/mf.ag\/wp-content\/uploads\/2025\/11\/LinkedIn-Posts-Quadrat-Neu-35.png 1200w\" sizes=\"auto, (max-width: 1024px) 100vw, 1024px\" \/><\/figure><div class=\"wp-block-media-text__content\">\n<blockquote class=\"wp-block-quote is-style-tw-icon is-layout-flow wp-block-quote-is-layout-flow\">\n<p>Das Bewusstsein f\u00fcr Interim Management w\u00e4chst rasant. Immer mehr Aufsichtsr\u00e4te und Eigent\u00fcmer:innen erkennen die Vorteile von Interim-Executives als flexible, ergebnisorientierte L\u00f6sung f\u00fcr F\u00fchrungsherausforderungen. Besonders in Situationen wie Transformationen, Wachstumsinitiativen oder bei akutem F\u00fchrungsbedarf beweisen Interim-Manager:innen ihren Wert.<\/p>\n<\/blockquote>\n\n\n\n<p><strong>\u2014 <a href=\"https:\/\/www.linkedin.com\/in\/jan-l%C3%A5ngbacka\/\" target=\"_blank\" rel=\"noreferrer noopener\">Jan L\u00e5ngbacka<\/a>, Managing Partner bei Nordic Interim, Finnland<\/strong><\/p>\n<\/div><\/div>\n\n\n\n<p><strong><br><\/strong><em>\u201eNorwegen ist ein kleines Land mit hoch spezialisierten Branchen. Um den vielf\u00e4ltigen Bed\u00fcrfnissen der Kund:innen gerecht zu werden, ist grenz\u00fcberschreitende Zusammenarbeit unerl\u00e4sslich. Es ist ganz \u00fcblich, Executive Interim Manager:innen aus der gesamten nordischen Region einzusetzen.\u201c<\/em><br><strong>\u2014 <a href=\"https:\/\/www.linkedin.com\/in\/rolf-henrik-svendsen\/\">Rolf Henrik Svendsen<\/a>, Managing Partner bei <a href=\"https:\/\/inceptoexecutive.no\/en\/\" target=\"_blank\" rel=\"noreferrer noopener\">Incepto<\/a> Executive, Norwegen<\/strong><\/p>\n\n\n\n<h1 class=\"wp-block-heading\" id=\"h-mittel-und-osteuropa-ein-markt-auf-dem-weg-zur-professionalisierung\"><strong>MITTEL- UND OSTEUROPA <span style=\"color: #9b2841;\" class=\"stk-highlight\">\/<\/span> Ein Markt auf dem Weg zur Professionalisierung<\/strong><\/h1>\n\n\n\n<p>In Mittel- und Osteuropa f\u00fchrte der postkommunistische Wandel zu einem starken Bedarf an erfahrenen F\u00fchrungskr\u00e4ften, die wirtschaftliche Liberalisierung, Privatisierung und organisatorische Restrukturierung vorantreiben konnten. In den 1990er-Jahren reagierten multinationale Unternehmen h\u00e4ufig darauf, indem sie Manager:innen aus Westeuropa entsandten, um lokale Strukturen an internationale Standards anzugleichen. In den vergangenen Jahren jedoch haben sich Executive-Interim-Management-Unternehmen zunehmend fest in der Region etabliert.<\/p>\n\n\n\n<p>Heute werden Interim-Executives in den CEE-L\u00e4ndern immer st\u00e4rker eingesetzt, um Werksverlagerungen zu begleiten, Produktivit\u00e4t und operative Effizienz zu steigern, Nachhaltigkeitsstrategien umzusetzen sowie Fusionen und \u00dcbernahmen im Auftrag von Private-Equity-Investor:innen zu f\u00fchren.<\/p>\n\n\n\n<p><em>\u201eMit der Weiterentwicklung des Marktes steigt die Zahl grenz\u00fcberschreitender Executive-Interim-Management-Mandate. Um die vielf\u00e4ltigen Gesch\u00e4ftsumfelder der verschiedenen L\u00e4nder in der CEE-Region besser zu navigieren, investieren Interim-Executives zunehmend in interkulturelle Weiterbildung.\u201c<\/em><br><strong>\u2014 <a href=\"https:\/\/www.linkedin.com\/in\/bohuslav-lipovsky-interim\/\" target=\"_blank\" rel=\"noreferrer noopener\">Bohuslav Lipovsky<\/a>, Co-founder &amp; Managing Partner bei <a href=\"https:\/\/ceinterim.com\/\" target=\"_blank\" rel=\"noreferrer noopener\">CE Interim<\/a>, Slowakei<\/strong><\/p>\n\n\n\n<p><strong>Der Industriesektor als Treiber der Marktdynamik in Polen:<\/strong><\/p>\n\n\n\n<figure class=\"wp-block-image size-large\"><img loading=\"lazy\" decoding=\"async\" width=\"1024\" height=\"320\" src=\"https:\/\/mf.ag\/wp-content\/uploads\/2025\/11\/Restrukturierungsstudie-2025-Einladung-zur-Teilnahme-21-1024x320.png\" alt=\"\" class=\"wp-image-64495\" srcset=\"https:\/\/mf.ag\/wp-content\/uploads\/2025\/11\/Restrukturierungsstudie-2025-Einladung-zur-Teilnahme-21-1024x320.png 1024w, https:\/\/mf.ag\/wp-content\/uploads\/2025\/11\/Restrukturierungsstudie-2025-Einladung-zur-Teilnahme-21-300x94.png 300w, https:\/\/mf.ag\/wp-content\/uploads\/2025\/11\/Restrukturierungsstudie-2025-Einladung-zur-Teilnahme-21-768x240.png 768w, https:\/\/mf.ag\/wp-content\/uploads\/2025\/11\/Restrukturierungsstudie-2025-Einladung-zur-Teilnahme-21-1536x480.png 1536w, https:\/\/mf.ag\/wp-content\/uploads\/2025\/11\/Restrukturierungsstudie-2025-Einladung-zur-Teilnahme-21.png 1920w\" sizes=\"auto, (max-width: 1024px) 100vw, 1024px\" \/><\/figure>\n\n\n\n<h1 class=\"wp-block-heading\" id=\"h-italien-und-spanien-wachsende-bekanntheit\"><strong>ITALIEN UND SPANIEN <span style=\"color: #9b2841;\" class=\"stk-highlight\">\/<\/span> Wachsende Bekanntheit<\/strong><\/h1>\n\n\n\n<p>In Italien und Spanien machen sich viele Unternehmen noch mit dem Konzept des Executive Interim Management vertraut \u2013 Aufkl\u00e4rungsarbeit bleibt daher eine zentrale Aufgabe. Derzeit ist die Nachfrage besonders stark bei kleinen und mittelst\u00e4ndischen Unternehmen sowie familiengef\u00fchrten Betrieben, wobei der Industriesektor eine Vorreiterrolle bei der Einf\u00fchrung von Interim-Leadership-L\u00f6sungen einnimmt.<\/p>\n\n\n\n<p>Mandate in Italien und Spanien dauern in der Regel deutlich l\u00e4nger als der europ\u00e4ische Durchschnitt von 11,5 Monaten, und nahezu die H\u00e4lfte wird in Teilzeit besetzt. In beiden L\u00e4ndern dominieren weiterhin Funktionen im General Management, die mehr als 30 % aller Interim-Mandate ausmachen.<\/p>\n\n\n\n<p>Mit der zunehmenden <a href=\"https:\/\/mf.ag\/de\/transaktionsberatung\/\">M&amp;A-Aktivit\u00e4t<\/a> im Mid-Market-Bereich privater Beteiligungsunternehmen \u2013 h\u00e4ufig fokussiert auf leistungsschw\u00e4chere, aber operativ solide Unternehmen \u2013 w\u00e4chst der Bedarf an erfahrenen Integrations-Manager:innen rasant. Ihre Expertise wird zunehmend entscheidend, um eine erfolgreiche Umsetzung und Wertrealisierung dieser Transaktionen sicherzustellen.<\/p>\n\n\n\n<div class=\"wp-block-media-text alignwide is-stacked-on-mobile is-vertically-aligned-center is-style-tw-overlap has-background tw-stack-md\" style=\"background-color:#ffffff\"><figure class=\"wp-block-media-text__media\"><img loading=\"lazy\" decoding=\"async\" width=\"1024\" height=\"1024\" src=\"https:\/\/mf.ag\/wp-content\/uploads\/2025\/11\/LinkedIn-Posts-Quadrat-Neu-33-1024x1024.png\" alt=\"\" class=\"wp-image-64149 size-full\" srcset=\"https:\/\/mf.ag\/wp-content\/uploads\/2025\/11\/LinkedIn-Posts-Quadrat-Neu-33-1024x1024.png 1024w, https:\/\/mf.ag\/wp-content\/uploads\/2025\/11\/LinkedIn-Posts-Quadrat-Neu-33-300x300.png 300w, https:\/\/mf.ag\/wp-content\/uploads\/2025\/11\/LinkedIn-Posts-Quadrat-Neu-33-250x250.png 250w, https:\/\/mf.ag\/wp-content\/uploads\/2025\/11\/LinkedIn-Posts-Quadrat-Neu-33-768x768.png 768w, https:\/\/mf.ag\/wp-content\/uploads\/2025\/11\/LinkedIn-Posts-Quadrat-Neu-33-24x24.png 24w, https:\/\/mf.ag\/wp-content\/uploads\/2025\/11\/LinkedIn-Posts-Quadrat-Neu-33-48x48.png 48w, https:\/\/mf.ag\/wp-content\/uploads\/2025\/11\/LinkedIn-Posts-Quadrat-Neu-33-96x96.png 96w, https:\/\/mf.ag\/wp-content\/uploads\/2025\/11\/LinkedIn-Posts-Quadrat-Neu-33-150x150.png 150w, https:\/\/mf.ag\/wp-content\/uploads\/2025\/11\/LinkedIn-Posts-Quadrat-Neu-33.png 1200w\" sizes=\"auto, (max-width: 1024px) 100vw, 1024px\" \/><\/figure><div class=\"wp-block-media-text__content\">\n<blockquote class=\"wp-block-quote is-style-tw-icon is-layout-flow wp-block-quote-is-layout-flow\">\n<p>Aufgrund der generell kleineren Unternehmensgr\u00f6\u00dfen in Italien und kultureller Faktoren \u2013 viele KMU werden direkt von ihren Unternehmer:innen gef\u00fchrt \u2013 ist der italienische Interim-Management-Markt weiterhin unterentwickelt. \u00dcber 87 % der Unternehmen kennen diese M\u00f6glichkeit nicht. Von einem gesch\u00e4tzten Marktvolumen von rund 150 Millionen Euro werden etwa 25 % von gr\u00f6\u00dferen Anbieter:innen abgedeckt.<\/p>\n<\/blockquote>\n\n\n\n<p><strong>\u2014 <a href=\"https:\/\/www.linkedin.com\/in\/robertolacaria\/\" target=\"_blank\" rel=\"noreferrer noopener\">Roberto La Caria<\/a>, Managing Partner bei <a href=\"https:\/\/www.temporarymanager.info\/\">STM<\/a>, Italien<\/strong><\/p>\n<\/div><\/div>\n\n\n\n<p><em><br>\u201eRestrukturierung ist eine hochspezialisierte Nische, die tiefgehende operative, finanzielle und regulatorische Expertise erfordert \u2013 sowie die F\u00e4higkeit, komplexe, langfristige Eins\u00e4tze zu steuern. Typische Restrukturierungsmandate dauern rund 18 Monate in Vollzeit und spiegeln die Vielschichtigkeit von Turnaround-Prozessen wider \u2013 von Korrekturma\u00dfnahmen bis zur regulatorischen Anpassung unter hohem Druck.\u201c<\/em><br><strong>\u2014 <a href=\"https:\/\/www.linkedin.com\/in\/maurizio-ria-547227\/\" target=\"_blank\" rel=\"noreferrer noopener\">Maurizio Ria<\/a>, Managing Partner bei <a href=\"https:\/\/dukekay.com\/en\/home-2\/\" target=\"_blank\" rel=\"noreferrer noopener\">Duke &amp; Kay<\/a>, Italien<\/strong><\/p>\n\n\n\n<p><em>\u201eIn Spanien sind jene Unternehmen am erfolgreichsten, die globale strategische Trends nutzen, um ihre Herausforderungen zu bew\u00e4ltigen \u2013 eine der kritischsten davon ist die Gewinnung von Spitzenf\u00fchrungskr\u00e4ften. Interim-Management-Dienstleistungen entwickeln sich zu einem zentralen Instrument und verschaffen Unternehmen den Wettbewerbsvorteil, ihre Leadership zu st\u00e4rken und nachhaltiges Wachstum voranzutreiben.\u201c<\/em><br><strong>\u2014 <a href=\"https:\/\/www.linkedin.com\/in\/emiliodelprado\/\" target=\"_blank\" rel=\"noreferrer noopener\">Emilio del Prado<\/a>, CEO bei <a href=\"https:\/\/epunto.es\/\" target=\"_blank\" rel=\"noreferrer noopener\">EPUNTO Interim Management<\/a>, Spanien<\/strong><br><\/p>\n\n\n\n<div class=\"wp-block-buttons is-vertical is-content-justification-center is-layout-flex wp-container-core-buttons-is-layout-734eb2c2 wp-block-buttons-is-layout-flex\">\n<div class=\"wp-block-button has-custom-width wp-block-button__width-75 button-arrow\"><a class=\"wp-block-button__link has-contrast-color has-base-background-color has-text-color has-background has-link-color wp-element-button\" href=\"https:\/\/www.valtus.de\/2025\/10\/20\/valtus-alliance-whitepaper-der-erste-leitfaden-fuer-executive-interim-management-weltweit\/\" style=\"border-style:none;border-width:0px;padding-top:var(--wp--preset--spacing--40);padding-bottom:var(--wp--preset--spacing--40)\">Das Whitepaper zum Download finden Sie hier: Valtus Alliance Whitepaper: Der erste globale \u00dcberblick zu Executive Interim Management &#8211; Valtus&nbsp;<i class=\"fas fa-arrow-right\"><\/i><\/a><\/div>\n\n\n\n<div class=\"wp-block-button has-custom-width wp-block-button__width-75 button-arrow\"><a class=\"wp-block-button__link has-contrast-color has-base-background-color has-text-color has-background has-link-color wp-element-button\" href=\"https:\/\/mf.ag\/de\/executive-interim-management-in-amerika\/\" style=\"border-style:none;border-width:0px;padding-top:var(--wp--preset--spacing--40);padding-bottom:var(--wp--preset--spacing--40)\">Executive Interim Management in Amerika<i class=\"fas fa-arrow-right\"><\/i><\/a><\/div>\n\n\n\n<div class=\"wp-block-button has-custom-width wp-block-button__width-75 button-arrow\"><a class=\"wp-block-button__link has-contrast-color has-base-background-color has-text-color has-background has-link-color wp-element-button\" href=\"https:\/\/mf.ag\/de\/executive-interim-management-apac-und-im-nahen-osten\/\" style=\"border-style:none;border-width:0px;padding-top:var(--wp--preset--spacing--40);padding-bottom:var(--wp--preset--spacing--40)\">Executive Interim Management APAC und im Nahen Osten<i class=\"fas fa-arrow-right\"><\/i><\/a><\/div>\n<\/div>\n\n\n\n<p>\u00a9 2025 Valtus. Alle Rechte vorbehalten<br><br><br><br><br><strong><br><\/strong><br><\/p>\n\n\n\n<p><br><br><strong><br><\/strong><br><\/p>\n","protected":false},"excerpt":{"rendered":"<p>Europa: Der Eckpfeiler der globalen Interim-Leadership Europa bleibt der Eckpfeiler der weltweiten Executive Interim Management Branche und steht f\u00fcr einen Marktwert von \u00fcber 2,8 Milliarden Euro. Auf dem gesamten Kontinent nutzen Unternehmen Interim-F\u00fchrungskr\u00e4fte nicht als Notl\u00f6sung, sondern als strategischen Hebel \u2013 um Transformation zu beschleunigen, Kontinuit\u00e4t zu sichern und messbare Ergebnisse zu erzielen. Von etablierten [&hellip;]<\/p>\n","protected":false},"author":41,"featured_media":65218,"parent":0,"menu_order":0,"comment_status":"closed","ping_status":"closed","template":"","meta":{"inline_featured_image":false,"footnotes":""},"class_list":["post-64442","page","type-page","status-publish","has-post-thumbnail","hentry"],"featured_image_urls_v2":{"full":["https:\/\/mf.ag\/wp-content\/uploads\/2026\/01\/Website-Bilder-Neu-2026-01-26T140017.710.png",1920,1080,false],"thumbnail":["https:\/\/mf.ag\/wp-content\/uploads\/2026\/01\/Website-Bilder-Neu-2026-01-26T140017.710-250x250.png",250,250,true],"medium":["https:\/\/mf.ag\/wp-content\/uploads\/2026\/01\/Website-Bilder-Neu-2026-01-26T140017.710-300x169.png",300,169,true],"medium_large":["https:\/\/mf.ag\/wp-content\/uploads\/2026\/01\/Website-Bilder-Neu-2026-01-26T140017.710-768x432.png",768,432,true],"large":["https:\/\/mf.ag\/wp-content\/uploads\/2026\/01\/Website-Bilder-Neu-2026-01-26T140017.710-1024x576.png",1024,576,true],"1536x1536":["https:\/\/mf.ag\/wp-content\/uploads\/2026\/01\/Website-Bilder-Neu-2026-01-26T140017.710-1536x864.png",1536,864,true],"2048x2048":["https:\/\/mf.ag\/wp-content\/uploads\/2026\/01\/Website-Bilder-Neu-2026-01-26T140017.710.png",1920,1080,false],"gform-image-choice-sm":["https:\/\/mf.ag\/wp-content\/uploads\/2026\/01\/Website-Bilder-Neu-2026-01-26T140017.710.png",300,169,false],"gform-image-choice-md":["https:\/\/mf.ag\/wp-content\/uploads\/2026\/01\/Website-Bilder-Neu-2026-01-26T140017.710.png",400,225,false],"gform-image-choice-lg":["https:\/\/mf.ag\/wp-content\/uploads\/2026\/01\/Website-Bilder-Neu-2026-01-26T140017.710.png",600,338,false],"profile_24":["https:\/\/mf.ag\/wp-content\/uploads\/2026\/01\/Website-Bilder-Neu-2026-01-26T140017.710-24x24.png",24,24,true],"profile_48":["https:\/\/mf.ag\/wp-content\/uploads\/2026\/01\/Website-Bilder-Neu-2026-01-26T140017.710-48x48.png",48,48,true],"profile_96":["https:\/\/mf.ag\/wp-content\/uploads\/2026\/01\/Website-Bilder-Neu-2026-01-26T140017.710-96x96.png",96,96,true],"profile_150":["https:\/\/mf.ag\/wp-content\/uploads\/2026\/01\/Website-Bilder-Neu-2026-01-26T140017.710-150x150.png",150,150,true],"profile_300":["https:\/\/mf.ag\/wp-content\/uploads\/2026\/01\/Website-Bilder-Neu-2026-01-26T140017.710-300x300.png",300,300,true]},"post_excerpt_stackable_v2":"<p>Europa: Der Eckpfeiler der globalen Interim-Leadership Europa bleibt der Eckpfeiler der weltweiten Executive Interim Management Branche und steht f\u00fcr einen Marktwert von \u00fcber 2,8 Milliarden Euro. Auf dem gesamten Kontinent nutzen Unternehmen Interim-F\u00fchrungskr\u00e4fte nicht als Notl\u00f6sung, sondern als strategischen Hebel \u2013 um Transformation zu beschleunigen, Kontinuit\u00e4t zu sichern und messbare Ergebnisse zu erzielen. In diesem Umfeld steht die Valtus Alliance im Zentrum des europ\u00e4ischen Leadership-\u00d6kosystems: Sie verbindet erstklassige Interim-Executives in nahezu 30 L\u00e4ndern und setzt Ma\u00dfst\u00e4be f\u00fcr Exzellenz und Wirkung. Von etablierten Zentren wie Frankreich und dem Vereinigten K\u00f6nigreich bis hin zu dynamisch wachsenden M\u00e4rkten in Mittel- und Osteuropa \u00fcbernehmen&hellip;<\/p>\n","category_list_v2":"","author_info_v2":{"name":"Henriette Guttenbrunner","url":"https:\/\/mf.ag\/de\/author\/henriette\/"},"comments_num_v2":"0 comments","yoast_head":"<!-- This site is optimized with the Yoast SEO Premium plugin v25.8 (Yoast SEO v27.5) - https:\/\/yoast.com\/product\/yoast-seo-premium-wordpress\/ -->\n<title>Executive Interim Management in Europa &#187; Management Factory<\/title>\n<meta name=\"description\" content=\"Europa ist mit \u00fcber 2,8 Mrd. \u20ac Marktvolumen der Eckpfeiler des globalen Interim Managements und wird strategisch und global eingesetzt.\" \/>\n<meta name=\"robots\" content=\"index, follow, max-snippet:-1, max-image-preview:large, max-video-preview:-1\" \/>\n<link rel=\"canonical\" href=\"https:\/\/mf.ag\/de\/executive-interim-management-in-europa\/\" \/>\n<meta property=\"og:locale\" content=\"de_DE\" \/>\n<meta property=\"og:type\" content=\"article\" \/>\n<meta property=\"og:title\" content=\"Executive Interim Management in Europa\" \/>\n<meta property=\"og:description\" content=\"Europa ist mit \u00fcber 2,8 Mrd. \u20ac Marktvolumen der Eckpfeiler des globalen Interim Managements und wird strategisch und global eingesetzt.\" \/>\n<meta property=\"og:url\" content=\"https:\/\/mf.ag\/de\/executive-interim-management-in-europa\/\" \/>\n<meta property=\"og:site_name\" content=\"Management Factory\" \/>\n<meta property=\"article:modified_time\" content=\"2026-01-30T09:44:51+00:00\" \/>\n<meta property=\"og:image\" content=\"https:\/\/mf.ag\/wp-content\/uploads\/2026\/01\/Website-Bilder-Neu-2026-01-26T140017.710-1024x576.png\" \/>\n\t<meta property=\"og:image:width\" content=\"1024\" \/>\n\t<meta property=\"og:image:height\" content=\"576\" \/>\n\t<meta property=\"og:image:type\" content=\"image\/png\" \/>\n<meta name=\"twitter:card\" content=\"summary_large_image\" \/>\n<meta name=\"twitter:label1\" content=\"Gesch\u00e4tzte Lesezeit\" \/>\n\t<meta name=\"twitter:data1\" content=\"11\u00a0Minuten\" \/>\n<script type=\"application\/ld+json\" class=\"yoast-schema-graph\">{\"@context\":\"https:\\\/\\\/schema.org\",\"@graph\":[{\"@type\":\"WebPage\",\"@id\":\"https:\\\/\\\/mf.ag\\\/de\\\/executive-interim-management-in-europa\\\/\",\"url\":\"https:\\\/\\\/mf.ag\\\/de\\\/executive-interim-management-in-europa\\\/\",\"name\":\"Executive Interim Management in Europa &#187; Management Factory\",\"isPartOf\":{\"@id\":\"https:\\\/\\\/mf.ag\\\/de\\\/#website\"},\"primaryImageOfPage\":{\"@id\":\"https:\\\/\\\/mf.ag\\\/de\\\/executive-interim-management-in-europa\\\/#primaryimage\"},\"image\":{\"@id\":\"https:\\\/\\\/mf.ag\\\/de\\\/executive-interim-management-in-europa\\\/#primaryimage\"},\"thumbnailUrl\":\"https:\\\/\\\/mf.ag\\\/wp-content\\\/uploads\\\/2026\\\/01\\\/Website-Bilder-Neu-2026-01-26T140017.710.png\",\"datePublished\":\"2025-11-12T12:48:46+00:00\",\"dateModified\":\"2026-01-30T09:44:51+00:00\",\"description\":\"Europa ist mit \u00fcber 2,8 Mrd. \u20ac Marktvolumen der Eckpfeiler des globalen Interim Managements und wird strategisch und global eingesetzt.\",\"breadcrumb\":{\"@id\":\"https:\\\/\\\/mf.ag\\\/de\\\/executive-interim-management-in-europa\\\/#breadcrumb\"},\"inLanguage\":\"de\",\"potentialAction\":[{\"@type\":\"ReadAction\",\"target\":[\"https:\\\/\\\/mf.ag\\\/de\\\/executive-interim-management-in-europa\\\/\"]}]},{\"@type\":\"ImageObject\",\"inLanguage\":\"de\",\"@id\":\"https:\\\/\\\/mf.ag\\\/de\\\/executive-interim-management-in-europa\\\/#primaryimage\",\"url\":\"https:\\\/\\\/mf.ag\\\/wp-content\\\/uploads\\\/2026\\\/01\\\/Website-Bilder-Neu-2026-01-26T140017.710.png\",\"contentUrl\":\"https:\\\/\\\/mf.ag\\\/wp-content\\\/uploads\\\/2026\\\/01\\\/Website-Bilder-Neu-2026-01-26T140017.710.png\",\"width\":1920,\"height\":1080},{\"@type\":\"BreadcrumbList\",\"@id\":\"https:\\\/\\\/mf.ag\\\/de\\\/executive-interim-management-in-europa\\\/#breadcrumb\",\"itemListElement\":[{\"@type\":\"ListItem\",\"position\":1,\"name\":\"Home\",\"item\":\"https:\\\/\\\/mf.ag\\\/de\\\/\"},{\"@type\":\"ListItem\",\"position\":2,\"name\":\"Executive Interim Management in Europa\"}]},{\"@type\":\"WebSite\",\"@id\":\"https:\\\/\\\/mf.ag\\\/de\\\/#website\",\"url\":\"https:\\\/\\\/mf.ag\\\/de\\\/\",\"name\":\"Management Factory\",\"description\":\"Mit Executive Interim Management und Financial Advisory das Gesch\u00e4ft voranbringen\",\"publisher\":{\"@id\":\"https:\\\/\\\/mf.ag\\\/de\\\/#organization\"},\"potentialAction\":[{\"@type\":\"SearchAction\",\"target\":{\"@type\":\"EntryPoint\",\"urlTemplate\":\"https:\\\/\\\/mf.ag\\\/de\\\/?s={search_term_string}\"},\"query-input\":{\"@type\":\"PropertyValueSpecification\",\"valueRequired\":true,\"valueName\":\"search_term_string\"}}],\"inLanguage\":\"de\"},{\"@type\":\"Organization\",\"@id\":\"https:\\\/\\\/mf.ag\\\/de\\\/#organization\",\"name\":\"Management Factory\",\"url\":\"https:\\\/\\\/mf.ag\\\/de\\\/\",\"logo\":{\"@type\":\"ImageObject\",\"inLanguage\":\"de\",\"@id\":\"https:\\\/\\\/mf.ag\\\/de\\\/#\\\/schema\\\/logo\\\/image\\\/\",\"url\":\"\",\"contentUrl\":\"\",\"caption\":\"Management Factory\"},\"image\":{\"@id\":\"https:\\\/\\\/mf.ag\\\/de\\\/#\\\/schema\\\/logo\\\/image\\\/\"}}]}<\/script>\n<!-- \/ Yoast SEO Premium plugin. -->","yoast_head_json":{"title":"Executive Interim Management in Europa &#187; Management Factory","description":"Europa ist mit \u00fcber 2,8 Mrd. \u20ac Marktvolumen der Eckpfeiler des globalen Interim Managements und wird strategisch und global eingesetzt.","robots":{"index":"index","follow":"follow","max-snippet":"max-snippet:-1","max-image-preview":"max-image-preview:large","max-video-preview":"max-video-preview:-1"},"canonical":"https:\/\/mf.ag\/de\/executive-interim-management-in-europa\/","og_locale":"de_DE","og_type":"article","og_title":"Executive Interim Management in Europa","og_description":"Europa ist mit \u00fcber 2,8 Mrd. \u20ac Marktvolumen der Eckpfeiler des globalen Interim Managements und wird strategisch und global eingesetzt.","og_url":"https:\/\/mf.ag\/de\/executive-interim-management-in-europa\/","og_site_name":"Management Factory","article_modified_time":"2026-01-30T09:44:51+00:00","og_image":[{"width":1024,"height":576,"url":"https:\/\/mf.ag\/wp-content\/uploads\/2026\/01\/Website-Bilder-Neu-2026-01-26T140017.710-1024x576.png","type":"image\/png"}],"twitter_card":"summary_large_image","twitter_misc":{"Gesch\u00e4tzte Lesezeit":"11\u00a0Minuten"},"schema":{"@context":"https:\/\/schema.org","@graph":[{"@type":"WebPage","@id":"https:\/\/mf.ag\/de\/executive-interim-management-in-europa\/","url":"https:\/\/mf.ag\/de\/executive-interim-management-in-europa\/","name":"Executive Interim Management in Europa &#187; Management Factory","isPartOf":{"@id":"https:\/\/mf.ag\/de\/#website"},"primaryImageOfPage":{"@id":"https:\/\/mf.ag\/de\/executive-interim-management-in-europa\/#primaryimage"},"image":{"@id":"https:\/\/mf.ag\/de\/executive-interim-management-in-europa\/#primaryimage"},"thumbnailUrl":"https:\/\/mf.ag\/wp-content\/uploads\/2026\/01\/Website-Bilder-Neu-2026-01-26T140017.710.png","datePublished":"2025-11-12T12:48:46+00:00","dateModified":"2026-01-30T09:44:51+00:00","description":"Europa ist mit \u00fcber 2,8 Mrd. \u20ac Marktvolumen der Eckpfeiler des globalen Interim Managements und wird strategisch und global eingesetzt.","breadcrumb":{"@id":"https:\/\/mf.ag\/de\/executive-interim-management-in-europa\/#breadcrumb"},"inLanguage":"de","potentialAction":[{"@type":"ReadAction","target":["https:\/\/mf.ag\/de\/executive-interim-management-in-europa\/"]}]},{"@type":"ImageObject","inLanguage":"de","@id":"https:\/\/mf.ag\/de\/executive-interim-management-in-europa\/#primaryimage","url":"https:\/\/mf.ag\/wp-content\/uploads\/2026\/01\/Website-Bilder-Neu-2026-01-26T140017.710.png","contentUrl":"https:\/\/mf.ag\/wp-content\/uploads\/2026\/01\/Website-Bilder-Neu-2026-01-26T140017.710.png","width":1920,"height":1080},{"@type":"BreadcrumbList","@id":"https:\/\/mf.ag\/de\/executive-interim-management-in-europa\/#breadcrumb","itemListElement":[{"@type":"ListItem","position":1,"name":"Home","item":"https:\/\/mf.ag\/de\/"},{"@type":"ListItem","position":2,"name":"Executive Interim Management in Europa"}]},{"@type":"WebSite","@id":"https:\/\/mf.ag\/de\/#website","url":"https:\/\/mf.ag\/de\/","name":"Management Factory","description":"Mit Executive Interim Management und Financial Advisory das Gesch\u00e4ft voranbringen","publisher":{"@id":"https:\/\/mf.ag\/de\/#organization"},"potentialAction":[{"@type":"SearchAction","target":{"@type":"EntryPoint","urlTemplate":"https:\/\/mf.ag\/de\/?s={search_term_string}"},"query-input":{"@type":"PropertyValueSpecification","valueRequired":true,"valueName":"search_term_string"}}],"inLanguage":"de"},{"@type":"Organization","@id":"https:\/\/mf.ag\/de\/#organization","name":"Management Factory","url":"https:\/\/mf.ag\/de\/","logo":{"@type":"ImageObject","inLanguage":"de","@id":"https:\/\/mf.ag\/de\/#\/schema\/logo\/image\/","url":"","contentUrl":"","caption":"Management Factory"},"image":{"@id":"https:\/\/mf.ag\/de\/#\/schema\/logo\/image\/"}}]}},"_links":{"self":[{"href":"https:\/\/mf.ag\/de\/wp-json\/wp\/v2\/pages\/64442","targetHints":{"allow":["GET"]}}],"collection":[{"href":"https:\/\/mf.ag\/de\/wp-json\/wp\/v2\/pages"}],"about":[{"href":"https:\/\/mf.ag\/de\/wp-json\/wp\/v2\/types\/page"}],"author":[{"embeddable":true,"href":"https:\/\/mf.ag\/de\/wp-json\/wp\/v2\/users\/41"}],"replies":[{"embeddable":true,"href":"https:\/\/mf.ag\/de\/wp-json\/wp\/v2\/comments?post=64442"}],"version-history":[{"count":13,"href":"https:\/\/mf.ag\/de\/wp-json\/wp\/v2\/pages\/64442\/revisions"}],"predecessor-version":[{"id":65223,"href":"https:\/\/mf.ag\/de\/wp-json\/wp\/v2\/pages\/64442\/revisions\/65223"}],"wp:featuredmedia":[{"embeddable":true,"href":"https:\/\/mf.ag\/de\/wp-json\/wp\/v2\/media\/65218"}],"wp:attachment":[{"href":"https:\/\/mf.ag\/de\/wp-json\/wp\/v2\/media?parent=64442"}],"curies":[{"name":"wp","href":"https:\/\/api.w.org\/{rel}","templated":true}]}}