{"id":52753,"date":"2023-08-16T15:14:00","date_gmt":"2023-08-16T13:14:00","guid":{"rendered":"https:\/\/mf.ag\/?page_id=52753"},"modified":"2025-11-04T21:30:54","modified_gmt":"2025-11-04T20:30:54","slug":"interim-management","status":"publish","type":"page","link":"https:\/\/mf.ag\/de\/interim-management\/","title":{"rendered":"Interim Management"},"content":{"rendered":"\n<div class=\"wp-block-group alignfull has-background has-global-padding is-layout-constrained wp-container-core-group-is-layout-07bad20b wp-block-group-is-layout-constrained\" style=\"background-color:#ffffff;margin-top:0;padding-top:var(--wp--preset--spacing--50);padding-right:var(--wp--preset--spacing--40);padding-bottom:var(--wp--preset--spacing--50);padding-left:var(--wp--preset--spacing--40)\">\n<div class=\"wp-block-media-text alignwide is-stacked-on-mobile is-vertically-aligned-center tw-stack-md\" style=\"margin-top:0;margin-bottom:0\"><figure class=\"wp-block-media-text__media\"><img loading=\"lazy\" decoding=\"async\" width=\"1024\" height=\"643\" src=\"https:\/\/mf.ag\/wp-content\/uploads\/2025\/09\/6-circles-DE-INTERIM-1024x643.png\" alt=\"\" class=\"wp-image-62767 size-full\" srcset=\"https:\/\/mf.ag\/wp-content\/uploads\/2025\/09\/6-circles-DE-INTERIM-1024x643.png 1024w, https:\/\/mf.ag\/wp-content\/uploads\/2025\/09\/6-circles-DE-INTERIM-300x188.png 300w, https:\/\/mf.ag\/wp-content\/uploads\/2025\/09\/6-circles-DE-INTERIM-768x482.png 768w, https:\/\/mf.ag\/wp-content\/uploads\/2025\/09\/6-circles-DE-INTERIM-1536x965.png 1536w, https:\/\/mf.ag\/wp-content\/uploads\/2025\/09\/6-circles-DE-INTERIM.png 2000w\" sizes=\"auto, (max-width: 1024px) 100vw, 1024px\" \/><\/figure><div class=\"wp-block-media-text__content\">\n<h2 class=\"wp-block-heading has-h-2-font-size\" id=\"h-was-ist-interim-management\"><meta charset=\"utf-8\"><strong><meta charset=\"utf-8\"><strong><meta charset=\"utf-8\"><\/strong><\/strong>Was ist Interim Management?<\/h2>\n\n\n\n<p>Ein:e Interim Manager:in ist eine erfahrene F\u00fchrungspers\u00f6nlichkeit, die sich auf Ergebnisse konzentriert. Wenn einer Organisation w\u00e4hrend eines Projekts, einer Ver\u00e4nderung, einer speziellen kritischen Herausforderung oder einer Vakanz eine Ressource oder die richtige Kompetenz fehlt, ist Interim Management eine sichere, schnelle und kosteng\u00fcnstige L\u00f6sung. Ein Interimsmanager wird f\u00fcr einen begrenzten Zeitraum eingestellt und kommt sehr kurzfristig in Ihr Unternehmen. Auf diese Weise erhalten Sie Zugang zu einer sehr erfahrenen und praxisnahen F\u00fchrungskraft oder einem funktionalen Spezialisten.<\/p>\n<\/div><\/div>\n<\/div>\n\n\n\n<div class=\"wp-block-group alignfull has-tertiary-background-color has-background has-global-padding is-layout-constrained wp-container-core-group-is-layout-ca038469 wp-block-group-is-layout-constrained\" style=\"margin-top:0;margin-bottom:0;padding-top:var(--wp--preset--spacing--50);padding-right:var(--wp--preset--spacing--40);padding-bottom:var(--wp--preset--spacing--50);padding-left:var(--wp--preset--spacing--40)\">\n<div class=\"wp-block-media-text alignwide is-stacked-on-mobile is-vertically-aligned-center is-style-tw-overlap has-background tw-stack-md\" style=\"background-color:#ffffff\"><figure class=\"wp-block-media-text__media\"><img loading=\"lazy\" decoding=\"async\" width=\"1024\" height=\"683\" src=\"https:\/\/mf.ag\/wp-content\/uploads\/2023\/11\/ManagementFactory_c_David_Bohmann_029-1024x683.jpg\" alt=\"\" class=\"wp-image-54393 size-full\" srcset=\"https:\/\/mf.ag\/wp-content\/uploads\/2023\/11\/ManagementFactory_c_David_Bohmann_029-1024x683.jpg 1024w, https:\/\/mf.ag\/wp-content\/uploads\/2023\/11\/ManagementFactory_c_David_Bohmann_029-300x200.jpg 300w, https:\/\/mf.ag\/wp-content\/uploads\/2023\/11\/ManagementFactory_c_David_Bohmann_029-768x512.jpg 768w, https:\/\/mf.ag\/wp-content\/uploads\/2023\/11\/ManagementFactory_c_David_Bohmann_029-1536x1024.jpg 1536w, https:\/\/mf.ag\/wp-content\/uploads\/2023\/11\/ManagementFactory_c_David_Bohmann_029.jpg 2048w\" sizes=\"auto, (max-width: 1024px) 100vw, 1024px\" \/><\/figure><div class=\"wp-block-media-text__content\">\n<blockquote class=\"wp-block-quote is-style-tw-icon is-layout-flow wp-block-quote-is-layout-flow\">\n<p>Der Schwerpunkt liegt auf der Schaffung von Verbesserungen und der F\u00f6rderung von Ver\u00e4nderungen.<\/p>\n<\/blockquote>\n<\/div><\/div>\n\n\n\n<div class=\"wp-block-group alignwide has-global-padding is-layout-constrained wp-container-core-group-is-layout-e902eed4 wp-block-group-is-layout-constrained\" style=\"border-style:dotted;border-width:1px;margin-top:40px;margin-bottom:40px;padding-top:14px;padding-right:var(--wp--preset--spacing--30);padding-bottom:15px;padding-left:var(--wp--preset--spacing--30)\">\n<div class=\"wp-block-group alignwide is-content-justification-center is-layout-flex wp-container-core-group-is-layout-b02886af wp-block-group-is-layout-flex\">\n<h6 class=\"wp-block-heading\" id=\"h-lassen-sie-uns-wissen-was-ihre-herausforderung-in-ihrem-business-sind\">Lassen Sie uns wissen, was Ihre Herausforderung in Ihrem Business sind!<\/h6>\n\n\n\n<div class=\"wp-block-buttons is-nowrap is-layout-flex wp-container-core-buttons-is-layout-6c531013 wp-block-buttons-is-layout-flex\">\n<div class=\"wp-block-button\"><a class=\"wp-block-button__link has-white-color has-vivid-red-background-color has-text-color has-background wp-element-button\" href=\"https:\/\/mf.ag\/de\/kontakt\/\"><i class=\"fas fa-arrow-right\"><\/i>Loslegen<\/a><\/div>\n<\/div>\n<\/div>\n<\/div>\n\n\n\n<h2 class=\"wp-block-heading\" id=\"h-ein-interim-manager-treibt-den-wandel-voran-oder-fullt-eine-freie-stelle\"><meta charset=\"utf-8\">Ein Interim Manager treibt den Wandel voran oder f\u00fcllt eine freie Stelle<\/h2>\n\n\n\n<p>Ein Interim-Manager verf\u00fcgt \u00fcber eine langj\u00e4hrige Erfahrung in der F\u00fchrung und im Vorantreiben von Ver\u00e4nderungen in einem komplexen Umfeld. Er\/sie kommt aus der Privatwirtschaft oder dem \u00f6ffentlichen Sektor und hat sich dazu entschlossen, aus einer Festanstellung auszusteigen und zeitlich begrenzte Aufgaben zu \u00fcbernehmen, um seine Erfahrungen weiterzugeben und langfristige Ergebnisse zu erzielen. &nbsp;<\/p>\n\n\n\n<p>Ver\u00e4nderung ist der Schl\u00fcssel zu fast allen Interim-Eins\u00e4tzen. Der Ausl\u00f6ser f\u00fcr einen Interim-Einsatz ist, dass er mit einem klaren Ziel in eine Aufgabe geht. Ein gemeinsamer Faktor ist, dass Interim Manager:innen Team(s) f\u00fchren und entwickeln wollen und sich nicht scheuen, die \u00c4rmel hochzukrempeln und praktisch zu arbeiten, da die meisten Aufgaben sowohl strategische als auch operative Arbeit erfordern.<\/p>\n\n\n\n<p><a href=\"https:\/\/mf.ag\/de\/interim-manager\/\">Lesen Sie hier mehr \u00fcber Interim-Manager.<\/a><\/p>\n<\/div>\n\n\n\n<div class=\"wp-block-group alignfull has-background has-global-padding is-layout-constrained wp-container-core-group-is-layout-b9940f7e wp-block-group-is-layout-constrained\" style=\"background-color:#ffffff;margin-top:0;margin-bottom:0;padding-top:var(--wp--preset--spacing--50);padding-right:var(--wp--preset--spacing--40);padding-bottom:var(--wp--preset--spacing--50);padding-left:var(--wp--preset--spacing--40)\">\n<div class=\"wp-block-media-text alignwide is-stacked-on-mobile is-style-default\" style=\"margin-top:0;margin-bottom:0;padding-top:0;padding-bottom:0\"><figure class=\"wp-block-media-text__media\"><img decoding=\"async\" src=\"https:\/\/mf.ag\/wp-content\/uploads\/2021\/10\/Executive_ENG-2-1024x580.png\" alt=\"Interim Management is the best of Executive Search and Executive Consulting combined.\" class=\"wp-image-22404 size-full\"\/><\/figure><div class=\"wp-block-media-text__content\">\n<h2 class=\"wp-block-heading\" id=\"h-interim-management-interim-manager-innen-sind-das-beste-aus-zwei-welten\"><meta charset=\"utf-8\">Interim Management: Interim Manager:innen sind das Beste aus zwei Welten<\/h2>\n\n\n\n<p><meta charset=\"utf-8\">In der heutigen beschleunigten Entwicklung brauchen Sie eine flexible Organisation, die in der Lage ist, schnell und effizient auf Ver\u00e4nderungen, Bedrohungen und M\u00f6glichkeiten zu reagieren. Der Wettbewerb ist global. Die Digitalisierung erfordert Transformation, Ver\u00e4nderung und Neuausrichtung. Aber was tun Sie, wenn Sie keine Zeit oder keinen Platz f\u00fcr einen traditionellen Unternehmensberater haben? Die L\u00f6sung f\u00fcr immer mehr Unternehmen &#8211; sowohl in der Privatwirtschaft als auch im \u00f6ffentlichen Sektor &#8211; sind Executive Interim Manager:innen. Kurzfristig kommt ein qualifizierter Interim Manager oder Spezialist in die Organisation. Eine erfahrene F\u00fchrungspers\u00f6nlichkeit mit einem Senior-Profil, die operative Verantwortung \u00fcbernimmt und sich voll und ganz auf eine vorher festgelegte Aufgabe konzentriert. Dies bietet dem Kunden ein Optimum an Flexibilit\u00e4t, Durchsetzungsverm\u00f6gen und Kosteneffizienz.<\/p>\n\n\n\n<p><meta charset=\"utf-8\"><\/p>\n<\/div><\/div>\n<\/div>\n\n\n\n<div class=\"wp-block-group alignfull has-tertiary-background-color has-background has-global-padding is-layout-constrained wp-container-core-group-is-layout-ca038469 wp-block-group-is-layout-constrained\" style=\"margin-top:0;margin-bottom:0;padding-top:var(--wp--preset--spacing--50);padding-right:var(--wp--preset--spacing--40);padding-bottom:var(--wp--preset--spacing--50);padding-left:var(--wp--preset--spacing--40)\">\n<h2 class=\"wp-block-heading\" id=\"h-8-beispiele-fur-typische-aufgaben-im-interim-management\"><meta charset=\"utf-8\">8 Beispiele f\u00fcr typische Aufgaben im Interim Management<\/h2>\n\n\n\n<h4 class=\"wp-block-heading\">1. Das Unternehmen befindet sich in einer existentiellen Krise<\/h4>\n\n\n\n<p>Unternehmen k\u00f6nnen durch unterschiedliche Faktoren in eine Unternehmenskrise schlittern: Wegfall bedeutender Absatzm\u00e4rkte, aggressive Mitbewerber, produkt- oder marktver\u00e4ndernde Innovationen oder auch schlichtes Missmanagement.&nbsp;<br><br>Der Fokus in Krisen liegt oftmals in der Suche nach neuen Gesch\u00e4ftsfeldern bzw. in der Ausweitung des Produktportfolios; h\u00e4ufig bewegen sich diese Ausweitungen au\u00dferhalb der Kernkompetenzen des Unternehmens und bringen nicht den gew\u00fcnschten finanziellen Erfolg. Nach dieser strategischen Krise stellt sich oftmals eine operative Krise ein, der wiederum eine finanzielle Krise folgt.&nbsp;<br><br>Finanzielle Krisen stellen eine akute Fortbestandsgefahr f\u00fcr ein Unternehmen bzw.&nbsp;die Unternehmensgruppe dar. Nur ein beherztes, sofortiges Handeln kann eine Insolvenz abwenden.<br><br>Der Interim-CRO steht dem Unternehmen im Krisenfalle als \u201eUnternehmenssanierer\u201c zur Verf\u00fcgung und steuert somit die Restrukturierungs-Belange des Unternehmens.&nbsp;<\/p>\n\n\n\n<p><a href=\"https:\/\/mf.ag\/de\/interim-ceo\/\">Lesen Sie hier mehr \u00fcber Interim-CROs.<\/a><\/p>\n\n\n\n<h4 class=\"wp-block-heading\">2. Der CFO hat das Unternehmen verlassen und es gibt keinen Ersatz.<\/h4>\n\n\n\n<p>Es wird beschlossen, einen Interim Manager als CFO einzustellen, um die L\u00fccke w\u00e4hrend der Festanstellung zu \u00fcberbr\u00fccken. Da der Interim-CFO \u00fcberqualifiziert ist, kann er w\u00e4hrend seines Einsatzes auch Prozesse und Strukturen \u00fcberpr\u00fcfen und ein gut funktionierendes Unternehmen an den neuen CFO \u00fcbergeben.<\/p>\n\n\n\n<p><a href=\"https:\/\/mf.ag\/de\/interim-cfo\/\">Lesen Sie hier mehr \u00fcber Interim-CFOs.<\/a><\/p>\n\n\n\n<h4 class=\"wp-block-heading\" id=\"h-3-eine-tochtergesellschaft-schneidet-schlecht-ab-und-schreibt-rote-zahlen-interim-manager-innen-sind-gefragt\">3. Eine Tochtergesellschaft schneidet schlecht ab und schreibt rote Zahlen: Interim Manager:innen sind gefragt<\/h4>\n\n\n\n<p>Es ist nicht bekannt, wo das Problem liegt. Der derzeitige CEO funktioniert nicht, und ein Interim-CEO wird engagiert, um das Gesch\u00e4ft zu analysieren und der Gesch\u00e4ftsf\u00fchrung und dem Vorstandklare und transparente Informationen zu liefern. Der Interimsmanager sorgt f\u00fcr einen Turnaround.<\/p>\n\n\n\n<p><a href=\"https:\/\/mf.ag\/de\/interim-ceo\/\">Lesen Sie hier mehr \u00fcber Interim-CEOs.<\/a><\/p>\n\n\n\n<h4 class=\"wp-block-heading\">4. Ein komplexes Infrastrukturprojekt soll umgesetzt werden, und es fehlt an der richtigen Projektleiterkompetenz.<\/h4>\n\n\n\n<p>Es wird eine Person ben\u00f6tigt, die bereits gro\u00dfe, komplexe Bauprojekte geleitet hat. Die Aufgabe bedeutet, mit vielen Beteiligten zu arbeiten, ein striktes Budget und einen strikten Zeitplan einzuhalten, w\u00e4hrend der Verkehr ohne gr\u00f6\u00dfere Unterbrechungenflie\u00dfen soll. Es wird ein Interims-PMO engagiert, der dies bereits getan hat und \u00fcber sehr gute Kenntnisse in der Branche, der F\u00fchrung und deroperativen Arbeit verf\u00fcgt.<\/p>\n\n\n\n<p><a href=\"https:\/\/mf.ag\/de\/interim-programm-projektmanagerin\/\">Lesen Sie hier mehr \u00fcber Interim-PMOs.<\/a><\/p>\n\n\n\n<h4 class=\"wp-block-heading\">5. Eine Fabrik soll von \u00d6sterreich nach Tschechien verlegt werden.<\/h4>\n\n\n\n<p>Ein Interim-Fabrikmanager\/Betriebsleiter wird eingestellt, um den Betrieb in \u00d6sterreich bestm\u00f6glich zu schlie\u00dfen, w\u00e4hrend die Produktion bis zum letzten Tag weiterl\u00e4uft. Es werden R\u00e4umlichkeiten gekauft oder angemietet, Maschinen verlagert und Personal eingestellt. Der Interim Manager sorgt daf\u00fcr, dass die Produktion in Tschechien gem\u00e4\u00df dem Zeit- und Budgetplan eingerichtet wird.<\/p>\n\n\n\n<p><a href=\"https:\/\/mf.ag\/de\/interim-supply-chain-managerin\/\">Lesen Sie hier mehr \u00fcber Supply Chain Management.<\/a><\/p>\n\n\n\n<h4 class=\"wp-block-heading\">6. Ein Familienunternehmen wird von einem Private-Equity-Unternehmen mit starken Wachstumsambitionen \u00fcbernommen.<\/h4>\n\n\n\n<p>Das derzeitige Management ist nicht in der Lage, dieses Wachstum voranzutreiben, und die neuen Eigent\u00fcmer ernennen einen Interims-CEO mit Vertriebshintergrund. Der Interims-CEO soll die Expansion schnell vorantreiben. Wenn die Ziele gem\u00e4\u00df dem festgelegten Gesch\u00e4ftsplan erreicht sind, kann ein neuer, m\u00f6glicherweise j\u00fcngerer CEO ein gut funktionierendes Unternehmen \u00fcbernehmen.<\/p>\n\n\n\n<h4 class=\"wp-block-heading\">7. Einem Unternehmen fehlt es an F\u00fchrung, und das Personal ist ineffektiv und unmotiviert.<\/h4>\n\n\n\n<p>Die Belegschaft ist schon lange im Unternehmen und wehrt sich gegen neue, effizientere Arbeitsmethoden. Um die Produktion und die Effizienz zu steigern sowie die F\u00fchrung und die Unternehmenskultur zu verbessern, wird ein Interim-HR-Manager engagiert, der die vorhandenen Kompetenzen \u00fcberpr\u00fcft, den Bedarf an neuen F\u00e4higkeiten analysiert und das Management bei der Arbeit mit Werten, der Entwicklung von F\u00fchrungskr\u00e4ften und neuen Prozessen unterst\u00fctzt.<\/p>\n\n\n\n<p><a href=\"https:\/\/mf.ag\/de\/interim-hr-managerin\/\">Lesen Sie hier mehr \u00fcber Interim-HR.<\/a><\/p>\n\n\n\n<h4 class=\"wp-block-heading\">8. Der Group Business Controller des Unternehmens ist f\u00fcr mindestens sechs Monate im Krankenstand.<\/h4>\n\n\n\n<p>Die Rolle ist gesch\u00e4ftskritisch und ein Interim Business Controller wird eingestellt, um die Funktion auszu\u00fcben, bis der regul\u00e4re Rolleninhaber eingesetzt wird.<\/p>\n<\/div>\n\n\n\n<div class=\"wp-block-group alignfull has-global-padding is-layout-constrained wp-container-core-group-is-layout-ca038469 wp-block-group-is-layout-constrained\" style=\"margin-top:0;margin-bottom:0;padding-top:var(--wp--preset--spacing--50);padding-right:var(--wp--preset--spacing--40);padding-bottom:var(--wp--preset--spacing--50);padding-left:var(--wp--preset--spacing--40)\">\n<div class=\"wp-block-media-text alignwide is-stacked-on-mobile is-vertically-aligned-center is-style-tw-overlap has-primary-background-color has-background tw-stack-md\"><figure class=\"wp-block-media-text__media\"><img loading=\"lazy\" decoding=\"async\" width=\"683\" height=\"1024\" src=\"https:\/\/mf.ag\/wp-content\/uploads\/2023\/11\/ManagementFactory_c_David_Bohmann_063-683x1024.jpg\" alt=\"\" class=\"wp-image-54425 size-full\" srcset=\"https:\/\/mf.ag\/wp-content\/uploads\/2023\/11\/ManagementFactory_c_David_Bohmann_063-683x1024.jpg 683w, https:\/\/mf.ag\/wp-content\/uploads\/2023\/11\/ManagementFactory_c_David_Bohmann_063-200x300.jpg 200w, https:\/\/mf.ag\/wp-content\/uploads\/2023\/11\/ManagementFactory_c_David_Bohmann_063-768x1152.jpg 768w, https:\/\/mf.ag\/wp-content\/uploads\/2023\/11\/ManagementFactory_c_David_Bohmann_063-1024x1536.jpg 1024w, https:\/\/mf.ag\/wp-content\/uploads\/2023\/11\/ManagementFactory_c_David_Bohmann_063.jpg 1365w\" sizes=\"auto, (max-width: 683px) 100vw, 683px\" \/><\/figure><div class=\"wp-block-media-text__content\">\n<blockquote class=\"wp-block-quote is-style-tw-icon has-white-color has-text-color is-layout-flow wp-block-quote-is-layout-flow\">\n<p>Als Interim Manager schalten Sie einen Gang h\u00f6her, um schnell L\u00f6sungen zu finden. Ergebnisse zu erzielen und messbare Wertsch\u00f6pfung zu liefern. Nach diesen Herausforderungen kann man den Erfolg genie\u00dfen und sich eine entspannende Phase g\u00f6nnen!<\/p>\n<\/blockquote>\n<\/div><\/div>\n\n\n\n<h2 class=\"wp-block-heading\" id=\"h-was-ist-der-unterschied-zwischen-interim-management-und-unternehmensberatung-nbsp\"><meta charset=\"utf-8\">Was ist der Unterschied zwischen Interim Management und Unternehmensberatung? &nbsp;<\/h2>\n\n\n\n<p>Die Antwort ist einfach: Ein Unternehmensberater analysiert, gibt Ratschl\u00e4ge und empfiehlt, was getan werden muss. Ein Interim Manager tut dies auch, aber er\/sie setzt die empfohlenen Ma\u00dfnahmen als vollwertiges Mitglied des Teams und der Organisation um.<\/p>\n\n\n\n<p><a href=\"https:\/\/mf.ag\/de\/interim-manager\/\">Lesen Sie hier mehr \u00fcber Interim-Manager.<\/a><\/p>\n\n\n\n<p>Management Factory ist Mitglied des&nbsp;<a href=\"https:\/\/xn--dim-sna.org\/\">Dachverbands \u00d6sterreichisches Interim Management D\u00d6IM<\/a>.<\/p>\n\n\n\n<div class=\"wp-block-group has-custom-white-color has-secondary-background-color has-text-color has-background has-global-padding is-layout-constrained wp-container-core-group-is-layout-52009084 wp-block-group-is-layout-constrained\" style=\"padding-top:var(--wp--preset--spacing--40);padding-right:var(--wp--preset--spacing--40);padding-bottom:var(--wp--preset--spacing--40);padding-left:var(--wp--preset--spacing--40)\">\n<h4 class=\"wp-block-heading\" id=\"h-quality-power-and-commitment\">Quality, power and commitment<\/h4>\n\n\n\n<p>Management Factor has been supporting clients from a winde range of industries with interim management since 2001. As market leader, we stand for the highest quality of our services, both professional commitment and realisation strength. We offer Interim Management and Executive Interim Management solutions to critical and complex business challenges.<\/p>\n\n\n\n<div class=\"wp-block-buttons is-layout-flex wp-block-buttons-is-layout-flex\">\n<div class=\"wp-block-button\"><a class=\"wp-block-button__link has-base-color has-text-color has-link-color wp-element-button\" href=\"https:\/\/mf.ag\/de\/uber-uns\/\">Read about our story here<\/a><\/div>\n<\/div>\n<\/div>\n<\/div>\n\n\n\n<div class=\"wp-block-group alignfull has-custom-valtus-light-blue-extra-background-color has-background has-global-padding is-layout-constrained wp-container-core-group-is-layout-ca038469 wp-block-group-is-layout-constrained\" style=\"margin-top:0;margin-bottom:0;padding-top:var(--wp--preset--spacing--50);padding-right:var(--wp--preset--spacing--40);padding-bottom:var(--wp--preset--spacing--50);padding-left:var(--wp--preset--spacing--40)\">\n<h3 class=\"wp-block-heading alignwide has-text-align-left\" id=\"h-hier-finden-sie-einige-unserer-referenzen-zum-interim-management-klicken-sie-auf-das-logo-um-die-referenz-zu-offnen-und-zu-lesen\">Hier finden Sie einige unserer Referenzen zum Interim Management. Klicken Sie auf das Logo, um die Referenz zu \u00f6ffnen und zu lesen!<\/h3>\n\n\n\n<div class=\"wp-block-query alignwide is-layout-flow wp-block-query-is-layout-flow\"><ul class=\"has-link-color columns-3 alignwide wp-elements-5e68604ead562bf02ec9878af4d73ea1 wp-block-post-template is-layout-grid wp-container-core-post-template-is-layout-6d3fbd8f wp-block-post-template-is-layout-grid\"><li class=\"wp-block-post post-64687 post type-post status-publish format-standard has-post-thumbnail hentry category-referenzen tag-ceo-2 tag-cfo-2 tag-coo tag-cro tag-interim-management-3 tag-private-equity-2 tag-restrukturierung tag-turnaround-management tag-vakanzueberbrueckung\">\n\n<div class=\"wp-block-group has-base-background-color has-background tw-shadow tw-stretched-link has-global-padding is-content-justification-center is-layout-constrained wp-container-core-group-is-layout-24bcade5 wp-block-group-is-layout-constrained wp-elements-5e68604ead562bf02ec9878af4d73ea1\" style=\"padding-top:0;padding-right:0;padding-bottom:0;padding-left:0\"><figure style=\"margin-bottom:30px;\" class=\"tw-img-ratio-16-9 wp-block-post-featured-image\"><a href=\"https:\/\/mf.ag\/de\/referenzen\/invest-ag\/\" target=\"_self\"  ><img loading=\"lazy\" decoding=\"async\" width=\"1920\" height=\"1080\" src=\"https:\/\/mf.ag\/wp-content\/uploads\/2025\/12\/Website-Bilder-Neu-2025-12-16T104615.863.png\" class=\"attachment-post-thumbnail size-post-thumbnail wp-post-image\" alt=\"Invest AG\" style=\"object-fit:cover;\" srcset=\"https:\/\/mf.ag\/wp-content\/uploads\/2025\/12\/Website-Bilder-Neu-2025-12-16T104615.863.png 1920w, https:\/\/mf.ag\/wp-content\/uploads\/2025\/12\/Website-Bilder-Neu-2025-12-16T104615.863-300x169.png 300w, https:\/\/mf.ag\/wp-content\/uploads\/2025\/12\/Website-Bilder-Neu-2025-12-16T104615.863-1024x576.png 1024w, https:\/\/mf.ag\/wp-content\/uploads\/2025\/12\/Website-Bilder-Neu-2025-12-16T104615.863-768x432.png 768w, https:\/\/mf.ag\/wp-content\/uploads\/2025\/12\/Website-Bilder-Neu-2025-12-16T104615.863-1536x864.png 1536w\" sizes=\"auto, (max-width: 1920px) 100vw, 1920px\" \/><\/a><\/figure><\/div>\n\n<\/li><li class=\"wp-block-post post-55112 post type-post status-publish format-standard has-post-thumbnail hentry category-referenzen tag-cfo-2 tag-erp-system tag-interim-management-3 tag-reorganisation tag-turnaround-2\">\n\n<div class=\"wp-block-group has-base-background-color has-background tw-shadow tw-stretched-link has-global-padding is-content-justification-center is-layout-constrained wp-container-core-group-is-layout-24bcade5 wp-block-group-is-layout-constrained wp-elements-5e68604ead562bf02ec9878af4d73ea1\" style=\"padding-top:0;padding-right:0;padding-bottom:0;padding-left:0\"><figure style=\"margin-bottom:30px;\" class=\"tw-img-ratio-16-9 wp-block-post-featured-image\"><a href=\"https:\/\/mf.ag\/de\/referenzen\/roco\/\" target=\"_self\"  ><img loading=\"lazy\" decoding=\"async\" width=\"1920\" height=\"1080\" src=\"https:\/\/mf.ag\/wp-content\/uploads\/2024\/01\/\u201eValtus-gibt-aelteren-Fuehrungskraeften-ihren-Wert-zurueck.-Philippe-Soullier-Gruender-von-Valtus-11.png\" class=\"attachment-post-thumbnail size-post-thumbnail wp-post-image\" alt=\"Roco\" style=\"object-fit:cover;\" srcset=\"https:\/\/mf.ag\/wp-content\/uploads\/2024\/01\/\u201eValtus-gibt-aelteren-Fuehrungskraeften-ihren-Wert-zurueck.-Philippe-Soullier-Gruender-von-Valtus-11.png 1920w, https:\/\/mf.ag\/wp-content\/uploads\/2024\/01\/\u201eValtus-gibt-aelteren-Fuehrungskraeften-ihren-Wert-zurueck.-Philippe-Soullier-Gruender-von-Valtus-11-300x169.png 300w, https:\/\/mf.ag\/wp-content\/uploads\/2024\/01\/\u201eValtus-gibt-aelteren-Fuehrungskraeften-ihren-Wert-zurueck.-Philippe-Soullier-Gruender-von-Valtus-11-1024x576.png 1024w, https:\/\/mf.ag\/wp-content\/uploads\/2024\/01\/\u201eValtus-gibt-aelteren-Fuehrungskraeften-ihren-Wert-zurueck.-Philippe-Soullier-Gruender-von-Valtus-11-768x432.png 768w, https:\/\/mf.ag\/wp-content\/uploads\/2024\/01\/\u201eValtus-gibt-aelteren-Fuehrungskraeften-ihren-Wert-zurueck.-Philippe-Soullier-Gruender-von-Valtus-11-1536x864.png 1536w\" sizes=\"auto, (max-width: 1920px) 100vw, 1920px\" \/><\/a><\/figure><\/div>\n\n<\/li><li class=\"wp-block-post post-55849 post type-post status-publish format-standard has-post-thumbnail hentry category-referenzen tag-covid-19 tag-executive-interim-management tag-fortbestehensprognose tag-interim-management-3 tag-restrukturierung tag-working-capital\">\n\n<div class=\"wp-block-group has-base-background-color has-background tw-shadow tw-stretched-link has-global-padding is-content-justification-center is-layout-constrained wp-container-core-group-is-layout-24bcade5 wp-block-group-is-layout-constrained wp-elements-5e68604ead562bf02ec9878af4d73ea1\" style=\"padding-top:0;padding-right:0;padding-bottom:0;padding-left:0\"><figure style=\"margin-bottom:30px;\" class=\"tw-img-ratio-16-9 wp-block-post-featured-image\"><a href=\"https:\/\/mf.ag\/de\/referenzen\/simplon\/\" target=\"_self\"  ><img loading=\"lazy\" decoding=\"async\" width=\"1920\" height=\"1080\" src=\"https:\/\/mf.ag\/wp-content\/uploads\/2024\/03\/\u201eValtus-gibt-aelteren-Fuehrungskraeften-ihren-Wert-zurueck.-Philippe-Soullier-Gruender-von-Valtus-25.png\" class=\"attachment-post-thumbnail size-post-thumbnail wp-post-image\" alt=\"Simplon\" style=\"object-fit:cover;\" srcset=\"https:\/\/mf.ag\/wp-content\/uploads\/2024\/03\/\u201eValtus-gibt-aelteren-Fuehrungskraeften-ihren-Wert-zurueck.-Philippe-Soullier-Gruender-von-Valtus-25.png 1920w, https:\/\/mf.ag\/wp-content\/uploads\/2024\/03\/\u201eValtus-gibt-aelteren-Fuehrungskraeften-ihren-Wert-zurueck.-Philippe-Soullier-Gruender-von-Valtus-25-300x169.png 300w, https:\/\/mf.ag\/wp-content\/uploads\/2024\/03\/\u201eValtus-gibt-aelteren-Fuehrungskraeften-ihren-Wert-zurueck.-Philippe-Soullier-Gruender-von-Valtus-25-1024x576.png 1024w, https:\/\/mf.ag\/wp-content\/uploads\/2024\/03\/\u201eValtus-gibt-aelteren-Fuehrungskraeften-ihren-Wert-zurueck.-Philippe-Soullier-Gruender-von-Valtus-25-768x432.png 768w, https:\/\/mf.ag\/wp-content\/uploads\/2024\/03\/\u201eValtus-gibt-aelteren-Fuehrungskraeften-ihren-Wert-zurueck.-Philippe-Soullier-Gruender-von-Valtus-25-1536x864.png 1536w\" sizes=\"auto, (max-width: 1920px) 100vw, 1920px\" \/><\/a><\/figure><\/div>\n\n<\/li><li class=\"wp-block-post post-52165 post type-post status-publish format-standard has-post-thumbnail hentry category-referenzen tag-bildungseinrichtung tag-erp-system tag-interim-management-3 tag-kaufmaennische-leitung tag-non-profit tag-prozessoptimierung-2 tag-vakanz\">\n\n<div class=\"wp-block-group has-base-background-color has-background tw-shadow tw-stretched-link has-global-padding is-content-justification-center is-layout-constrained wp-container-core-group-is-layout-24bcade5 wp-block-group-is-layout-constrained wp-elements-5e68604ead562bf02ec9878af4d73ea1\" style=\"padding-top:0;padding-right:0;padding-bottom:0;padding-left:0\"><figure style=\"margin-bottom:30px;\" class=\"tw-img-ratio-16-9 wp-block-post-featured-image\"><a href=\"https:\/\/mf.ag\/de\/referenzen\/vienna-international-school\/\" target=\"_self\"  ><img loading=\"lazy\" decoding=\"async\" width=\"800\" height=\"450\" src=\"https:\/\/mf.ag\/wp-content\/uploads\/2023\/06\/viennaschool.png\" class=\"attachment-post-thumbnail size-post-thumbnail wp-post-image\" alt=\"Vienna international School\" style=\"object-fit:cover;\" srcset=\"https:\/\/mf.ag\/wp-content\/uploads\/2023\/06\/viennaschool.png 800w, https:\/\/mf.ag\/wp-content\/uploads\/2023\/06\/viennaschool-300x169.png 300w, https:\/\/mf.ag\/wp-content\/uploads\/2023\/06\/viennaschool-768x432.png 768w\" sizes=\"auto, (max-width: 800px) 100vw, 800px\" \/><\/a><\/figure><\/div>\n\n<\/li><li class=\"wp-block-post post-52153 post type-post status-publish format-standard has-post-thumbnail hentry category-referenzen tag-holzverarbeitung tag-interim-management-3 tag-kalkulation tag-moebelindustrie tag-produktion tag-reporting tag-strategie\">\n\n<div class=\"wp-block-group has-base-background-color has-background tw-shadow tw-stretched-link has-global-padding is-content-justification-center is-layout-constrained wp-container-core-group-is-layout-24bcade5 wp-block-group-is-layout-constrained wp-elements-5e68604ead562bf02ec9878af4d73ea1\" style=\"padding-top:0;padding-right:0;padding-bottom:0;padding-left:0\"><figure style=\"margin-bottom:30px;\" class=\"tw-img-ratio-16-9 wp-block-post-featured-image\"><a href=\"https:\/\/mf.ag\/de\/referenzen\/voglauer\/\" target=\"_self\"  ><img loading=\"lazy\" decoding=\"async\" width=\"800\" height=\"450\" src=\"https:\/\/mf.ag\/wp-content\/uploads\/2023\/06\/voglauer.png\" class=\"attachment-post-thumbnail size-post-thumbnail wp-post-image\" alt=\"VOGLAUER\" style=\"object-fit:cover;\" srcset=\"https:\/\/mf.ag\/wp-content\/uploads\/2023\/06\/voglauer.png 800w, https:\/\/mf.ag\/wp-content\/uploads\/2023\/06\/voglauer-300x169.png 300w, https:\/\/mf.ag\/wp-content\/uploads\/2023\/06\/voglauer-768x432.png 768w\" sizes=\"auto, (max-width: 800px) 100vw, 800px\" \/><\/a><\/figure><\/div>\n\n<\/li><li class=\"wp-block-post post-52120 post type-post status-publish format-standard has-post-thumbnail hentry category-referenzen tag-generalvergleich tag-industrieanlagenbau tag-interim-management-3 tag-kaufmaennische-leitung tag-liqiditaetsplanung tag-programm-projektmanagement\">\n\n<div class=\"wp-block-group has-base-background-color has-background tw-shadow tw-stretched-link has-global-padding is-content-justification-center is-layout-constrained wp-container-core-group-is-layout-24bcade5 wp-block-group-is-layout-constrained wp-elements-5e68604ead562bf02ec9878af4d73ea1\" style=\"padding-top:0;padding-right:0;padding-bottom:0;padding-left:0\"><figure style=\"margin-bottom:30px;\" class=\"tw-img-ratio-16-9 wp-block-post-featured-image\"><a href=\"https:\/\/mf.ag\/de\/referenzen\/kremsmueller\/\" target=\"_self\"  ><img loading=\"lazy\" decoding=\"async\" width=\"800\" height=\"450\" src=\"https:\/\/mf.ag\/wp-content\/uploads\/2023\/06\/kremsmueller.png\" class=\"attachment-post-thumbnail size-post-thumbnail wp-post-image\" alt=\"Kremsmueller\" style=\"object-fit:cover;\" srcset=\"https:\/\/mf.ag\/wp-content\/uploads\/2023\/06\/kremsmueller.png 800w, https:\/\/mf.ag\/wp-content\/uploads\/2023\/06\/kremsmueller-300x169.png 300w, https:\/\/mf.ag\/wp-content\/uploads\/2023\/06\/kremsmueller-768x432.png 768w\" sizes=\"auto, (max-width: 800px) 100vw, 800px\" \/><\/a><\/figure><\/div>\n\n<\/li><\/ul>\n\n<nav class=\"tw-mt-9 wp-block-query-pagination is-horizontal is-content-justification-center is-layout-flex wp-container-core-query-pagination-is-layout-03627597 wp-block-query-pagination-is-layout-flex\" aria-label=\"Seitennummerierung\">\n\n\n<div class=\"wp-block-query-pagination-numbers\"><span aria-current=\"page\" class=\"page-numbers current\">1<\/span>\n<a class=\"page-numbers\" href=\"?query-25-page=2\">2<\/a><\/div>\n\n<a href=\"\/de\/wp-json\/wp\/v2\/pages\/52753?query-25-page=2\" class=\"wp-block-query-pagination-next\">Next<span class='wp-block-query-pagination-next-arrow is-arrow-chevron' aria-hidden='true'>\u00bb<\/span><\/a>\n<\/nav><\/div>\n<\/div>\n\n\n\n<div class=\"wp-block-group alignfull has-background has-global-padding is-layout-constrained wp-container-core-group-is-layout-ca038469 wp-block-group-is-layout-constrained\" style=\"background-color:#ffffff;margin-top:0;margin-bottom:0;padding-top:var(--wp--preset--spacing--50);padding-right:var(--wp--preset--spacing--40);padding-bottom:var(--wp--preset--spacing--50);padding-left:var(--wp--preset--spacing--40)\">\n<h2 class=\"wp-block-heading\" id=\"h-faq-uber-interim-management\"><meta charset=\"utf-8\">FAQ \u00fcber Interim Management<\/h2>\n\n\n<div class=\"lightweight-accordion\"><details><summary class=\"lightweight-accordion-title\"><span>Was ist Interim Management?<\/span><\/summary><div class=\"lightweight-accordion-body\">\n\n<p>Ein Interim Manager ist eine Person mit langj\u00e4hriger Erfahrung in der F\u00fchrung und im Vorantreiben von Ver\u00e4nderungen in einem komplexen Umfeld. Der Interim-Manager verf\u00fcgt \u00fcber Erfahrungen in leitenden Positionen in Wirtschaftsunternehmen oder in Unternehmen unter staatlicher Kontrolle. Die Interimskraft hat sich entschieden, von einer festen Stelle zur\u00fcckzutreten und stattdessen zeitlich begrenzte Aufgaben zu \u00fcbernehmen. Interim Management gibt dem Unternehmen Zugang zu einer sehr erfahrenen F\u00fchrungskraft, wenn die eigenen Ressourcen im Falle einer Herausforderung, einer Krise oder einer Vakanz nicht ausreichen.<\/p>\n\n<\/div><\/details><\/div>\n\n<div class=\"lightweight-accordion\"><details><summary class=\"lightweight-accordion-title\"><span>Beispiele f\u00fcr typische Aufgaben:<\/span><\/summary><div class=\"lightweight-accordion-body\">\n\n<p>Ein CFO hat das Unternehmen verlassen, und es ist kein Ersatz vorhanden. Ein Interim-CFO wurde eingestellt, um die L\u00fccke zu \u00fcberbr\u00fccken, w\u00e4hrend ein st\u00e4ndiger CFO rekrutiert wurde. Da der Interim-CFO \u00fcberqualifiziert war, \u00fcberpr\u00fcfte er sofort die Prozesse und Strukturen und \u00fcbergab dem neuen CFO ein gut funktionierendes Unternehmen.<\/p>\n\n\n\n<p>Eine Tochtergesellschaft schnitt schlecht ab und wies rote Zahlen auf. Es war nicht bekannt, wo das Problem lag. Der CEO musste noch am selben Tag gehen. Ein Interims-CEO wurde engagiert, um das Unternehmen zu analysieren und dem Vorstand klare und transparente Informationen zu liefern. Eine Trendwende wurde eingeleitet.<\/p>\n\n\n\n<p>M\u00f6chten Sie mehr dar\u00fcber erfahren, was Interim bedeutet, oder sind Sie daran interessiert, Interim Manager zu werden, oder ob dies eine L\u00f6sung f\u00fcr Ihr Unternehmen sein kann?<\/p>\n\n<\/div><\/details><\/div>\n\n<div class=\"lightweight-accordion\"><details><summary class=\"lightweight-accordion-title\"><span>Was ist der Unterschied zwischen einem Interim Manager und einem Unternehmensberater?<\/span><\/summary><div class=\"lightweight-accordion-body\">\n\n<p>Executive Interim Management steht mit einem Bein in der Headhunting-Branche und mit dem anderen in der Unternehmensberatung. Wir haben die wichtigsten Unterschiede unten aufgef\u00fchrt:<\/p>\n\n\n\n<figure class=\"wp-block-table is-style-tw-border-h-inner\"><table><thead><tr><th class=\"has-text-align-left\" data-align=\"left\"><strong>Interim Manager<\/strong><\/th><th class=\"has-text-align-left\" data-align=\"left\"><strong>Management Consultant<\/strong><\/th><\/tr><\/thead><tbody><tr><td class=\"has-text-align-left\" data-align=\"left\"><span style=\"color: #e74011;\" class=\"stk-highlight\">Hauptfokus<\/span><\/td><td class=\"has-text-align-left\" data-align=\"left\"><\/td><\/tr><tr><td class=\"has-text-align-left\" data-align=\"left\">Durchf\u00fchrung und F\u00f6rderung von Ver\u00e4nderungen, um h\u00f6here Betriebsergebnisse zu erzielen.<\/td><td class=\"has-text-align-left\" data-align=\"left\">Analyse, Beratung, Transfer von Best Practices, L\u00f6sungsdesign und\/oder Steuerung des Programm-\/Projektmanagements<\/td><\/tr><tr><td class=\"has-text-align-left\" data-align=\"left\"><span style=\"color: #e74011;\" class=\"stk-highlight\">F\u00e4higkeiten<\/span><\/td><td class=\"has-text-align-left\" data-align=\"left\"><\/td><\/tr><tr><td class=\"has-text-align-left\" data-align=\"left\">Die Ausf\u00fchrung basiert in erster Linie auf langj\u00e4hriger operativer Erfahrung, F\u00fchrungsqualit\u00e4ten und Branchen-\/Funktionserfahrung. In bestimmten F\u00e4llen mit einigen Jahren vorheriger T\u00e4tigkeit als Berater.<\/td><td class=\"has-text-align-left\" data-align=\"left\">Basiert die Ausf\u00fchrung haupts\u00e4chlich auf Methoden, Prozessen und Analysen, kombiniert mit industriellen\/funktionalen Best Practices, die vom Beratungsunternehmen gesammelt wurden<\/td><\/tr><tr><td class=\"has-text-align-left\" data-align=\"left\"><span style=\"color: #e74011;\" class=\"stk-highlight\">Einsatzbereich<\/span><\/td><td class=\"has-text-align-left\" data-align=\"left\"><\/td><\/tr><tr><td class=\"has-text-align-left\" data-align=\"left\">Handelt als Teil Ihrer Organisation, oft mit Budget und\/oder Verantwortung f\u00fcr die Gewinn- und Verlustrechnung<\/td><td class=\"has-text-align-left\" data-align=\"left\">Handelt au\u00dferhalb des organisatorischen Rahmens (oft in Form von Projekten)<\/td><\/tr><tr><td class=\"has-text-align-left\" data-align=\"left\"><span style=\"color: #e74011;\" class=\"stk-highlight\">Alter<\/span><\/td><td class=\"has-text-align-left\" data-align=\"left\"><\/td><\/tr><tr><td class=\"has-text-align-left\" data-align=\"left\">40+, je nach Branche und funktionalem Hintergrund<\/td><td class=\"has-text-align-left\" data-align=\"left\">Oft 25-35 Jahre alt<\/td><\/tr><tr><td class=\"has-text-align-left\" data-align=\"left\"><span style=\"color: #e74011;\" class=\"stk-highlight\">Commitment den Kunden gegen\u00fcber<\/span><\/td><td class=\"has-text-align-left\" data-align=\"left\"><\/td><\/tr><tr><td class=\"has-text-align-left\" data-align=\"left\">Vollkommene Loyalit\u00e4t gegen\u00fcber Ihnen als Kunden und Ihren Zielen. Berichtet an Sie wie ein Angestellter.<\/td><td class=\"has-text-align-left\" data-align=\"left\">Loyal zu Ihnen als Kunden, aber auch zu seinem Beratungsunternehmen<\/td><\/tr><\/tbody><\/table><\/figure>\n\n<\/div><\/details><\/div>\n\n<div class=\"lightweight-accordion\"><details><summary class=\"lightweight-accordion-title\"><span>Wann ist Interim Management eine gute L\u00f6sung?<\/span><\/summary><div class=\"lightweight-accordion-body\">\n\n<p>Wenn Sie dringend einen erfahrenen Manager oder Spezialisten in einem bestimmten Bereich ben\u00f6tigen. Wenn ein Rekrutierungsprozess zu lange dauert und\/oder wenn die klassische Unternehmensberatung Ihnen nicht die praktische Umsetzung bietet, die Sie ben\u00f6tigen. Das kann alles sein, von der Schlie\u00dfung einer kritischen L\u00fccke, der Reorganisation eines Unternehmens, der Leitung einer digitalen Transformation, der Expansion, der Gr\u00fcndung einer ausl\u00e4ndischen Gesellschaft bis hin zur Ver\u00e4u\u00dferung von Unternehmen. Das Grundbed\u00fcrfnis, das Sie l\u00f6sen wollen, besteht darin, Hilfe von einem oder mehreren aktiven F\u00fchrungskr\u00e4ften zu erhalten, die die Dinge operativ umsetzen.<\/p>\n\n<\/div><\/details><\/div>\n\n<div class=\"lightweight-accordion\"><details><summary class=\"lightweight-accordion-title\"><span>Welche Leistungen kann ein Interim Manager erbringen?<\/span><\/summary><div class=\"lightweight-accordion-body\">\n\n<p>Beispiele f\u00fcr Dienstleistungen, die ein Interim Manager erbringen kann, sind Turnarounds, B\u00f6rseng\u00e4nge, der Aufbau einer HR-Organisation, die Festlegung von Strukturen und Prozessen, die Leitung eines oder mehrerer gesch\u00e4ftskritischer Projekte, die Festlegung der Strategie f\u00fcr das CSR-Programm eines Unternehmens und dessen Umsetzung, die Leitung eines Digitalisierungsprojekts f\u00fcr eine Funktion, ein Unternehmen oder eine Gruppe, die Leitung eines M&amp;A-Projekts oder die Verlagerung der Produktion in ein anderes Land einschlie\u00dflich der Schlie\u00dfung des alten Standorts und des Aufbaus der neuen Produktionsorganisation.<\/p>\n\n<\/div><\/details><\/div>\n\n<div class=\"lightweight-accordion\"><details><summary class=\"lightweight-accordion-title\"><span>Welche Rollen kann Interim Management ausf\u00fcllen?<\/span><\/summary><div class=\"lightweight-accordion-body\">\n\n<p>Unser Hauptaugenmerk liegt auf der L\u00f6sung von Herausforderungen in F\u00fchrungspositionen von Unternehmen oder gro\u00dfen Initiativen\/Projekten, die von der Unternehmensleitung geleitet werden. Im Laufe der Jahre haben wir auch Netzwerke in bestimmten Fachbranchen sowie mit Personen aufgebaut, die \u00fcber einen Management-Consulting-Hintergrund verf\u00fcgen und umfangreiche Erfahrungen mit der Leitung gr\u00f6\u00dferer komplexer Programme\/Projekte haben. Beispiele f\u00fcr Rollen sind: CEO, CFO, Head of Business Control, Projektmanager oder Supply Chain Manager. Weitere Beispiele f\u00fcr Rollen finden Sie hier.<\/p>\n\n\n\n<p><a href=\"https:\/\/mf.ag\/de\/interim-manager\/\">Lesen Sie hier mehr \u00fcber Interim-Manager.<\/a><\/p>\n\n<\/div><\/details><\/div>\n\n<div class=\"lightweight-accordion\"><details><summary class=\"lightweight-accordion-title\"><span>Unterscheiden sich die Prozesse von Management Factorys von denen anderer Anbieter?<\/span><\/summary><div class=\"lightweight-accordion-body\">\n\n<p>Ja. Wir wissen, dass unsere Kunden schnell eine L\u00f6sung finden m\u00fcssen und &#8211; was vielleicht noch wichtiger ist &#8211; dass sie nicht endlose Vorstellungsgespr\u00e4che f\u00fchren oder Lebensl\u00e4ufe selbst auswerten wollen, um die richtigen F\u00e4higkeiten und Personen zu finden. Wir begn\u00fcgen uns nicht damit, geeignete und verf\u00fcgbare Kandidaten zu finden, sondern arbeiten etwa 1-2 Wochen lang intensiv an der Auswahl von Personen in unseren \u00f6sterreichischen und internationalen Netzwerken. Auf diese Weise k\u00f6nnen wir in k\u00fcrzester Zeit 2-3 Personen mit genau dem richtigen relevanten Hintergrund f\u00fcr den Auftrag vorschlagen.<\/p>\n\n<\/div><\/details><\/div>\n\n<div class=\"lightweight-accordion\"><details><summary class=\"lightweight-accordion-title\"><span>Wie lange dauert ein Rekrutierungsprozess?<\/span><\/summary><div class=\"lightweight-accordion-body\">\n\n<p>Der Prozess dauert 2 bis 4 Wochen und umfasst Gespr\u00e4che mit uns und dem Kunden sowie Referenzen.<\/p>\n\n<\/div><\/details><\/div>\n\n<div class=\"lightweight-accordion\"><details><summary class=\"lightweight-accordion-title\"><span>Wie gehen Sie mit sensiblen Informationen um?<\/span><\/summary><div class=\"lightweight-accordion-body\">\n\n<p>Vertraulichkeit ist eine Ehrensache, sowohl gegen\u00fcber unseren Kunden als auch gegen\u00fcber den Interim Managern. Zu Beginn jeder Zusammenarbeit vereinbaren wir mit dem Kunden das gew\u00fcnschte Ma\u00df an Vertraulichkeit, und oft verwenden wir eine Geheimhaltungsvereinbarung (NDA), bevor wir mit den Kandidaten sprechen. Unserer Erfahrung nach ist dies f\u00fcr alle Parteien von Vorteil.<\/p>\n\n<\/div><\/details><\/div>\n\n<div class=\"lightweight-accordion\"><details><summary class=\"lightweight-accordion-title\"><span>Habe ich irgendwelche Garantien, wenn ich Sie engagiere?<\/span><\/summary><div class=\"lightweight-accordion-body\">\n\n<p>F\u00fcr den Fall, dass sich ein Auftrag nicht wie erwartet entwickelt (was \u00e4u\u00dferst selten vorkommt), haben wir K\u00fcndigungsklauseln. Diese sind situationsabh\u00e4ngig, aber die meisten haben eine K\u00fcndigungsfrist von einem Monat. Nat\u00fcrlich helfen wir unseren Kunden, einen Ersatz mit ebenso guten Qualifikationen zu finden. Management Factory verf\u00fcgt \u00fcber eine Haftpflichtversicherung f\u00fcr alle unsere Berater. Wir k\u00f6nnen auch einen vollst\u00e4ndigen Background-Check durchf\u00fchren lassen.<\/p>\n\n<\/div><\/details><\/div>\n\n<div class=\"lightweight-accordion\"><details><summary class=\"lightweight-accordion-title\"><span>Kann ich den Interim Manager nach einem abgeschlossenen Interim-Einsatz wieder einstellen?<\/span><\/summary><div class=\"lightweight-accordion-body\">\n\n<p>In unseren Vereinbarungen sind die \u00dcbergangshonorare f\u00fcr die direkte Besch\u00e4ftigung eines Interim Managers geregelt. Wir haben gro\u00dfes Verst\u00e4ndnis daf\u00fcr, dass dies eine Win-Win-Situation f\u00fcr unsere Kunden und Interim Professionals sein kann.<\/p>\n\n<\/div><\/details><\/div>\n\n<div class=\"lightweight-accordion\"><details><summary class=\"lightweight-accordion-title\"><span>Wie lange dauert ein Auftrag?<\/span><\/summary><div class=\"lightweight-accordion-body\">\n\n<p>Die meisten unserer Auftr\u00e4ge stehen in direktem Zusammenhang mit einer gr\u00f6\u00dferen Initiative, und oft erstreckt sich der Auftrag \u00fcber 6-12 Monate, in einigen F\u00e4llen auch deutlich l\u00e4nger. Es ist \u00fcblich, dass die Eins\u00e4tze verl\u00e4ngert werden.<\/p>\n\n<\/div><\/details><\/div>\n\n<div class=\"lightweight-accordion\"><details><summary class=\"lightweight-accordion-title\"><span>Was kostet eine Interimsl\u00f6sung?<\/span><\/summary><div class=\"lightweight-accordion-body\">\n\n<p>Die Kosten f\u00fcr die Beauftragung eines Interim Professionals durch MF h\u00e4ngen ganz von der Rolle, der Situation sowie der L\u00e4nge und dem Umfang des Auftrags ab. Kurz gesagt, es ist wesentlich g\u00fcnstiger als die Einstellung eines Unternehmensberaters. Gemeinsam gehen wir die Herausforderungen und den Auftrag durch und kalkulieren eine ungef\u00e4hre Spanne f\u00fcr die H\u00f6he des Honorars, um die richtige Person mit dem richtigen Kaliber zu finden und einzustellen.<\/p>\n\n<\/div><\/details><\/div><\/div>\n","protected":false},"excerpt":{"rendered":"<p>Was ist Interim Management? Ein:e Interim Manager:in ist eine erfahrene F\u00fchrungspers\u00f6nlichkeit, die sich auf Ergebnisse konzentriert. Wenn einer Organisation w\u00e4hrend eines Projekts, einer Ver\u00e4nderung, einer speziellen kritischen Herausforderung oder einer Vakanz eine Ressource oder die richtige Kompetenz fehlt, ist Interim Management eine sichere, schnelle und kosteng\u00fcnstige L\u00f6sung. Ein Interimsmanager wird f\u00fcr einen begrenzten Zeitraum eingestellt [&hellip;]<\/p>\n","protected":false},"author":1,"featured_media":0,"parent":0,"menu_order":0,"comment_status":"closed","ping_status":"closed","template":"wp-custom-template-page-feature-no-margins","meta":{"inline_featured_image":false,"footnotes":""},"class_list":["post-52753","page","type-page","status-publish","hentry"],"featured_image_urls_v2":{"full":"","thumbnail":"","medium":"","medium_large":"","large":"","1536x1536":"","2048x2048":"","gform-image-choice-sm":"","gform-image-choice-md":"","gform-image-choice-lg":"","profile_24":"","profile_48":"","profile_96":"","profile_150":"","profile_300":""},"post_excerpt_stackable_v2":"<p>Was ist Interim Management? Ein:e Interim Manager:in ist eine erfahrene F\u00fchrungspers\u00f6nlichkeit, die sich auf Ergebnisse konzentriert. Wenn einer Organisation w\u00e4hrend eines Projekts, einer Ver\u00e4nderung, einer speziellen kritischen Herausforderung oder einer Vakanz eine Ressource oder die richtige Kompetenz fehlt, ist Interim Management eine sichere, schnelle und kosteng\u00fcnstige L\u00f6sung. Ein Interimsmanager wird f\u00fcr einen begrenzten Zeitraum eingestellt und kommt sehr kurzfristig in Ihr Unternehmen. Auf diese Weise erhalten Sie Zugang zu einer sehr erfahrenen und praxisnahen F\u00fchrungskraft oder einem funktionalen Spezialisten. Der Schwerpunkt liegt auf der Schaffung von Verbesserungen und der F\u00f6rderung von Ver\u00e4nderungen. Lassen Sie uns wissen, was Ihre Herausforderung in&hellip;<\/p>\n","category_list_v2":"","author_info_v2":{"name":"Pierre","url":"https:\/\/mf.ag\/de\/author\/superfun\/"},"comments_num_v2":"0 comments","yoast_head":"<!-- This site is optimized with the Yoast SEO Premium plugin v25.8 (Yoast SEO v27.4) - https:\/\/yoast.com\/product\/yoast-seo-premium-wordpress\/ -->\n<title>Interim Management - Interim Manager f\u00fcr Ihr Unternehmen<\/title>\n<meta name=\"description\" content=\"Entdecken Sie Interim-Manager und Interim Managerinnen f\u00fcr Projekte, Ver\u00e4nderungen und Herausforderungen in Ihrem Unternehmen.\" \/>\n<meta name=\"robots\" content=\"index, follow, max-snippet:-1, max-image-preview:large, max-video-preview:-1\" \/>\n<link rel=\"canonical\" href=\"https:\/\/mf.ag\/de\/interim-management\/\" \/>\n<link rel=\"next\" href=\"https:\/\/mf.ag\/de\/interim-management\/52753\/?query-25-page=2\" \/>\n<meta property=\"og:locale\" content=\"de_DE\" \/>\n<meta property=\"og:type\" content=\"article\" \/>\n<meta property=\"og:title\" content=\"Interim Management\" \/>\n<meta property=\"og:description\" content=\"Entdecken Sie Interim-Manager und Interim Managerinnen f\u00fcr Projekte, Ver\u00e4nderungen und Herausforderungen in Ihrem Unternehmen.\" \/>\n<meta property=\"og:url\" content=\"https:\/\/mf.ag\/de\/interim-management\/\" \/>\n<meta property=\"og:site_name\" content=\"Management Factory\" \/>\n<meta property=\"article:modified_time\" content=\"2025-11-04T20:30:54+00:00\" \/>\n<meta property=\"og:image\" content=\"https:\/\/mf.ag\/wp-content\/uploads\/2025\/09\/6-circles-DE-INTERIM.png\" \/>\n\t<meta property=\"og:image:width\" content=\"2000\" \/>\n\t<meta property=\"og:image:height\" content=\"1256\" \/>\n\t<meta property=\"og:image:type\" content=\"image\/png\" \/>\n<meta name=\"twitter:card\" content=\"summary_large_image\" \/>\n<meta name=\"twitter:label1\" content=\"Gesch\u00e4tzte Lesezeit\" \/>\n\t<meta name=\"twitter:data1\" content=\"36\u00a0Minuten\" \/>\n<script type=\"application\/ld+json\" class=\"yoast-schema-graph\">{\"@context\":\"https:\\\/\\\/schema.org\",\"@graph\":[{\"@type\":\"WebPage\",\"@id\":\"https:\\\/\\\/mf.ag\\\/de\\\/interim-management\\\/\",\"url\":\"https:\\\/\\\/mf.ag\\\/de\\\/interim-management\\\/\",\"name\":\"Interim Management - Interim Manager f\u00fcr Ihr Unternehmen\",\"isPartOf\":{\"@id\":\"https:\\\/\\\/mf.ag\\\/de\\\/#website\"},\"primaryImageOfPage\":{\"@id\":\"https:\\\/\\\/mf.ag\\\/de\\\/interim-management\\\/#primaryimage\"},\"image\":{\"@id\":\"https:\\\/\\\/mf.ag\\\/de\\\/interim-management\\\/#primaryimage\"},\"thumbnailUrl\":\"https:\\\/\\\/mf.ag\\\/wp-content\\\/uploads\\\/2025\\\/09\\\/6-circles-DE-INTERIM-1024x643.png\",\"datePublished\":\"2023-08-16T13:14:00+00:00\",\"dateModified\":\"2025-11-04T20:30:54+00:00\",\"description\":\"Entdecken Sie Interim-Manager und Interim Managerinnen f\u00fcr Projekte, Ver\u00e4nderungen und Herausforderungen in Ihrem Unternehmen.\",\"breadcrumb\":{\"@id\":\"https:\\\/\\\/mf.ag\\\/de\\\/interim-management\\\/#breadcrumb\"},\"inLanguage\":\"de\",\"potentialAction\":[{\"@type\":\"ReadAction\",\"target\":[\"https:\\\/\\\/mf.ag\\\/de\\\/interim-management\\\/\"]}]},{\"@type\":\"ImageObject\",\"inLanguage\":\"de\",\"@id\":\"https:\\\/\\\/mf.ag\\\/de\\\/interim-management\\\/#primaryimage\",\"url\":\"https:\\\/\\\/mf.ag\\\/wp-content\\\/uploads\\\/2025\\\/09\\\/6-circles-DE-INTERIM-1024x643.png\",\"contentUrl\":\"https:\\\/\\\/mf.ag\\\/wp-content\\\/uploads\\\/2025\\\/09\\\/6-circles-DE-INTERIM-1024x643.png\"},{\"@type\":\"BreadcrumbList\",\"@id\":\"https:\\\/\\\/mf.ag\\\/de\\\/interim-management\\\/#breadcrumb\",\"itemListElement\":[{\"@type\":\"ListItem\",\"position\":1,\"name\":\"Home\",\"item\":\"https:\\\/\\\/mf.ag\\\/de\\\/\"},{\"@type\":\"ListItem\",\"position\":2,\"name\":\"Interim Management\"}]},{\"@type\":\"WebSite\",\"@id\":\"https:\\\/\\\/mf.ag\\\/de\\\/#website\",\"url\":\"https:\\\/\\\/mf.ag\\\/de\\\/\",\"name\":\"Management Factory\",\"description\":\"Mit Executive Interim Management und Financial Advisory das Gesch\u00e4ft voranbringen\",\"publisher\":{\"@id\":\"https:\\\/\\\/mf.ag\\\/de\\\/#organization\"},\"potentialAction\":[{\"@type\":\"SearchAction\",\"target\":{\"@type\":\"EntryPoint\",\"urlTemplate\":\"https:\\\/\\\/mf.ag\\\/de\\\/?s={search_term_string}\"},\"query-input\":{\"@type\":\"PropertyValueSpecification\",\"valueRequired\":true,\"valueName\":\"search_term_string\"}}],\"inLanguage\":\"de\"},{\"@type\":\"Organization\",\"@id\":\"https:\\\/\\\/mf.ag\\\/de\\\/#organization\",\"name\":\"Management Factory\",\"url\":\"https:\\\/\\\/mf.ag\\\/de\\\/\",\"logo\":{\"@type\":\"ImageObject\",\"inLanguage\":\"de\",\"@id\":\"https:\\\/\\\/mf.ag\\\/de\\\/#\\\/schema\\\/logo\\\/image\\\/\",\"url\":\"\",\"contentUrl\":\"\",\"caption\":\"Management Factory\"},\"image\":{\"@id\":\"https:\\\/\\\/mf.ag\\\/de\\\/#\\\/schema\\\/logo\\\/image\\\/\"}}]}<\/script>\n<!-- \/ Yoast SEO Premium plugin. -->","yoast_head_json":{"title":"Interim Management - Interim Manager f\u00fcr Ihr Unternehmen","description":"Entdecken Sie Interim-Manager und Interim Managerinnen f\u00fcr Projekte, Ver\u00e4nderungen und Herausforderungen in Ihrem Unternehmen.","robots":{"index":"index","follow":"follow","max-snippet":"max-snippet:-1","max-image-preview":"max-image-preview:large","max-video-preview":"max-video-preview:-1"},"canonical":"https:\/\/mf.ag\/de\/interim-management\/","next":"https:\/\/mf.ag\/de\/interim-management\/52753?query-25-page=2","og_locale":"de_DE","og_type":"article","og_title":"Interim Management","og_description":"Entdecken Sie Interim-Manager und Interim Managerinnen f\u00fcr Projekte, Ver\u00e4nderungen und Herausforderungen in Ihrem Unternehmen.","og_url":"https:\/\/mf.ag\/de\/interim-management\/","og_site_name":"Management Factory","article_modified_time":"2025-11-04T20:30:54+00:00","og_image":[{"width":2000,"height":1256,"url":"https:\/\/mf.ag\/wp-content\/uploads\/2025\/09\/6-circles-DE-INTERIM.png","type":"image\/png"}],"twitter_card":"summary_large_image","twitter_misc":{"Gesch\u00e4tzte Lesezeit":"36\u00a0Minuten"},"schema":{"@context":"https:\/\/schema.org","@graph":[{"@type":"WebPage","@id":"https:\/\/mf.ag\/de\/interim-management\/","url":"https:\/\/mf.ag\/de\/interim-management\/","name":"Interim Management - Interim Manager f\u00fcr Ihr Unternehmen","isPartOf":{"@id":"https:\/\/mf.ag\/de\/#website"},"primaryImageOfPage":{"@id":"https:\/\/mf.ag\/de\/interim-management\/#primaryimage"},"image":{"@id":"https:\/\/mf.ag\/de\/interim-management\/#primaryimage"},"thumbnailUrl":"https:\/\/mf.ag\/wp-content\/uploads\/2025\/09\/6-circles-DE-INTERIM-1024x643.png","datePublished":"2023-08-16T13:14:00+00:00","dateModified":"2025-11-04T20:30:54+00:00","description":"Entdecken Sie Interim-Manager und Interim Managerinnen f\u00fcr Projekte, Ver\u00e4nderungen und Herausforderungen in Ihrem Unternehmen.","breadcrumb":{"@id":"https:\/\/mf.ag\/de\/interim-management\/#breadcrumb"},"inLanguage":"de","potentialAction":[{"@type":"ReadAction","target":["https:\/\/mf.ag\/de\/interim-management\/"]}]},{"@type":"ImageObject","inLanguage":"de","@id":"https:\/\/mf.ag\/de\/interim-management\/#primaryimage","url":"https:\/\/mf.ag\/wp-content\/uploads\/2025\/09\/6-circles-DE-INTERIM-1024x643.png","contentUrl":"https:\/\/mf.ag\/wp-content\/uploads\/2025\/09\/6-circles-DE-INTERIM-1024x643.png"},{"@type":"BreadcrumbList","@id":"https:\/\/mf.ag\/de\/interim-management\/#breadcrumb","itemListElement":[{"@type":"ListItem","position":1,"name":"Home","item":"https:\/\/mf.ag\/de\/"},{"@type":"ListItem","position":2,"name":"Interim Management"}]},{"@type":"WebSite","@id":"https:\/\/mf.ag\/de\/#website","url":"https:\/\/mf.ag\/de\/","name":"Management Factory","description":"Mit Executive Interim Management und Financial Advisory das Gesch\u00e4ft voranbringen","publisher":{"@id":"https:\/\/mf.ag\/de\/#organization"},"potentialAction":[{"@type":"SearchAction","target":{"@type":"EntryPoint","urlTemplate":"https:\/\/mf.ag\/de\/?s={search_term_string}"},"query-input":{"@type":"PropertyValueSpecification","valueRequired":true,"valueName":"search_term_string"}}],"inLanguage":"de"},{"@type":"Organization","@id":"https:\/\/mf.ag\/de\/#organization","name":"Management Factory","url":"https:\/\/mf.ag\/de\/","logo":{"@type":"ImageObject","inLanguage":"de","@id":"https:\/\/mf.ag\/de\/#\/schema\/logo\/image\/","url":"","contentUrl":"","caption":"Management Factory"},"image":{"@id":"https:\/\/mf.ag\/de\/#\/schema\/logo\/image\/"}}]}},"_links":{"self":[{"href":"https:\/\/mf.ag\/de\/wp-json\/wp\/v2\/pages\/52753","targetHints":{"allow":["GET"]}}],"collection":[{"href":"https:\/\/mf.ag\/de\/wp-json\/wp\/v2\/pages"}],"about":[{"href":"https:\/\/mf.ag\/de\/wp-json\/wp\/v2\/types\/page"}],"author":[{"embeddable":true,"href":"https:\/\/mf.ag\/de\/wp-json\/wp\/v2\/users\/1"}],"replies":[{"embeddable":true,"href":"https:\/\/mf.ag\/de\/wp-json\/wp\/v2\/comments?post=52753"}],"version-history":[{"count":23,"href":"https:\/\/mf.ag\/de\/wp-json\/wp\/v2\/pages\/52753\/revisions"}],"predecessor-version":[{"id":62769,"href":"https:\/\/mf.ag\/de\/wp-json\/wp\/v2\/pages\/52753\/revisions\/62769"}],"wp:attachment":[{"href":"https:\/\/mf.ag\/de\/wp-json\/wp\/v2\/media?parent=52753"}],"curies":[{"name":"wp","href":"https:\/\/api.w.org\/{rel}","templated":true}]}}