{"id":51702,"date":"2023-06-19T14:02:57","date_gmt":"2023-06-19T12:02:57","guid":{"rendered":"https:\/\/mf.ag\/?page_id=51702"},"modified":"2025-05-26T15:27:40","modified_gmt":"2025-05-26T13:27:40","slug":"interim-esg-managerin","status":"publish","type":"page","link":"https:\/\/mf.ag\/de\/interim-esg-managerin\/","title":{"rendered":"Interim ESG Manager:in"},"content":{"rendered":"\n<h2 class=\"wp-block-heading\" id=\"h-warum-unternehmen-jetzt-in-mehr-nachhaltigkeit-investieren-sollten\">Warum Unternehmen jetzt in mehr Nachhaltigkeit investieren sollten<\/h2>\n\n\n\n<p id=\"h-pursuing-digitalisation-developing-business-systems-and-modern-technical-solutions-is-business-critical-for-all-businesses\">&nbsp;Unsere Welt ver\u00e4ndert sich und konfrontiert uns mit unterschiedlichsten Krisen. Eine davon ist die Klimakrise, die es in vielen Bereichen erforderlich macht, nachhaltiger zu leben und zu wirtschaften. In diesem Sinne erstreckt sich der Begriff Nachhaltigkeit jedoch weit \u00fcber den Klima- und Umweltschutz hinaus und betrifft auch soziale Belange und Governance. In diesem Zusammenhang r\u00fcckt zunehmend der Begriff ESG in den Fokus. Aber was bedeutet er und warum sollten sich Unternehmen jeder Gr\u00f6\u00dfe lieber fr\u00fcher als sp\u00e4ter mit ESG befassen?<\/p>\n\n\n\n<div class=\"wp-block-media-text alignwide is-stacked-on-mobile is-style-tw-overlap has-background\" style=\"background-color:#ffffff\"><figure class=\"wp-block-media-text__media\"><img loading=\"lazy\" decoding=\"async\" width=\"683\" height=\"1024\" src=\"https:\/\/mf.ag\/wp-content\/uploads\/2023\/11\/ManagementFactory_c_David_Bohmann_053-2-683x1024.jpg\" alt=\"\" class=\"wp-image-54417 size-full\" srcset=\"https:\/\/mf.ag\/wp-content\/uploads\/2023\/11\/ManagementFactory_c_David_Bohmann_053-2-683x1024.jpg 683w, https:\/\/mf.ag\/wp-content\/uploads\/2023\/11\/ManagementFactory_c_David_Bohmann_053-2-200x300.jpg 200w, https:\/\/mf.ag\/wp-content\/uploads\/2023\/11\/ManagementFactory_c_David_Bohmann_053-2-768x1152.jpg 768w, https:\/\/mf.ag\/wp-content\/uploads\/2023\/11\/ManagementFactory_c_David_Bohmann_053-2-1024x1536.jpg 1024w, https:\/\/mf.ag\/wp-content\/uploads\/2023\/11\/ManagementFactory_c_David_Bohmann_053-2.jpg 1365w\" sizes=\"auto, (max-width: 683px) 100vw, 683px\" \/><\/figure><div class=\"wp-block-media-text__content\">\n<blockquote class=\"wp-block-quote is-style-tw-icon is-layout-flow wp-block-quote-is-layout-flow\">\n<p>Unternehmen sollte klar sein, dass sie langfristig wirtschaftlich nicht erfolgreich sein k\u00f6nnen, wenn sie die ESG-Kriterien nicht oder nur unzureichend erf\u00fcllen.<\/p>\n<\/blockquote>\n<\/div><\/div>\n\n\n\n<h2 class=\"wp-block-heading\">Der Vorteil, Interim ESG-Manager:innen zu beauftragen:<\/h2>\n\n\n\n<p>Wenn Sie sich bisher nur oberfl\u00e4chlich mit dem Thema ESG auseinandergesetzt hat, liefern m\u00f6glicherweise Berichtsstandards wie GRI, SASB, TCFD oder DNK wichtige Hinweise darauf, wo Ihre Handlungsfelder liegen. Interim ESG-Manager:innen bringen das n\u00f6tige Expertenwissen mit, um in den einzelnen Teilbereiche die n\u00f6tigen Analysen durchzuf\u00fchren und entsprechende Schritte zu planen \u2013 beispielsweise wenn es um Klimaschutz, CO<sub>2<\/sub>-Reduktion oder Menschenrechte geht. Sie haben die n\u00f6tige Kompetenz, um die Schwachstellen und Risiken in Ihrem Unternehmens zu identifizieren, k\u00f6nnen aber auch aufzeigen, wo Ihr Unternehmen bereits gut aufgestellt ist.<\/p>\n\n\n\n<div class=\"wp-block-columns alignwide is-layout-flex wp-container-core-columns-is-layout-d0b3c9c8 wp-block-columns-is-layout-flex\">\n<div class=\"wp-block-column has-white-background-color has-background is-layout-flow wp-block-column-is-layout-flow\" style=\"padding-top:var(--wp--preset--spacing--40);padding-right:var(--wp--preset--spacing--40);padding-bottom:var(--wp--preset--spacing--40);padding-left:var(--wp--preset--spacing--40)\">\n<h4 class=\"wp-block-heading\" id=\"h-esg-manager-innen\">ESG Manager:innen\u2026<\/h4>\n\n\n\n<ul class=\"wp-block-list\">\n<li>erfassen den Status quo in den relevanten Bereichen: Wo ist das Unternehmen gut aufgestellt, wo sind die gr\u00f6\u00dften negativen Auswirkungen und Risiken, was sollte verbessert werden?<\/li>\n\n\n\n<li>f\u00fchren eine Bedarfsanalyse durch: Es werden die konkreten Anforderungen von Stakeholdern und Investoren an das Unternehmen ermittelt.<\/li>\n\n\n\n<li>f\u00fchren eine Analyse durch: Sie stellen fest, wo Nachholbedarf besteht und welche konkrete Ma\u00dfnahmen erforderlich sind, um diese Anforderungen zu erf\u00fcllen.<\/li>\n\n\n\n<li>erstellen Nachhaltigkeitsberichte sowie CO<sub>2<\/sub>-Berichte (Scope 1-3) und helfen bei der Analyse und Definition der notwendigen Ma\u00dfnahmen<\/li>\n\n\n\n<li>stellen die Zukunftsf\u00e4higkeit des Unternehmens in den Mittelpunkt<\/li>\n\n\n\n<li>definieren strategische Ziele und entwickeln konkrete Ma\u00dfnahmen<\/li>\n\n\n\n<li>unterst\u00fctzen den Aufbau eines internen CSR-Teams zur nachhaltigen Umsetzung der Strategie<\/li>\n\n\n\n<li>helfen dabei, das Unternehmen im Wettbewerbsumfeld zu positionieren<\/li>\n\n\n\n<li>verbinden CSR mit der Marke und unterst\u00fctzen die Kommunikation<\/li>\n<\/ul>\n<\/div>\n\n\n\n<div class=\"wp-block-column has-white-color has-primary-background-color has-text-color has-background has-link-color wp-elements-0b7f9abe455a9f56eedf768b588e69e1 is-layout-flow wp-block-column-is-layout-flow\" style=\"padding-top:var(--wp--preset--spacing--40);padding-right:var(--wp--preset--spacing--40);padding-bottom:var(--wp--preset--spacing--40);padding-left:var(--wp--preset--spacing--40)\">\n<h4 class=\"wp-block-heading\" id=\"h-der-vorteil-von-interim-esg-manager-innen\">Der Vorteil von Interim ESG-Manager:innen<\/h4>\n\n\n\n<ul class=\"wp-block-list\">\n<li>Es werden keine Ressourcen vom F\u00fchrungsteam abgezogen.<\/li>\n\n\n\n<li>Der regul\u00e4re Betrieb l\u00e4uft reibungslos weiter.<\/li>\n\n\n\n<li>Interim Manager:innen widmen sich vollst\u00e4ndig der Aufgabe.<\/li>\n\n\n\n<li>Interim ESG-Manager:innen wissen, wie man Berichte und Prozesse neu ausrichtet<\/li>\n\n\n\n<li>Interim ESG-Manager:innen k\u00f6nnen sp\u00e4ter an jemanden im Unternehmen \u00fcbergeben.<\/li>\n\n\n\n<li>Interim ESG-Manager:innen verf\u00fcgen nachweisbar \u00fcber die n\u00f6tige (F\u00fchrungs-)Erfahrung.<\/li>\n\n\n\n<li>Die Umsetzung erfolgt zeit- und budgetgerecht.<\/li>\n<\/ul>\n\n\n\n<p>Wollen Sie mehr wissen? <a href=\"https:\/\/mf.ag\/de\/kontakt\/\">Kontaktieren Sie uns!<\/a><\/p>\n<\/div>\n<\/div>\n\n\n\n<div class=\"wp-block-group has-custom-white-color has-secondary-background-color has-text-color has-background has-global-padding is-layout-constrained wp-container-core-group-is-layout-52009084 wp-block-group-is-layout-constrained\" style=\"padding-top:var(--wp--preset--spacing--40);padding-right:var(--wp--preset--spacing--40);padding-bottom:var(--wp--preset--spacing--40);padding-left:var(--wp--preset--spacing--40)\">\n<h4 class=\"wp-block-heading\" id=\"h-quality-power-and-commitment\">Quality, power and commitment<\/h4>\n\n\n\n<p>Management Factor has been supporting clients from a winde range of industries with interim management since 2001. As market leader, we stand for the highest quality of our services, both professional commitment and realisation strength. We offer Interim Management and Executive Interim Management solutions to critical and complex business challenges.<\/p>\n\n\n\n<div class=\"wp-block-buttons is-layout-flex wp-block-buttons-is-layout-flex\">\n<div class=\"wp-block-button\"><a class=\"wp-block-button__link has-base-color has-text-color has-link-color wp-element-button\" href=\"https:\/\/mf.ag\/de\/uber-uns\/\">Read about our story here<\/a><\/div>\n<\/div>\n<\/div>\n","protected":false},"excerpt":{"rendered":"<p>Warum Unternehmen jetzt in mehr Nachhaltigkeit investieren sollten &nbsp;Unsere Welt ver\u00e4ndert sich und konfrontiert uns mit unterschiedlichsten Krisen. Eine davon ist die Klimakrise, die es in vielen Bereichen erforderlich macht, nachhaltiger zu leben und zu wirtschaften. In diesem Sinne erstreckt sich der Begriff Nachhaltigkeit jedoch weit \u00fcber den Klima- und Umweltschutz hinaus und betrifft auch [&hellip;]<\/p>\n","protected":false},"author":1,"featured_media":0,"parent":0,"menu_order":0,"comment_status":"closed","ping_status":"closed","template":"","meta":{"inline_featured_image":false,"footnotes":""},"class_list":["post-51702","page","type-page","status-publish","hentry"],"featured_image_urls_v2":{"full":"","thumbnail":"","medium":"","medium_large":"","large":"","1536x1536":"","2048x2048":"","gform-image-choice-sm":"","gform-image-choice-md":"","gform-image-choice-lg":"","profile_24":"","profile_48":"","profile_96":"","profile_150":"","profile_300":""},"post_excerpt_stackable_v2":"<p>Warum Unternehmen jetzt in mehr Nachhaltigkeit investieren sollten &nbsp;Unsere Welt ver\u00e4ndert sich und konfrontiert uns mit unterschiedlichsten Krisen. Eine davon ist die Klimakrise, die es in vielen Bereichen erforderlich macht, nachhaltiger zu leben und zu wirtschaften. In diesem Sinne erstreckt sich der Begriff Nachhaltigkeit jedoch weit \u00fcber den Klima- und Umweltschutz hinaus und betrifft auch soziale Belange und Governance. In diesem Zusammenhang r\u00fcckt zunehmend der Begriff ESG in den Fokus. Aber was bedeutet er und warum sollten sich Unternehmen jeder Gr\u00f6\u00dfe lieber fr\u00fcher als sp\u00e4ter mit ESG befassen? Unternehmen sollte klar sein, dass sie langfristig wirtschaftlich nicht erfolgreich sein k\u00f6nnen,&hellip;<\/p>\n","category_list_v2":"","author_info_v2":{"name":"Pierre","url":"https:\/\/mf.ag\/de\/author\/superfun\/"},"comments_num_v2":"0 comments","yoast_head":"<!-- This site is optimized with the Yoast SEO Premium plugin v25.8 (Yoast SEO v27.5) - https:\/\/yoast.com\/product\/yoast-seo-premium-wordpress\/ -->\n<title>Interim ESG Manager:in &#187; Management Factory<\/title>\n<meta name=\"robots\" content=\"index, follow, max-snippet:-1, max-image-preview:large, max-video-preview:-1\" \/>\n<link rel=\"canonical\" href=\"https:\/\/mf.ag\/de\/interim-esg-managerin\/\" \/>\n<meta property=\"og:locale\" content=\"de_DE\" \/>\n<meta property=\"og:type\" content=\"article\" \/>\n<meta property=\"og:title\" content=\"Interim ESG Manager:in\" \/>\n<meta property=\"og:description\" content=\"Warum Unternehmen jetzt in mehr Nachhaltigkeit investieren sollten &nbsp;Unsere Welt ver\u00e4ndert sich und konfrontiert uns mit unterschiedlichsten Krisen. Eine davon ist die Klimakrise, die es in vielen Bereichen erforderlich macht, nachhaltiger zu leben und zu wirtschaften. In diesem Sinne erstreckt sich der Begriff Nachhaltigkeit jedoch weit \u00fcber den Klima- und Umweltschutz hinaus und betrifft auch [&hellip;]\" \/>\n<meta property=\"og:url\" content=\"https:\/\/mf.ag\/de\/interim-esg-managerin\/\" \/>\n<meta property=\"og:site_name\" content=\"Management Factory\" \/>\n<meta property=\"article:modified_time\" content=\"2025-05-26T13:27:40+00:00\" \/>\n<meta property=\"og:image\" content=\"https:\/\/mf.ag\/wp-content\/uploads\/2023\/11\/ManagementFactory_c_David_Bohmann_053-2-683x1024.jpg\" \/>\n<meta name=\"twitter:card\" content=\"summary_large_image\" \/>\n<meta name=\"twitter:label1\" content=\"Gesch\u00e4tzte Lesezeit\" \/>\n\t<meta name=\"twitter:data1\" content=\"3\u00a0Minuten\" \/>\n<script type=\"application\/ld+json\" class=\"yoast-schema-graph\">{\"@context\":\"https:\\\/\\\/schema.org\",\"@graph\":[{\"@type\":\"WebPage\",\"@id\":\"https:\\\/\\\/mf.ag\\\/de\\\/interim-esg-managerin\\\/\",\"url\":\"https:\\\/\\\/mf.ag\\\/de\\\/interim-esg-managerin\\\/\",\"name\":\"Interim ESG Manager:in &#187; Management Factory\",\"isPartOf\":{\"@id\":\"https:\\\/\\\/mf.ag\\\/de\\\/#website\"},\"primaryImageOfPage\":{\"@id\":\"https:\\\/\\\/mf.ag\\\/de\\\/interim-esg-managerin\\\/#primaryimage\"},\"image\":{\"@id\":\"https:\\\/\\\/mf.ag\\\/de\\\/interim-esg-managerin\\\/#primaryimage\"},\"thumbnailUrl\":\"https:\\\/\\\/mf.ag\\\/wp-content\\\/uploads\\\/2023\\\/11\\\/ManagementFactory_c_David_Bohmann_053-2-683x1024.jpg\",\"datePublished\":\"2023-06-19T12:02:57+00:00\",\"dateModified\":\"2025-05-26T13:27:40+00:00\",\"breadcrumb\":{\"@id\":\"https:\\\/\\\/mf.ag\\\/de\\\/interim-esg-managerin\\\/#breadcrumb\"},\"inLanguage\":\"de\",\"potentialAction\":[{\"@type\":\"ReadAction\",\"target\":[\"https:\\\/\\\/mf.ag\\\/de\\\/interim-esg-managerin\\\/\"]}]},{\"@type\":\"ImageObject\",\"inLanguage\":\"de\",\"@id\":\"https:\\\/\\\/mf.ag\\\/de\\\/interim-esg-managerin\\\/#primaryimage\",\"url\":\"https:\\\/\\\/mf.ag\\\/wp-content\\\/uploads\\\/2023\\\/11\\\/ManagementFactory_c_David_Bohmann_053-2-683x1024.jpg\",\"contentUrl\":\"https:\\\/\\\/mf.ag\\\/wp-content\\\/uploads\\\/2023\\\/11\\\/ManagementFactory_c_David_Bohmann_053-2-683x1024.jpg\"},{\"@type\":\"BreadcrumbList\",\"@id\":\"https:\\\/\\\/mf.ag\\\/de\\\/interim-esg-managerin\\\/#breadcrumb\",\"itemListElement\":[{\"@type\":\"ListItem\",\"position\":1,\"name\":\"Home\",\"item\":\"https:\\\/\\\/mf.ag\\\/de\\\/\"},{\"@type\":\"ListItem\",\"position\":2,\"name\":\"Interim ESG Manager:in\"}]},{\"@type\":\"WebSite\",\"@id\":\"https:\\\/\\\/mf.ag\\\/de\\\/#website\",\"url\":\"https:\\\/\\\/mf.ag\\\/de\\\/\",\"name\":\"Management Factory\",\"description\":\"Mit Executive Interim Management und Financial Advisory das Gesch\u00e4ft voranbringen\",\"publisher\":{\"@id\":\"https:\\\/\\\/mf.ag\\\/de\\\/#organization\"},\"potentialAction\":[{\"@type\":\"SearchAction\",\"target\":{\"@type\":\"EntryPoint\",\"urlTemplate\":\"https:\\\/\\\/mf.ag\\\/de\\\/?s={search_term_string}\"},\"query-input\":{\"@type\":\"PropertyValueSpecification\",\"valueRequired\":true,\"valueName\":\"search_term_string\"}}],\"inLanguage\":\"de\"},{\"@type\":\"Organization\",\"@id\":\"https:\\\/\\\/mf.ag\\\/de\\\/#organization\",\"name\":\"Management Factory\",\"url\":\"https:\\\/\\\/mf.ag\\\/de\\\/\",\"logo\":{\"@type\":\"ImageObject\",\"inLanguage\":\"de\",\"@id\":\"https:\\\/\\\/mf.ag\\\/de\\\/#\\\/schema\\\/logo\\\/image\\\/\",\"url\":\"\",\"contentUrl\":\"\",\"caption\":\"Management Factory\"},\"image\":{\"@id\":\"https:\\\/\\\/mf.ag\\\/de\\\/#\\\/schema\\\/logo\\\/image\\\/\"}}]}<\/script>\n<!-- \/ Yoast SEO Premium plugin. -->","yoast_head_json":{"title":"Interim ESG Manager:in &#187; Management Factory","robots":{"index":"index","follow":"follow","max-snippet":"max-snippet:-1","max-image-preview":"max-image-preview:large","max-video-preview":"max-video-preview:-1"},"canonical":"https:\/\/mf.ag\/de\/interim-esg-managerin\/","og_locale":"de_DE","og_type":"article","og_title":"Interim ESG Manager:in","og_description":"Warum Unternehmen jetzt in mehr Nachhaltigkeit investieren sollten &nbsp;Unsere Welt ver\u00e4ndert sich und konfrontiert uns mit unterschiedlichsten Krisen. Eine davon ist die Klimakrise, die es in vielen Bereichen erforderlich macht, nachhaltiger zu leben und zu wirtschaften. In diesem Sinne erstreckt sich der Begriff Nachhaltigkeit jedoch weit \u00fcber den Klima- und Umweltschutz hinaus und betrifft auch [&hellip;]","og_url":"https:\/\/mf.ag\/de\/interim-esg-managerin\/","og_site_name":"Management Factory","article_modified_time":"2025-05-26T13:27:40+00:00","og_image":[{"url":"https:\/\/mf.ag\/wp-content\/uploads\/2023\/11\/ManagementFactory_c_David_Bohmann_053-2-683x1024.jpg","type":"","width":"","height":""}],"twitter_card":"summary_large_image","twitter_misc":{"Gesch\u00e4tzte Lesezeit":"3\u00a0Minuten"},"schema":{"@context":"https:\/\/schema.org","@graph":[{"@type":"WebPage","@id":"https:\/\/mf.ag\/de\/interim-esg-managerin\/","url":"https:\/\/mf.ag\/de\/interim-esg-managerin\/","name":"Interim ESG Manager:in &#187; Management Factory","isPartOf":{"@id":"https:\/\/mf.ag\/de\/#website"},"primaryImageOfPage":{"@id":"https:\/\/mf.ag\/de\/interim-esg-managerin\/#primaryimage"},"image":{"@id":"https:\/\/mf.ag\/de\/interim-esg-managerin\/#primaryimage"},"thumbnailUrl":"https:\/\/mf.ag\/wp-content\/uploads\/2023\/11\/ManagementFactory_c_David_Bohmann_053-2-683x1024.jpg","datePublished":"2023-06-19T12:02:57+00:00","dateModified":"2025-05-26T13:27:40+00:00","breadcrumb":{"@id":"https:\/\/mf.ag\/de\/interim-esg-managerin\/#breadcrumb"},"inLanguage":"de","potentialAction":[{"@type":"ReadAction","target":["https:\/\/mf.ag\/de\/interim-esg-managerin\/"]}]},{"@type":"ImageObject","inLanguage":"de","@id":"https:\/\/mf.ag\/de\/interim-esg-managerin\/#primaryimage","url":"https:\/\/mf.ag\/wp-content\/uploads\/2023\/11\/ManagementFactory_c_David_Bohmann_053-2-683x1024.jpg","contentUrl":"https:\/\/mf.ag\/wp-content\/uploads\/2023\/11\/ManagementFactory_c_David_Bohmann_053-2-683x1024.jpg"},{"@type":"BreadcrumbList","@id":"https:\/\/mf.ag\/de\/interim-esg-managerin\/#breadcrumb","itemListElement":[{"@type":"ListItem","position":1,"name":"Home","item":"https:\/\/mf.ag\/de\/"},{"@type":"ListItem","position":2,"name":"Interim ESG Manager:in"}]},{"@type":"WebSite","@id":"https:\/\/mf.ag\/de\/#website","url":"https:\/\/mf.ag\/de\/","name":"Management Factory","description":"Mit Executive Interim Management und Financial Advisory das Gesch\u00e4ft voranbringen","publisher":{"@id":"https:\/\/mf.ag\/de\/#organization"},"potentialAction":[{"@type":"SearchAction","target":{"@type":"EntryPoint","urlTemplate":"https:\/\/mf.ag\/de\/?s={search_term_string}"},"query-input":{"@type":"PropertyValueSpecification","valueRequired":true,"valueName":"search_term_string"}}],"inLanguage":"de"},{"@type":"Organization","@id":"https:\/\/mf.ag\/de\/#organization","name":"Management Factory","url":"https:\/\/mf.ag\/de\/","logo":{"@type":"ImageObject","inLanguage":"de","@id":"https:\/\/mf.ag\/de\/#\/schema\/logo\/image\/","url":"","contentUrl":"","caption":"Management Factory"},"image":{"@id":"https:\/\/mf.ag\/de\/#\/schema\/logo\/image\/"}}]}},"_links":{"self":[{"href":"https:\/\/mf.ag\/de\/wp-json\/wp\/v2\/pages\/51702","targetHints":{"allow":["GET"]}}],"collection":[{"href":"https:\/\/mf.ag\/de\/wp-json\/wp\/v2\/pages"}],"about":[{"href":"https:\/\/mf.ag\/de\/wp-json\/wp\/v2\/types\/page"}],"author":[{"embeddable":true,"href":"https:\/\/mf.ag\/de\/wp-json\/wp\/v2\/users\/1"}],"replies":[{"embeddable":true,"href":"https:\/\/mf.ag\/de\/wp-json\/wp\/v2\/comments?post=51702"}],"version-history":[{"count":12,"href":"https:\/\/mf.ag\/de\/wp-json\/wp\/v2\/pages\/51702\/revisions"}],"predecessor-version":[{"id":60907,"href":"https:\/\/mf.ag\/de\/wp-json\/wp\/v2\/pages\/51702\/revisions\/60907"}],"wp:attachment":[{"href":"https:\/\/mf.ag\/de\/wp-json\/wp\/v2\/media?parent=51702"}],"curies":[{"name":"wp","href":"https:\/\/api.w.org\/{rel}","templated":true}]}}