{"id":50913,"date":"2021-11-19T14:23:31","date_gmt":"2021-11-19T13:23:31","guid":{"rendered":"https:\/\/mf.ag\/?page_id=50913"},"modified":"2026-04-14T16:29:17","modified_gmt":"2026-04-14T14:29:17","slug":"interim-manager","status":"publish","type":"page","link":"https:\/\/mf.ag\/de\/interim-manager\/","title":{"rendered":"Unsere Interim Manager:innen"},"content":{"rendered":"\n<div class=\"wp-block-group alignfull has-tertiary-background-color has-background has-global-padding is-layout-constrained wp-container-core-group-is-layout-1b225bdb wp-block-group-is-layout-constrained\" style=\"margin-top:0;margin-bottom:0;padding-top:0;padding-right:var(--wp--preset--spacing--30);padding-bottom:0;padding-left:var(--wp--preset--spacing--30)\">\n<div class=\"wp-block-media-text alignwide is-stacked-on-mobile is-vertically-aligned-center is-style-tw-overlap has-white-background-color has-background\" style=\"margin-top:0\"><figure class=\"wp-block-media-text__media\"><img loading=\"lazy\" decoding=\"async\" width=\"1024\" height=\"683\" src=\"https:\/\/mf.ag\/wp-content\/uploads\/2023\/11\/ManagementFactory_c_David_Bohmann_040-1024x683.jpg\" alt=\"\" class=\"wp-image-54269 size-full\" srcset=\"https:\/\/mf.ag\/wp-content\/uploads\/2023\/11\/ManagementFactory_c_David_Bohmann_040-1024x683.jpg 1024w, https:\/\/mf.ag\/wp-content\/uploads\/2023\/11\/ManagementFactory_c_David_Bohmann_040-300x200.jpg 300w, https:\/\/mf.ag\/wp-content\/uploads\/2023\/11\/ManagementFactory_c_David_Bohmann_040-768x512.jpg 768w, https:\/\/mf.ag\/wp-content\/uploads\/2023\/11\/ManagementFactory_c_David_Bohmann_040-1536x1024.jpg 1536w, https:\/\/mf.ag\/wp-content\/uploads\/2023\/11\/ManagementFactory_c_David_Bohmann_040.jpg 2048w\" sizes=\"auto, (max-width: 1024px) 100vw, 1024px\" \/><\/figure><div class=\"wp-block-media-text__content\">\n<h2 class=\"wp-block-heading\" id=\"h-ein-e-interim-manager-in-ist-eine-hervorragende-losung-wenn-das-unternehmen-vor-einer-herausforderung-steht\">Ein:e Interim Manager:in ist eine hervorragende L\u00f6sung, wenn das Unternehmen vor einer Herausforderung steht.<\/h2>\n\n\n\n<p>Interim Manager:innen k\u00f6nnen Probleme l\u00f6sen, Changeprozesse einleiten und durchf\u00fchren und eine kurzfristig zu besetzende F\u00fchrungsposition schnell ausf\u00fcllen, etwa bei Vakanzen in Krankheitsf\u00e4llen. Alle Mandate und Einsatzbereiche sind einzigartig. Interim Manager:innen erkennen rasch den konkreten Handlungsbedarf in der jeweiligen Situation. Executive Interim Management ist von gro\u00dfem Wert, wenn es darum geht, ein Projekt kurzfristig zum Erfolg zu f\u00fchren oder strategisch wichtige Ver\u00e4nderungen umzusetzen, um das Wachstum eines Unternehmens voranzutreiben.<\/p>\n\n\n\n<div class=\"wp-block-buttons is-nowrap is-layout-flex wp-container-core-buttons-is-layout-e1411b87 wp-block-buttons-is-layout-flex\" style=\"margin-top:var(--wp--preset--spacing--30)\">\n<div class=\"wp-block-button\"><a class=\"wp-block-button__link has-base-color has-text-color has-link-color wp-element-button\" href=\"https:\/\/mf.ag\/de\/kontakt\/\">Kontakt<\/a><\/div>\n<\/div>\n<\/div><\/div>\n\n\n\n<div class=\"wp-block-group alignwide has-tertiary-background-color has-background is-layout-flow wp-block-group-is-layout-flow\" style=\"padding-top:0;padding-right:0;padding-bottom:0;padding-left:0\">\n<div class=\"wp-block-columns alignwide is-layout-flex wp-container-core-columns-is-layout-adf2eb3b wp-block-columns-is-layout-flex\">\n<div class=\"wp-block-column is-layout-flow wp-block-column-is-layout-flow\">\n<div class=\"wp-block-buttons alignwide is-layout-flex wp-block-buttons-is-layout-flex\">\n<div class=\"wp-block-button has-custom-width wp-block-button__width-100 button-arrow\"><a class=\"wp-block-button__link has-contrast-color has-base-background-color has-text-color has-background has-link-color wp-element-button\" href=\"https:\/\/mf.ag\/de\/interim-ceo\/\">Interim CEO <i class=\"fas fa-arrow-right\"><\/i><\/a><\/div>\n<\/div>\n<\/div>\n\n\n\n<div class=\"wp-block-column is-layout-flow wp-block-column-is-layout-flow\">\n<div class=\"wp-block-buttons alignwide is-layout-flex wp-block-buttons-is-layout-flex\">\n<div class=\"wp-block-button has-custom-width wp-block-button__width-100 button-arrow\"><a class=\"wp-block-button__link has-contrast-color has-base-background-color has-text-color has-background has-link-color wp-element-button\" href=\"https:\/\/mf.ag\/de\/interim-cfo\/\">Interim CFO \/ Interim Finance &amp; Controlling Manager:in <i class=\"fas fa-arrow-right\"><\/i><\/a><\/div>\n<\/div>\n<\/div>\n\n\n\n<div class=\"wp-block-column is-layout-flow wp-block-column-is-layout-flow\">\n<div class=\"wp-block-buttons alignwide is-layout-flex wp-block-buttons-is-layout-flex\">\n<div class=\"wp-block-button has-custom-width wp-block-button__width-100 button-arrow\"><a class=\"wp-block-button__link has-contrast-color has-base-background-color has-text-color has-background has-link-color wp-element-button\" href=\"https:\/\/mf.ag\/de\/interim-chief-operating-officer\/\">Interim Chief Operating Officer (COO)<br><i class=\"fas fa-arrow-right\"><\/i><\/a><\/div>\n<\/div>\n<\/div>\n<\/div>\n\n\n\n<div class=\"wp-block-columns alignwide is-layout-flex wp-container-core-columns-is-layout-adf2eb3b wp-block-columns-is-layout-flex\">\n<div class=\"wp-block-column is-layout-flow wp-block-column-is-layout-flow\">\n<div class=\"wp-block-buttons alignwide is-layout-flex wp-block-buttons-is-layout-flex\">\n<div class=\"wp-block-button has-custom-width wp-block-button__width-100 button-arrow\"><a class=\"wp-block-button__link has-contrast-color has-base-background-color has-text-color has-background has-link-color wp-element-button\" href=\"https:\/\/mf.ag\/de\/interim-cro\/\">Chief Restructuring Officer (CRO) <i class=\"fas fa-arrow-right\"><\/i><\/a><\/div>\n<\/div>\n<\/div>\n\n\n\n<div class=\"wp-block-column is-layout-flow wp-block-column-is-layout-flow\">\n<div class=\"wp-block-buttons alignwide is-layout-flex wp-block-buttons-is-layout-flex\">\n<div class=\"wp-block-button has-custom-width wp-block-button__width-100 button-arrow\"><a class=\"wp-block-button__link has-contrast-color has-base-background-color has-text-color has-background has-link-color wp-element-button\" href=\"https:\/\/mf.ag\/de\/interim-programm-projektmanagerin\/\">Interim Programmmanager:in \/ Interim Projektmanager:in <i class=\"fas fa-arrow-right\"><\/i><\/a><\/div>\n<\/div>\n<\/div>\n\n\n\n<div class=\"wp-block-column is-layout-flow wp-block-column-is-layout-flow\">\n<div class=\"wp-block-buttons alignwide is-layout-flex wp-block-buttons-is-layout-flex\">\n<div class=\"wp-block-button has-custom-width wp-block-button__width-100 button-arrow\"><a class=\"wp-block-button__link has-contrast-color has-base-background-color has-text-color has-background has-link-color wp-element-button\" href=\"https:\/\/mf.ag\/de\/interim-werkleiter\/\">Interim Werkleiter:in<br><i class=\"fas fa-arrow-right\"><\/i><\/a><\/div>\n<\/div>\n<\/div>\n<\/div>\n\n\n\n<div class=\"wp-block-columns alignwide is-layout-flex wp-container-core-columns-is-layout-adf2eb3b wp-block-columns-is-layout-flex\">\n<div class=\"wp-block-column is-layout-flow wp-block-column-is-layout-flow\">\n<div class=\"wp-block-buttons alignwide is-layout-flex wp-block-buttons-is-layout-flex\">\n<div class=\"wp-block-button has-custom-width wp-block-button__width-100 button-arrow\"><a class=\"wp-block-button__link has-contrast-color has-base-background-color has-text-color has-background has-link-color wp-element-button\" href=\"https:\/\/mf.ag\/de\/interim-hr-managerin\/\">HR Interim Manager:in<br><i class=\"fas fa-arrow-right\"><\/i><\/a><\/div>\n<\/div>\n<\/div>\n\n\n\n<div class=\"wp-block-column is-layout-flow wp-block-column-is-layout-flow\">\n<div class=\"wp-block-buttons alignwide is-layout-flex wp-block-buttons-is-layout-flex\">\n<div class=\"wp-block-button has-custom-width wp-block-button__width-100 button-arrow\"><a class=\"wp-block-button__link has-contrast-color has-base-background-color has-text-color has-background has-link-color wp-element-button\" href=\"https:\/\/mf.ag\/de\/interim-cio-it-managerin\/\">Interim CIO &amp; IT Manager:in<br><i class=\"fas fa-arrow-right\"><\/i><\/a><\/div>\n<\/div>\n<\/div>\n\n\n\n<div class=\"wp-block-column is-layout-flow wp-block-column-is-layout-flow\">\n<div class=\"wp-block-buttons alignwide is-layout-flex wp-block-buttons-is-layout-flex\">\n<div class=\"wp-block-button has-custom-width wp-block-button__width-100 button-arrow\"><a class=\"wp-block-button__link has-contrast-color has-base-background-color has-text-color has-background has-link-color wp-element-button\" href=\"https:\/\/mf.ag\/de\/interim-supply-chain-managerin\/\">Interim Supply Chain Manager:in <i class=\"fas fa-arrow-right\"><\/i><\/a><\/div>\n<\/div>\n<\/div>\n<\/div>\n<\/div>\n\n\n\n<div class=\"wp-block-columns alignwide is-layout-flex wp-container-core-columns-is-layout-adf2eb3b wp-block-columns-is-layout-flex\">\n<div class=\"wp-block-column is-layout-flow wp-block-column-is-layout-flow\">\n<div class=\"wp-block-buttons alignwide is-layout-flex wp-block-buttons-is-layout-flex\">\n<div class=\"wp-block-button has-custom-width wp-block-button__width-100 button-arrow\"><a class=\"wp-block-button__link has-contrast-color has-base-background-color has-text-color has-background has-link-color wp-element-button\" href=\"https:\/\/mf.ag\/de\/interim-esg-managerin\/\">Interim ESG Manager:in <i class=\"fas fa-arrow-right\"><\/i><\/a><\/div>\n<\/div>\n<\/div>\n\n\n\n<div class=\"wp-block-column is-layout-flow wp-block-column-is-layout-flow\">\n<div class=\"wp-block-buttons alignwide is-layout-flex wp-block-buttons-is-layout-flex\"><\/div>\n<\/div>\n\n\n\n<div class=\"wp-block-column is-layout-flow wp-block-column-is-layout-flow\">\n<div class=\"wp-block-buttons alignwide is-layout-flex wp-block-buttons-is-layout-flex\"><\/div>\n<\/div>\n<\/div>\n<\/div>\n\n\n\n<div class=\"wp-block-media-text alignwide has-media-on-the-right is-stacked-on-mobile is-vertically-aligned-center is-style-tw-overlap has-white-background-color has-background\" style=\"margin-top:var(--wp--preset--spacing--40)\"><div class=\"wp-block-media-text__content\">\n<blockquote class=\"wp-block-quote is-style-tw-icon is-layout-flow wp-block-quote-is-layout-flow\">\n<p>Ein Executive Interim Manager unterst\u00fctzt kurzfristig bei einem Projekt oder einer bestimmten Aufgabe mit Fokus auf den konkreten Auftrag. Der Einsatz ist bei Ver\u00e4nderungen wie beispielsweise Strategieprojekten oder zur F\u00f6rderung des Wachstums von unsch\u00e4tzbarem Wert.<\/p>\n<\/blockquote>\n<\/div><figure class=\"wp-block-media-text__media\"><img loading=\"lazy\" decoding=\"async\" width=\"1024\" height=\"683\" src=\"https:\/\/mf.ag\/wp-content\/uploads\/2023\/11\/ManagementFactory_c_David_Bohmann_127-1024x683.jpg\" alt=\"\" class=\"wp-image-54314 size-full\" srcset=\"https:\/\/mf.ag\/wp-content\/uploads\/2023\/11\/ManagementFactory_c_David_Bohmann_127-1024x683.jpg 1024w, https:\/\/mf.ag\/wp-content\/uploads\/2023\/11\/ManagementFactory_c_David_Bohmann_127-300x200.jpg 300w, https:\/\/mf.ag\/wp-content\/uploads\/2023\/11\/ManagementFactory_c_David_Bohmann_127-768x512.jpg 768w, https:\/\/mf.ag\/wp-content\/uploads\/2023\/11\/ManagementFactory_c_David_Bohmann_127-1536x1024.jpg 1536w, https:\/\/mf.ag\/wp-content\/uploads\/2023\/11\/ManagementFactory_c_David_Bohmann_127.jpg 2048w\" sizes=\"auto, (max-width: 1024px) 100vw, 1024px\" \/><\/figure><\/div>\n\n\n\n<div class=\"wp-block-group alignfull has-background has-global-padding is-layout-constrained wp-block-group-is-layout-constrained\" style=\"background-color:#ffffff\">\n<h2 class=\"wp-block-heading\" id=\"h-fragen-zum-thema-interim-management\">Fragen zum Thema Interim Management<\/h2>\n\n\n\n<div class=\"wp-block-group has-global-padding is-layout-constrained wp-block-group-is-layout-constrained\"><div class=\"lightweight-accordion\"><details><summary class=\"lightweight-accordion-title\"><span>Was ist Interim Management?<\/span><\/summary><div class=\"lightweight-accordion-body\">\n\n<p>Interim Management verschafft Unternehmen Zugang zu sehr erfahrenen und kurzfristig einsetzbaren F\u00fchrungskr\u00e4ften. Das ist vor allem in Krisen und schwierigen Situationen wichtig, aber auch dann, wenn eigene Ressourcen fehlen, um eine Vakanz qualifiziert zu besetzen.&nbsp;<\/p>\n\n\n\n<p>Interim Manager:innen verf\u00fcgen \u00fcber langj\u00e4hrige Erfahrung in leitenden Funktionen. Sie haben \u00fcblicherweise erfolgreich verschiedene Ver\u00e4nderungsaufgaben in komplexen Umfeldern gemeistert und kommen aus F\u00fchrungspositionen in Privatunternehmen oder staatsnahen Betrieben. In der Regel entscheiden sich Interim Manager:innen bewusst, ihre Festanstellung im Management aufzugeben, um eine gro\u00dfe Bandbreite an spannenden neuen F\u00fchrungsaufgaben zu \u00fcbernehmen.&nbsp;<\/p>\n\n<\/div><\/details><\/div>\n\n<div class=\"lightweight-accordion\"><details><summary class=\"lightweight-accordion-title\"><span>Was unterscheidet Interim Manager:innen von Management Consultants?<\/span><\/summary><div class=\"lightweight-accordion-body\">\n\n<p>Nachfolgend haben wir die wichtigsten Unterschiede aufgelistet:<\/p>\n\n\n\n<figure class=\"wp-block-table is-style-tw-border-h-inner\"><table><thead><tr><th class=\"has-text-align-left\" data-align=\"left\"><strong><strong>Interim Manager:innen<\/strong><\/strong><\/th><th class=\"has-text-align-left\" data-align=\"left\"><strong><strong>Management Consultants<\/strong><\/strong><\/th><\/tr><\/thead><tbody><tr><td class=\"has-text-align-left\" data-align=\"left\"><strong><span style=\"color: #65778e;\" class=\"stk-highlight\"><strong>Hauptfokus<\/strong><\/span><\/strong><\/td><td class=\"has-text-align-left\" data-align=\"left\"><\/td><\/tr><tr><td class=\"has-text-align-left\" data-align=\"left\">Steuert konkret messbare Ergebnisse an, f\u00fchrt umsetzungsorientiert durch komplexe Ver\u00e4nderungsprozesse und treibt diese voran&nbsp;<\/td><td class=\"has-text-align-left\" data-align=\"left\">Analysiert, ber\u00e4t und bietet Know-How-Transfer, unter anderem durch Best Practices; arbeitet L\u00f6sungen aus und\/oder arbeitet bei einem Projekt mit<\/td><\/tr><tr><td class=\"has-text-align-left\" data-align=\"left\"><strong><span style=\"color: #65778e;\" class=\"stk-highlight\"><strong>F\u00e4higkeiten<\/strong><\/span><\/strong><\/td><td class=\"has-text-align-left\" data-align=\"left\"><\/td><\/tr><tr><td class=\"has-text-align-left\" data-align=\"left\">Arbeitet auf Basis von Erkenntnissen, die aus langj\u00e4hriger Erfahrung in umsetzungsorientierten F\u00fchrungsfunktionen gewonnen wurden, sowie aufgrund von hohen Fach- und Branchenkenntnissen. Hat in einigen F\u00e4llen Erfahrung im Consulting.<\/td><td class=\"has-text-align-left\" data-align=\"left\">Arbeitet auf Basis von Methoden, Prozessen und Analysen sowie branchen- oder aufgabenspezifischen Best Practices, die vom Beratungsunternehmen gesammelt wurden.<\/td><\/tr><tr><td class=\"has-text-align-left\" data-align=\"left\"><span style=\"color: #65778e;\" class=\"stk-highlight\"><strong><strong>Einsatzbereich<\/strong><\/strong><\/span><\/td><td class=\"has-text-align-left\" data-align=\"left\"><\/td><\/tr><tr><td class=\"has-text-align-left\" data-align=\"left\">Agiert als Teil der Organisation des Kunden, oft&nbsp;mit Budget- und\/oder Ergebnisverantwortung.&nbsp;<\/td><td class=\"has-text-align-left\" data-align=\"left\">Agiert au\u00dferhalb des organisatorischen Rahmens, oft im Zusammenhang mit einem bestimmten Projekt<\/td><\/tr><tr><td class=\"has-text-align-left\" data-align=\"left\"><strong><span style=\"color: #65778e;\" class=\"stk-highlight\"><strong>Alter<\/strong><\/span><\/strong><\/td><td class=\"has-text-align-left\" data-align=\"left\"><\/td><\/tr><tr><td class=\"has-text-align-left\" data-align=\"left\">40+, abh\u00e4ngig von Branche und Funktion<\/td><td class=\"has-text-align-left\" data-align=\"left\">In der Regel j\u00fcnger und unerfahrener, h\u00e4ufig zwischen 25 und 35 Jahre alt.<\/td><\/tr><tr><td class=\"has-text-align-left\" data-align=\"left\"><strong><span style=\"color: #65778e;\" class=\"stk-highlight\"><strong>Commitment den Kunden gegen\u00fcber<\/strong><\/span><\/strong><\/td><td class=\"has-text-align-left\" data-align=\"left\"><\/td><\/tr><tr><td class=\"has-text-align-left\" data-align=\"left\">Absolut loyal zu Kunden und gro\u00dfe Identifikation&nbsp;mit den Zielen. Berichtet dem Kunden wie eine angestellte Person. Hat keine Motivation, dem Kunden externe Beratungsleistungen zu verkaufen.<\/td><td class=\"has-text-align-left\" data-align=\"left\">In einer Doppelrolle loyal gegen\u00fcber dem Kunden, aber auch gegen\u00fcber dem eigenen Beratungsunternehmen.<br><\/td><\/tr><\/tbody><\/table><\/figure>\n\n<\/div><\/details><\/div>\n\n<div class=\"lightweight-accordion\"><details><summary class=\"lightweight-accordion-title\"><span>In welchen F\u00e4llen ist Interim Management die beste L\u00f6sung?\u00a0<\/span><\/summary><div class=\"lightweight-accordion-body\">\n\n<p>Interim Management ist dann optimal, wenn Sie schnell einen erfahrenen Manager oder eine Spezialistin in einem bestimmten Bereich hinzuziehen m\u00fcssen. Das kann auch hilfreich sein, wenn die Rekrutierung einer F\u00fchrungskraft zu lange dauern w\u00fcrde und die klassische Unternehmensberatung nicht die n\u00f6tige Hands-on-Mentalit\u00e4t und Umsetzungsst\u00e4rke mitbringt. Mit Interim Management schlie\u00dfen Unternehmen eine kritische L\u00fccke, vor allem in Phasen der Reorganisation und (digitalen) Transformation, der (Auslands-)Expansion oder der Ver\u00e4u\u00dferung des Unternehmens. Kunden erhalten durch Interim Manager:innen Hilfe von einer oder mehreren F\u00fchrungspers\u00f6nlichkeiten, die notwendige Ma\u00dfnahmen operativ in die Tat umsetzen.<\/p>\n\n\n\n<p>Mehr \u00fcber <a href=\"https:\/\/mf.ag\/de\/unsere-dienstleistungen\/\">unsere Services<\/a>. <\/p>\n\n<\/div><\/details><\/div>\n\n<div class=\"lightweight-accordion\"><details><summary class=\"lightweight-accordion-title\"><span>Welche Rollen k\u00f6nnen Interim Manager:innen ausf\u00fcllen?<\/span><\/summary><div class=\"lightweight-accordion-body\">\n\n<h4 class=\"wp-block-heading\"><meta charset=\"utf-8\">Interim Restructuring Manager:in<\/h4>\n\n\n\n<ul class=\"wp-block-list\">\n<li><meta charset=\"utf-8\">CRO \/ Chief Restructuring Officer<\/li>\n<\/ul>\n\n\n\n<p><a href=\"https:\/\/mf.ag\/de\/restrukturierung\/\">Mehr \u00fcber Restructuring Management<\/a><\/p>\n\n\n\n<h4 class=\"wp-block-heading\"><meta charset=\"utf-8\">Interim Executives &#8211; CXO<\/h4>\n\n\n\n<ul class=\"wp-block-list\">\n<li>CEO\/Group CEO \/ Chief Executive Officer&nbsp;<\/li>\n\n\n\n<li>CFO \/ Chief Financial Officer<\/li>\n<\/ul>\n\n\n\n<p><a href=\"https:\/\/mf.ag\/de\/executive-interim-management\/\">Mehr \u00fcber Executive Management<\/a><\/p>\n\n\n\n<h4 class=\"wp-block-heading\"><meta charset=\"utf-8\">Interim Functional Manager:in<\/h4>\n\n\n\n<ul class=\"wp-block-list\">\n<li>Interim Supply Chain Manager:in<\/li>\n\n\n\n<li>Interim Finance &amp; Controlling Manager:in&nbsp;<\/li>\n\n\n\n<li>Interim HR Manager:in&nbsp;<\/li>\n\n\n\n<li>Interim CIO &amp; IT Manager:in&nbsp;<\/li>\n\n\n\n<li>Interim ESG Manager:in&nbsp;<\/li>\n<\/ul>\n\n\n\n<h4 class=\"wp-block-heading\"><meta charset=\"utf-8\">Program Manager:in &amp; Projekt Manager:in&nbsp;<\/h4>\n\n\n\n<ul class=\"wp-block-list\">\n<li>PMO Project Management Office \/ Head of Program Office&nbsp;<\/li>\n\n\n\n<li>Project Office Director&nbsp;<\/li>\n\n\n\n<li>Senior Project Director<\/li>\n<\/ul>\n\n\n\n<p><a href=\"https:\/\/mf.ag\/de\/programm-projektmanagement\/\">Mehr \u00fcber Projekt Management<\/a><\/p>\n\n<\/div><\/details><\/div>\n\n<div class=\"lightweight-accordion\"><details><summary class=\"lightweight-accordion-title\"><span>Welche Leistungen k\u00f6nnen Interim Manager:innen erbringen?<\/span><\/summary><div class=\"lightweight-accordion-body\">\n\n<p>Interim Manager:innen sind meist f\u00fcr wichtige Aufgaben im Kontext der Unternehmensf\u00fchrung verantwortlich. Im Laufe der Jahre hat die Management Factory ihr Netzwerk an verf\u00fcgbaren F\u00fchrungskr\u00e4ften auf bestimmte Branchen und Fachbereiche erweitert. So verf\u00fcgen viele Personen in unserem Netzwerk auch \u00fcber einen Consulting-Background bzw. \u00fcber umfangreiche Erfahrung in der Durchf\u00fchrung gro\u00dfer, komplexer Projekte.<\/p>\n\n<\/div><\/details><\/div>\n\n<div class=\"lightweight-accordion\"><details><summary class=\"lightweight-accordion-title\"><span>Wie lange dauert ein Assignment?<\/span><\/summary><div class=\"lightweight-accordion-body\">\n\n<p>Meist werden Interim Manager:innen f\u00fcr die Dauer von 6-12 Monaten eingesetzt, in einigen F\u00e4llen auch wesentlich l\u00e4nger. Es ist \u00fcblich, dass Mandate bzw. Einsatzzeitr\u00e4ume bei Bedarf verl\u00e4ngert werden.<\/p>\n\n<\/div><\/details><\/div>\n\n<div class=\"lightweight-accordion\"><details><summary class=\"lightweight-accordion-title\"><span>Was kostet Interim Management?<\/span><\/summary><div class=\"lightweight-accordion-body\">\n\n<p>Die Kosten f\u00fcr die Einstellung eines Interim Professionals \u00fcber die Management Factory h\u00e4ngen von der Rolle, der Situation sowie der L\u00e4nge und dem Umfang des Einsatzes ab. Um es konkreter zu sagen: Es ist im Vergleich zu Unternehmensberatung in der Regel erheblich billiger, eine F\u00fchrungskraft aus dem Bereich Interim Management einzustellen. Gerne erstellt die Management Factory ein Angebot f\u00fcr Sie! Gemeinsam gehen wir Herausforderungen und Aufgaben durch, eruieren die passende und bestens qualifizierte Person aus unserem Netzwerk und berechnen eine ungef\u00e4hre Bandbreite des Honorars.<\/p>\n\n<\/div><\/details><\/div>\n\n\n<p><a href=\"https:\/\/mf.ag\/de\/artikel\/\">Lesen Sie hier Artikel und Interviews zum Thema Interim Management.<\/a><\/p>\n<\/div>\n\n\n\n<p>Management Factory ist Mitglied des <a href=\"https:\/\/xn--dim-sna.org\/\" target=\"_blank\" rel=\"noreferrer noopener\">Dachverbands \u00d6sterreichisches Interim Management D\u00d6IM<\/a>.<\/p>\n<\/div>\n\n\n\n<div class=\"wp-block-group alignfull has-contrast-color has-pale-cyan-blue-background-color has-text-color has-background has-global-padding is-layout-constrained wp-block-group-is-layout-constrained\" style=\"margin-bottom:0;padding-top:var(--wp--preset--spacing--50);padding-bottom:var(--wp--preset--spacing--50)\">\n<div class=\"wp-block-columns alignwide are-vertically-aligned-top is-layout-flex wp-container-core-columns-is-layout-d0b3c9c8 wp-block-columns-is-layout-flex\">\n<div class=\"wp-block-column is-vertically-aligned-top is-layout-flow wp-block-column-is-layout-flow\">\n<h2 class=\"wp-block-heading\" id=\"h-wie-konnen-wir-ihnen-helfen\">Wie k\u00f6nnen wir Ihnen helfen?<\/h2>\n\n\n\n<p>Eine pl\u00f6tzliche Vakanz? Fehlende F\u00fchrung? Ist ein Turnaround notwendig? Oder die Notwendigkeit, Wachstum und Ergebnisse zu erreichen?<\/p>\n\n\n\n<p>Unsere Interim Manager verf\u00fcgen \u00fcber mindestens 15 Jahre Erfahrung in F\u00fchrungsrollen und sind spezialisiert, \u00e4hnliche Herausforderungen wie Ihre zu meistern. Sie greifen ein und liefern vom ersten Tag an Ergebnisse \u2013 genau dann, wenn Sie sie brauchen.<\/p>\n\n\n\n<p>Seit mehr als 20 Jahren helfen wir Unternehmen in \u00d6sterreich und der DACH-Region, die besten verf\u00fcgbaren Experten zu identifizieren.<\/p>\n\n\n\n<p>Lassen Sie uns wissen, wie wir Ihnen helfen k\u00f6nnen!<\/p>\n<\/div>\n\n\n\n<div class=\"wp-block-column is-vertically-aligned-top is-layout-flow wp-block-column-is-layout-flow\" style=\"padding-top:0\"><script>\nvar gform;gform||(document.addEventListener(\"gform_main_scripts_loaded\",function(){gform.scriptsLoaded=!0}),document.addEventListener(\"gform\/theme\/scripts_loaded\",function(){gform.themeScriptsLoaded=!0}),window.addEventListener(\"DOMContentLoaded\",function(){gform.domLoaded=!0}),gform={domLoaded:!1,scriptsLoaded:!1,themeScriptsLoaded:!1,isFormEditor:()=>\"function\"==typeof InitializeEditor,callIfLoaded:function(o){return!(!gform.domLoaded||!gform.scriptsLoaded||!gform.themeScriptsLoaded&&!gform.isFormEditor()||(gform.isFormEditor()&&console.warn(\"The use of gform.initializeOnLoaded() is deprecated in the form editor context and will be removed in Gravity Forms 3.1.\"),o(),0))},initializeOnLoaded:function(o){gform.callIfLoaded(o)||(document.addEventListener(\"gform_main_scripts_loaded\",()=>{gform.scriptsLoaded=!0,gform.callIfLoaded(o)}),document.addEventListener(\"gform\/theme\/scripts_loaded\",()=>{gform.themeScriptsLoaded=!0,gform.callIfLoaded(o)}),window.addEventListener(\"DOMContentLoaded\",()=>{gform.domLoaded=!0,gform.callIfLoaded(o)}))},hooks:{action:{},filter:{}},addAction:function(o,r,e,t){gform.addHook(\"action\",o,r,e,t)},addFilter:function(o,r,e,t){gform.addHook(\"filter\",o,r,e,t)},doAction:function(o){gform.doHook(\"action\",o,arguments)},applyFilters:function(o){return gform.doHook(\"filter\",o,arguments)},removeAction:function(o,r){gform.removeHook(\"action\",o,r)},removeFilter:function(o,r,e){gform.removeHook(\"filter\",o,r,e)},addHook:function(o,r,e,t,n){null==gform.hooks[o][r]&&(gform.hooks[o][r]=[]);var d=gform.hooks[o][r];null==n&&(n=r+\"_\"+d.length),gform.hooks[o][r].push({tag:n,callable:e,priority:t=null==t?10:t})},doHook:function(r,o,e){var t;if(e=Array.prototype.slice.call(e,1),null!=gform.hooks[r][o]&&((o=gform.hooks[r][o]).sort(function(o,r){return o.priority-r.priority}),o.forEach(function(o){\"function\"!=typeof(t=o.callable)&&(t=window[t]),\"action\"==r?t.apply(null,e):e[0]=t.apply(null,e)})),\"filter\"==r)return e[0]},removeHook:function(o,r,t,n){var e;null!=gform.hooks[o][r]&&(e=(e=gform.hooks[o][r]).filter(function(o,r,e){return!!(null!=n&&n!=o.tag||null!=t&&t!=o.priority)}),gform.hooks[o][r]=e)}});\n<\/script>\n\n                <div class='gf_browser_gecko gform_wrapper gravity-theme gform-theme--no-framework' data-form-theme='gravity-theme' data-form-index='0' id='gform_wrapper_76' ><form method='post' enctype='multipart\/form-data'  id='gform_76'  action='\/de\/wp-json\/wp\/v2\/pages\/50913' data-formid='76' novalidate> \r\n <input type='hidden' class='gforms-pum' value='{\"closepopup\":false,\"closedelay\":0,\"openpopup\":false,\"openpopup_id\":0}' \/>\n                        <div class='gform-body gform_body'><div id='gform_fields_76' class='gform_fields top_label form_sublabel_below description_below validation_below'><div id=\"field_76_7\" class=\"gfield gfield--type-text gfield--width-full gfield_contains_required field_sublabel_below gfield--no-description field_description_below hidden_label field_validation_below gfield_visibility_visible\"  ><label class='gfield_label gform-field-label' for='input_76_7'>Name<span class=\"gfield_required\"><span class=\"gfield_required gfield_required_text\">(erforderlich)<\/span><\/span><\/label><div class='ginput_container ginput_container_text'><input name='input_7' id='input_76_7' type='text' value='' class='large'    placeholder='Name' aria-required=\"true\" aria-invalid=\"false\"   \/><\/div><\/div><div id=\"field_76_3\" class=\"gfield gfield--type-phone gfield--width-full gfield_contains_required field_sublabel_below gfield--no-description field_description_below hidden_label field_validation_below gfield_visibility_visible\"  ><label class='gfield_label gform-field-label' for='input_76_3'>Telefon<span class=\"gfield_required\"><span class=\"gfield_required gfield_required_text\">(erforderlich)<\/span><\/span><\/label><div class='ginput_container ginput_container_phone'><input name='input_3' id='input_76_3' type='tel' value='' class='large'  placeholder='Telefon' aria-required=\"true\" aria-invalid=\"false\"   \/><\/div><\/div><div id=\"field_76_4\" class=\"gfield gfield--type-email gfield--width-full gfield_contains_required field_sublabel_below gfield--no-description field_description_below hidden_label field_validation_below gfield_visibility_visible\"  ><label class='gfield_label gform-field-label' for='input_76_4'>Email<span class=\"gfield_required\"><span class=\"gfield_required gfield_required_text\">(erforderlich)<\/span><\/span><\/label><div class='ginput_container ginput_container_email'>\n                            <input name='input_4' id='input_76_4' type='email' value='' class='large'   placeholder='Email' aria-required=\"true\" aria-invalid=\"false\"  \/>\n                        <\/div><\/div><div id=\"field_76_5\" class=\"gfield gfield--type-textarea gfield--width-full field_sublabel_below gfield--no-description field_description_below hidden_label field_validation_below gfield_visibility_visible\"  ><label class='gfield_label gform-field-label' for='input_76_5'>Kurze Beschreibung Ihrer Anfrage&#8230;<\/label><div class='ginput_container ginput_container_textarea'><textarea name='input_5' id='input_76_5' class='textarea small'    placeholder='Kurze Beschreibung Ihrer Anfrage...'  aria-invalid=\"false\"   rows='10' cols='50'><\/textarea><\/div><\/div><fieldset id=\"field_76_6\" class=\"gfield gfield--type-consent gfield--type-choice gfield--input-type-consent gfield--width-full gfield_contains_required field_sublabel_below gfield--no-description field_description_below hidden_label field_validation_below gfield_visibility_visible\"  ><legend class='gfield_label gform-field-label gfield_label_before_complex' >Consent<span class=\"gfield_required\"><span class=\"gfield_required gfield_required_text\">(erforderlich)<\/span><\/span><\/legend><div class='ginput_container ginput_container_consent'><input name='input_6.1' id='input_76_6_1' type='checkbox' value='1'   aria-required=\"true\" aria-invalid=\"false\"   \/> <label class=\"gform-field-label gform-field-label--type-inline gfield_consent_label\" for='input_76_6_1' >Ich stimme der <a href=\"https:\/\/mf.ag\/de\/datenschutzerklaerung\/\">Datenschutzerkl\u00e4rung von Management Factory.<\/a><span class=\"gfield_required gfield_required_text\">(erforderlich)<\/span><\/label><input type='hidden' name='input_6.2' value='Ich stimme der &lt;a href=&quot;https:\/\/mf.ag\/de\/datenschutzerklaerung\/&quot;&gt;Datenschutzerkl\u00e4rung von Management Factory.&lt;\/a&gt;' class='gform_hidden' \/><input type='hidden' name='input_6.3' value='38' class='gform_hidden' \/><\/div><\/fieldset><\/div><\/div>\n        <div class='gform-footer gform_footer top_label'> <input type='submit' id='gform_submit_button_76' class='gform_button button' onclick='gform.submission.handleButtonClick(this);' data-submission-type='submit' value='Absenden'  \/> \n            <input type='hidden' class='gform_hidden' name='gform_submission_method' data-js='gform_submission_method_76' value='postback' \/>\n            <input type='hidden' class='gform_hidden' name='gform_theme' data-js='gform_theme_76' id='gform_theme_76' value='gravity-theme' \/>\n            <input type='hidden' class='gform_hidden' name='gform_style_settings' data-js='gform_style_settings_76' id='gform_style_settings_76' value='{&quot;inputPrimaryColor&quot;:&quot;#204ce5&quot;}' \/>\n            <input type='hidden' class='gform_hidden' name='is_submit_76' value='1' \/>\n            <input type='hidden' class='gform_hidden' name='gform_submit' value='76' \/>\n            \n            <input type='hidden' class='gform_hidden' name='gform_currency' data-currency='SEK' value='sdlCSlm7YjUBivI\/baNQgYbBIO1\/nymLdPLHl88OoMHbcC3YerHUJrxH+xwV+eF2cTfT0eiPg6TzRortwiTolDF5YxOks+JIEYJIEFYVDfqzUOI=' \/>\n            <input type='hidden' class='gform_hidden' name='gform_unique_id' value='' \/>\n            <input type='hidden' class='gform_hidden' name='state_76' value='WyJ7XCI2LjFcIjpcIjg4ZDBkYmE0NmNjMGZjY2ExN2VjNDhhNDdmMjc4NDg3XCIsXCI2LjJcIjpcImE2ZmRjNDdhOTI1YWEyMjYyZjc0MWU4NTdkM2NiZWMxXCIsXCI2LjNcIjpcIjZlYzQxYTcxZTBiZGEyZGIyNzM0M2U1NWE0OGIzYTU4XCJ9IiwiM2VkNTIwMThiYzFjOTcxMzcwNmFiOGY2MmQ2NmIwOWIiXQ==' \/>\n            <input type='hidden' autocomplete='off' class='gform_hidden' name='gform_target_page_number_76' id='gform_target_page_number_76' value='0' \/>\n            <input type='hidden' autocomplete='off' class='gform_hidden' name='gform_source_page_number_76' id='gform_source_page_number_76' value='1' \/>\n            <input type='hidden' name='gform_field_values' value='' \/>\n            \n        <\/div>\n                        <\/form>\n                        <\/div><script>\ngform.initializeOnLoaded( function() {gformInitSpinner( 76, 'https:\/\/mf.ag\/wp-content\/plugins\/gravityforms\/images\/spinner.svg', true );jQuery('#gform_ajax_frame_76').on('load',function(){var contents = jQuery(this).contents().find('*').html();var is_postback = contents.indexOf('GF_AJAX_POSTBACK') >= 0;if(!is_postback){return;}var form_content = jQuery(this).contents().find('#gform_wrapper_76');var is_confirmation = jQuery(this).contents().find('#gform_confirmation_wrapper_76').length > 0;var is_redirect = contents.indexOf('gformRedirect(){') >= 0;var is_form = form_content.length > 0 && ! is_redirect && ! is_confirmation;var mt = parseInt(jQuery('html').css('margin-top'), 10) + parseInt(jQuery('body').css('margin-top'), 10) + 100;if(is_form){jQuery('#gform_wrapper_76').html(form_content.html());if(form_content.hasClass('gform_validation_error')){jQuery('#gform_wrapper_76').addClass('gform_validation_error');} else {jQuery('#gform_wrapper_76').removeClass('gform_validation_error');}setTimeout( function() { \/* delay the scroll by 50 milliseconds to fix a bug in chrome *\/  }, 50 );if(window['gformInitDatepicker']) {gformInitDatepicker();}if(window['gformInitPriceFields']) {gformInitPriceFields();}var current_page = jQuery('#gform_source_page_number_76').val();gformInitSpinner( 76, 'https:\/\/mf.ag\/wp-content\/plugins\/gravityforms\/images\/spinner.svg', true );jQuery(document).trigger('gform_page_loaded', [76, current_page]);window['gf_submitting_76'] = false;}else if(!is_redirect){var confirmation_content = jQuery(this).contents().find('.GF_AJAX_POSTBACK').html();if(!confirmation_content){confirmation_content = contents;}jQuery('#gform_wrapper_76').replaceWith(confirmation_content);jQuery(document).trigger('gform_confirmation_loaded', [76]);window['gf_submitting_76'] = false;wp.a11y.speak(jQuery('#gform_confirmation_message_76').text());}else{jQuery('#gform_76').append(contents);if(window['gformRedirect']) {gformRedirect();}}jQuery(document).trigger(\"gform_pre_post_render\", [{ formId: \"76\", currentPage: \"current_page\", abort: function() { this.preventDefault(); } }]);        if (event && event.defaultPrevented) {                return;        }        const gformWrapperDiv = document.getElementById( \"gform_wrapper_76\" );        if ( gformWrapperDiv ) {            const visibilitySpan = document.createElement( \"span\" );            visibilitySpan.id = \"gform_visibility_test_76\";            gformWrapperDiv.insertAdjacentElement( \"afterend\", visibilitySpan );        }        const visibilityTestDiv = document.getElementById( \"gform_visibility_test_76\" );        let postRenderFired = false;        function triggerPostRender() {            if ( postRenderFired ) {                return;            }            postRenderFired = true;            gform.core.triggerPostRenderEvents( 76, current_page );            if ( visibilityTestDiv ) {                visibilityTestDiv.parentNode.removeChild( visibilityTestDiv );            }        }        function debounce( func, wait, immediate ) {            var timeout;            return function() {                var context = this, args = arguments;                var later = function() {                    timeout = null;                    if ( !immediate ) func.apply( context, args );                };                var callNow = immediate && !timeout;                clearTimeout( timeout );                timeout = setTimeout( later, wait );                if ( callNow ) func.apply( context, args );            };        }        const debouncedTriggerPostRender = debounce( function() {            triggerPostRender();        }, 200 );        if ( visibilityTestDiv && visibilityTestDiv.offsetParent === null ) {            const observer = new MutationObserver( ( mutations ) => {                mutations.forEach( ( mutation ) => {                    if ( mutation.type === 'attributes' && visibilityTestDiv.offsetParent !== null ) {                        debouncedTriggerPostRender();                        observer.disconnect();                    }                });            });            observer.observe( document.body, {                attributes: true,                childList: false,                subtree: true,                attributeFilter: [ 'style', 'class' ],            });        } else {            triggerPostRender();        }    } );} );\n<\/script>\n<\/div>\n<\/div>\n<\/div>\n","protected":false},"excerpt":{"rendered":"<p>Ein:e Interim Manager:in ist eine hervorragende L\u00f6sung, wenn das Unternehmen vor einer Herausforderung steht. Interim Manager:innen k\u00f6nnen Probleme l\u00f6sen, Changeprozesse einleiten und durchf\u00fchren und eine kurzfristig zu besetzende F\u00fchrungsposition schnell ausf\u00fcllen, etwa bei Vakanzen in Krankheitsf\u00e4llen. Alle Mandate und Einsatzbereiche sind einzigartig. Interim Manager:innen erkennen rasch den konkreten Handlungsbedarf in der jeweiligen Situation. Executive Interim [&hellip;]<\/p>\n","protected":false},"author":1,"featured_media":49975,"parent":0,"menu_order":0,"comment_status":"closed","ping_status":"closed","template":"wp-custom-template-page-feature","meta":{"inline_featured_image":false,"footnotes":""},"class_list":["post-50913","page","type-page","status-publish","has-post-thumbnail","hentry"],"featured_image_urls_v2":{"full":["https:\/\/mf.ag\/wp-content\/uploads\/2021\/11\/interim-manager-7-features.png",1815,1216,false],"thumbnail":["https:\/\/mf.ag\/wp-content\/uploads\/2021\/11\/interim-manager-7-features-250x250.png",250,250,true],"medium":["https:\/\/mf.ag\/wp-content\/uploads\/2021\/11\/interim-manager-7-features-300x201.png",300,201,true],"medium_large":["https:\/\/mf.ag\/wp-content\/uploads\/2021\/11\/interim-manager-7-features-768x515.png",768,515,true],"large":["https:\/\/mf.ag\/wp-content\/uploads\/2021\/11\/interim-manager-7-features-1024x686.png",1024,686,true],"1536x1536":["https:\/\/mf.ag\/wp-content\/uploads\/2021\/11\/interim-manager-7-features-1536x1029.png",1536,1029,true],"2048x2048":["https:\/\/mf.ag\/wp-content\/uploads\/2021\/11\/interim-manager-7-features.png",1815,1216,false],"gform-image-choice-sm":["https:\/\/mf.ag\/wp-content\/uploads\/2021\/11\/interim-manager-7-features.png",300,201,false],"gform-image-choice-md":["https:\/\/mf.ag\/wp-content\/uploads\/2021\/11\/interim-manager-7-features.png",400,268,false],"gform-image-choice-lg":["https:\/\/mf.ag\/wp-content\/uploads\/2021\/11\/interim-manager-7-features.png",600,402,false],"profile_24":["https:\/\/mf.ag\/wp-content\/uploads\/2021\/11\/interim-manager-7-features-24x24.png",24,24,true],"profile_48":["https:\/\/mf.ag\/wp-content\/uploads\/2021\/11\/interim-manager-7-features-48x48.png",48,48,true],"profile_96":["https:\/\/mf.ag\/wp-content\/uploads\/2021\/11\/interim-manager-7-features-96x96.png",96,96,true],"profile_150":["https:\/\/mf.ag\/wp-content\/uploads\/2021\/11\/interim-manager-7-features-150x150.png",150,150,true],"profile_300":["https:\/\/mf.ag\/wp-content\/uploads\/2021\/11\/interim-manager-7-features-300x300.png",300,300,true]},"post_excerpt_stackable_v2":"<p>Ein:e Interim Manager:in ist eine hervorragende L\u00f6sung, wenn das Unternehmen vor einer Herausforderung steht. Interim Manager:innen k\u00f6nnen Probleme l\u00f6sen, Changeprozesse einleiten und durchf\u00fchren und eine kurzfristig zu besetzende F\u00fchrungsposition schnell ausf\u00fcllen, etwa bei Vakanzen in Krankheitsf\u00e4llen. Alle Mandate und Einsatzbereiche sind einzigartig. Interim Manager:innen erkennen rasch den konkreten Handlungsbedarf in der jeweiligen Situation. Executive Interim Management ist von gro\u00dfem Wert, wenn es darum geht, ein Projekt kurzfristig zum Erfolg zu f\u00fchren oder strategisch wichtige Ver\u00e4nderungen umzusetzen, um das Wachstum eines Unternehmens voranzutreiben. Kontakt Interim CEO Interim CFO \/ Interim Finance &amp; Controlling Manager:in Interim Chief Operating Officer (COO) Chief Restructuring&hellip;<\/p>\n","category_list_v2":"","author_info_v2":{"name":"Pierre","url":"https:\/\/mf.ag\/de\/author\/superfun\/"},"comments_num_v2":"0 comments","yoast_head":"<!-- This site is optimized with the Yoast SEO Premium plugin v25.8 (Yoast SEO v27.5) - https:\/\/yoast.com\/product\/yoast-seo-premium-wordpress\/ -->\n<title>Unsere Interim Manager | Management Factory<\/title>\n<meta name=\"description\" content=\"Ein Interim Manager bzw. eine Interim Managerin ist eine erfahrene F\u00fchrungspers\u00f6nlichkeit, die sich auf Ergebnisse konzentriert.\" \/>\n<meta name=\"robots\" content=\"index, follow, max-snippet:-1, max-image-preview:large, max-video-preview:-1\" \/>\n<link rel=\"canonical\" href=\"https:\/\/mf.ag\/de\/interim-manager\/\" \/>\n<meta property=\"og:locale\" content=\"de_DE\" \/>\n<meta property=\"og:type\" content=\"article\" \/>\n<meta property=\"og:title\" content=\"Unsere Interim Manager:innen\" \/>\n<meta property=\"og:description\" content=\"Ein Interim Manager bzw. eine Interim Managerin ist eine erfahrene F\u00fchrungspers\u00f6nlichkeit, die sich auf Ergebnisse konzentriert.\" \/>\n<meta property=\"og:url\" content=\"https:\/\/mf.ag\/de\/interim-manager\/\" \/>\n<meta property=\"og:site_name\" content=\"Management Factory\" \/>\n<meta property=\"article:modified_time\" content=\"2026-04-14T14:29:17+00:00\" \/>\n<meta property=\"og:image\" content=\"https:\/\/mf.ag\/wp-content\/uploads\/2021\/11\/interim-manager-7-features.png\" \/>\n\t<meta property=\"og:image:width\" content=\"1815\" \/>\n\t<meta property=\"og:image:height\" content=\"1216\" \/>\n\t<meta property=\"og:image:type\" content=\"image\/png\" \/>\n<meta name=\"twitter:card\" content=\"summary_large_image\" \/>\n<meta name=\"twitter:label1\" content=\"Gesch\u00e4tzte Lesezeit\" \/>\n\t<meta name=\"twitter:data1\" content=\"10\u00a0Minuten\" \/>\n<script type=\"application\/ld+json\" class=\"yoast-schema-graph\">{\"@context\":\"https:\\\/\\\/schema.org\",\"@graph\":[{\"@type\":\"WebPage\",\"@id\":\"https:\\\/\\\/mf.ag\\\/de\\\/interim-manager\\\/\",\"url\":\"https:\\\/\\\/mf.ag\\\/de\\\/interim-manager\\\/\",\"name\":\"Unsere Interim Manager | Management Factory\",\"isPartOf\":{\"@id\":\"https:\\\/\\\/mf.ag\\\/de\\\/#website\"},\"primaryImageOfPage\":{\"@id\":\"https:\\\/\\\/mf.ag\\\/de\\\/interim-manager\\\/#primaryimage\"},\"image\":{\"@id\":\"https:\\\/\\\/mf.ag\\\/de\\\/interim-manager\\\/#primaryimage\"},\"thumbnailUrl\":\"https:\\\/\\\/mf.ag\\\/wp-content\\\/uploads\\\/2021\\\/11\\\/interim-manager-7-features.png\",\"datePublished\":\"2021-11-19T13:23:31+00:00\",\"dateModified\":\"2026-04-14T14:29:17+00:00\",\"description\":\"Ein Interim Manager bzw. eine Interim Managerin ist eine erfahrene F\u00fchrungspers\u00f6nlichkeit, die sich auf Ergebnisse konzentriert.\",\"breadcrumb\":{\"@id\":\"https:\\\/\\\/mf.ag\\\/de\\\/interim-manager\\\/#breadcrumb\"},\"inLanguage\":\"de\",\"potentialAction\":[{\"@type\":\"ReadAction\",\"target\":[\"https:\\\/\\\/mf.ag\\\/de\\\/interim-manager\\\/\"]}]},{\"@type\":\"ImageObject\",\"inLanguage\":\"de\",\"@id\":\"https:\\\/\\\/mf.ag\\\/de\\\/interim-manager\\\/#primaryimage\",\"url\":\"https:\\\/\\\/mf.ag\\\/wp-content\\\/uploads\\\/2021\\\/11\\\/interim-manager-7-features.png\",\"contentUrl\":\"https:\\\/\\\/mf.ag\\\/wp-content\\\/uploads\\\/2021\\\/11\\\/interim-manager-7-features.png\",\"width\":1815,\"height\":1216,\"caption\":\"7 features of the Interim Managers\"},{\"@type\":\"BreadcrumbList\",\"@id\":\"https:\\\/\\\/mf.ag\\\/de\\\/interim-manager\\\/#breadcrumb\",\"itemListElement\":[{\"@type\":\"ListItem\",\"position\":1,\"name\":\"Home\",\"item\":\"https:\\\/\\\/mf.ag\\\/de\\\/\"},{\"@type\":\"ListItem\",\"position\":2,\"name\":\"Unsere Interim Manager:innen\"}]},{\"@type\":\"WebSite\",\"@id\":\"https:\\\/\\\/mf.ag\\\/de\\\/#website\",\"url\":\"https:\\\/\\\/mf.ag\\\/de\\\/\",\"name\":\"Management Factory\",\"description\":\"Mit Executive Interim Management und Financial Advisory das Gesch\u00e4ft voranbringen\",\"publisher\":{\"@id\":\"https:\\\/\\\/mf.ag\\\/de\\\/#organization\"},\"potentialAction\":[{\"@type\":\"SearchAction\",\"target\":{\"@type\":\"EntryPoint\",\"urlTemplate\":\"https:\\\/\\\/mf.ag\\\/de\\\/?s={search_term_string}\"},\"query-input\":{\"@type\":\"PropertyValueSpecification\",\"valueRequired\":true,\"valueName\":\"search_term_string\"}}],\"inLanguage\":\"de\"},{\"@type\":\"Organization\",\"@id\":\"https:\\\/\\\/mf.ag\\\/de\\\/#organization\",\"name\":\"Management Factory\",\"url\":\"https:\\\/\\\/mf.ag\\\/de\\\/\",\"logo\":{\"@type\":\"ImageObject\",\"inLanguage\":\"de\",\"@id\":\"https:\\\/\\\/mf.ag\\\/de\\\/#\\\/schema\\\/logo\\\/image\\\/\",\"url\":\"\",\"contentUrl\":\"\",\"caption\":\"Management Factory\"},\"image\":{\"@id\":\"https:\\\/\\\/mf.ag\\\/de\\\/#\\\/schema\\\/logo\\\/image\\\/\"}}]}<\/script>\n<!-- \/ Yoast SEO Premium plugin. -->","yoast_head_json":{"title":"Unsere Interim Manager | Management Factory","description":"Ein Interim Manager bzw. eine Interim Managerin ist eine erfahrene F\u00fchrungspers\u00f6nlichkeit, die sich auf Ergebnisse konzentriert.","robots":{"index":"index","follow":"follow","max-snippet":"max-snippet:-1","max-image-preview":"max-image-preview:large","max-video-preview":"max-video-preview:-1"},"canonical":"https:\/\/mf.ag\/de\/interim-manager\/","og_locale":"de_DE","og_type":"article","og_title":"Unsere Interim Manager:innen","og_description":"Ein Interim Manager bzw. eine Interim Managerin ist eine erfahrene F\u00fchrungspers\u00f6nlichkeit, die sich auf Ergebnisse konzentriert.","og_url":"https:\/\/mf.ag\/de\/interim-manager\/","og_site_name":"Management Factory","article_modified_time":"2026-04-14T14:29:17+00:00","og_image":[{"width":1815,"height":1216,"url":"https:\/\/mf.ag\/wp-content\/uploads\/2021\/11\/interim-manager-7-features.png","type":"image\/png"}],"twitter_card":"summary_large_image","twitter_misc":{"Gesch\u00e4tzte Lesezeit":"10\u00a0Minuten"},"schema":{"@context":"https:\/\/schema.org","@graph":[{"@type":"WebPage","@id":"https:\/\/mf.ag\/de\/interim-manager\/","url":"https:\/\/mf.ag\/de\/interim-manager\/","name":"Unsere Interim Manager | Management Factory","isPartOf":{"@id":"https:\/\/mf.ag\/de\/#website"},"primaryImageOfPage":{"@id":"https:\/\/mf.ag\/de\/interim-manager\/#primaryimage"},"image":{"@id":"https:\/\/mf.ag\/de\/interim-manager\/#primaryimage"},"thumbnailUrl":"https:\/\/mf.ag\/wp-content\/uploads\/2021\/11\/interim-manager-7-features.png","datePublished":"2021-11-19T13:23:31+00:00","dateModified":"2026-04-14T14:29:17+00:00","description":"Ein Interim Manager bzw. eine Interim Managerin ist eine erfahrene F\u00fchrungspers\u00f6nlichkeit, die sich auf Ergebnisse konzentriert.","breadcrumb":{"@id":"https:\/\/mf.ag\/de\/interim-manager\/#breadcrumb"},"inLanguage":"de","potentialAction":[{"@type":"ReadAction","target":["https:\/\/mf.ag\/de\/interim-manager\/"]}]},{"@type":"ImageObject","inLanguage":"de","@id":"https:\/\/mf.ag\/de\/interim-manager\/#primaryimage","url":"https:\/\/mf.ag\/wp-content\/uploads\/2021\/11\/interim-manager-7-features.png","contentUrl":"https:\/\/mf.ag\/wp-content\/uploads\/2021\/11\/interim-manager-7-features.png","width":1815,"height":1216,"caption":"7 features of the Interim Managers"},{"@type":"BreadcrumbList","@id":"https:\/\/mf.ag\/de\/interim-manager\/#breadcrumb","itemListElement":[{"@type":"ListItem","position":1,"name":"Home","item":"https:\/\/mf.ag\/de\/"},{"@type":"ListItem","position":2,"name":"Unsere Interim Manager:innen"}]},{"@type":"WebSite","@id":"https:\/\/mf.ag\/de\/#website","url":"https:\/\/mf.ag\/de\/","name":"Management Factory","description":"Mit Executive Interim Management und Financial Advisory das Gesch\u00e4ft voranbringen","publisher":{"@id":"https:\/\/mf.ag\/de\/#organization"},"potentialAction":[{"@type":"SearchAction","target":{"@type":"EntryPoint","urlTemplate":"https:\/\/mf.ag\/de\/?s={search_term_string}"},"query-input":{"@type":"PropertyValueSpecification","valueRequired":true,"valueName":"search_term_string"}}],"inLanguage":"de"},{"@type":"Organization","@id":"https:\/\/mf.ag\/de\/#organization","name":"Management Factory","url":"https:\/\/mf.ag\/de\/","logo":{"@type":"ImageObject","inLanguage":"de","@id":"https:\/\/mf.ag\/de\/#\/schema\/logo\/image\/","url":"","contentUrl":"","caption":"Management Factory"},"image":{"@id":"https:\/\/mf.ag\/de\/#\/schema\/logo\/image\/"}}]}},"_links":{"self":[{"href":"https:\/\/mf.ag\/de\/wp-json\/wp\/v2\/pages\/50913","targetHints":{"allow":["GET"]}}],"collection":[{"href":"https:\/\/mf.ag\/de\/wp-json\/wp\/v2\/pages"}],"about":[{"href":"https:\/\/mf.ag\/de\/wp-json\/wp\/v2\/types\/page"}],"author":[{"embeddable":true,"href":"https:\/\/mf.ag\/de\/wp-json\/wp\/v2\/users\/1"}],"replies":[{"embeddable":true,"href":"https:\/\/mf.ag\/de\/wp-json\/wp\/v2\/comments?post=50913"}],"version-history":[{"count":59,"href":"https:\/\/mf.ag\/de\/wp-json\/wp\/v2\/pages\/50913\/revisions"}],"predecessor-version":[{"id":64799,"href":"https:\/\/mf.ag\/de\/wp-json\/wp\/v2\/pages\/50913\/revisions\/64799"}],"wp:featuredmedia":[{"embeddable":true,"href":"https:\/\/mf.ag\/de\/wp-json\/wp\/v2\/media\/49975"}],"wp:attachment":[{"href":"https:\/\/mf.ag\/de\/wp-json\/wp\/v2\/media?parent=50913"}],"curies":[{"name":"wp","href":"https:\/\/api.w.org\/{rel}","templated":true}]}}