{"id":50849,"date":"2021-10-14T16:25:47","date_gmt":"2021-10-14T14:25:47","guid":{"rendered":"https:\/\/mf.ag\/?page_id=50849"},"modified":"2026-09-02T08:21:44","modified_gmt":"2026-09-02T06:21:44","slug":"home","status":"publish","type":"page","link":"https:\/\/mf.ag\/de\/","title":{"rendered":"Home"},"content":{"rendered":"\n<div class=\"wp-block-group alignfull has-global-padding is-layout-constrained wp-container-core-group-is-layout-06d78a1e wp-block-group-is-layout-constrained\" style=\"margin-top:0;margin-bottom:0;padding-top:var(--wp--preset--spacing--40);padding-right:var(--wp--preset--spacing--40);padding-bottom:var(--wp--preset--spacing--40);padding-left:var(--wp--preset--spacing--40)\">\n<h2 class=\"wp-block-heading has-text-align-center has-custom-valtus-turqouise-dark-color has-text-color has-link-color has-large-font-size wp-elements-79970b9e106fc7876903a2c7c6458511\" id=\"h-shaping-your-success-worldwide\" style=\"text-transform:uppercase\">Shaping your success,<br>worldwide<\/h2>\n<\/div>\n\n\n\n<div class=\"wp-block-media-text alignwide has-media-on-the-right is-stacked-on-mobile is-vertically-aligned-center is-style-default has-tertiary-background-color has-background tw-stack-md\" style=\"margin-top:0;margin-bottom:0;padding-top:0;padding-bottom:0\"><div class=\"wp-block-media-text__content\">\n<h3 class=\"wp-block-heading\" id=\"h-mit-executive-interim-management-und-financial-advisory-den-unternehmenswert-erhohen\">Mit Executive Interim Management und Financial Advisory den Unternehmenswert erh\u00f6hen<br><\/h3>\n\n\n\n<p>VALTUS Management Factory unterst\u00fctzt Unternehmen&nbsp;mit&nbsp;<a href=\"https:\/\/mf.ag\/de\/executive-interim-management\/\" data-type=\"link\" data-id=\"https:\/\/mf.ag\/de\/executive-interim-management\/\">Executive&nbsp;Interim Management<\/a>&nbsp;und <a href=\"https:\/\/mf.ag\/de\/financial-advisory\/\" data-type=\"link\" data-id=\"https:\/\/mf.ag\/de\/financial-advisory\/\">Financial Advisory<\/a>, wenn rasch erfahrene F\u00fchrung, zus\u00e4tzliche Managementkapazit\u00e4t oder besondere finanzwirtschaftliche Expertise ben\u00f6tigt werden.&nbsp;<\/p>\n\n\n\n<p>Unsere Interim&nbsp;Manager:innen&nbsp;\u00fcbernehmen operative Verantwortung, wenn Ihr Unternehmen vor einer kritischen Herausforderung steht&nbsp;\u2013 etwa als Interim CEO, CFO, CRO, COO, Werkleiter:in, Supply-Chain-Manager oder Programm- und&nbsp;Projektmanager:in.&nbsp;Unser Financial Advisory Team unterst\u00fctzt Unternehmen insbesondere bei Restrukturierungen, Liquidit\u00e4tsplanung, Fortbestehensprognosen,&nbsp;IDW S6 Gutachten,&nbsp;Independent Business Reviews, Transaktionen und weiteren&nbsp;komplexen finanzwirtschaftlichen Fragestellungen.&nbsp;<\/p>\n\n\n\n<p>Unternehmen greifen auf VALTUS Management Factory zur\u00fcck, wenn gesch\u00e4ftskritische Herausforderungen besondere Erfahrung erfordern: bei Transformation und Wachstum, in Restrukturierungs- und Turnaround-Situationen, bei kurzfristigen Management-Vakanzen, bei komplexen Projekten oder wenn zus\u00e4tzliche finanzwirtschaftliche Expertise erforderlich ist.&nbsp;<\/p>\n\n\n\n<div class=\"wp-block-buttons is-layout-flex wp-container-core-buttons-is-layout-6171c3c3 wp-block-buttons-is-layout-flex\">\n<div class=\"wp-block-button is-style-outline is-style-outline--2\"><a class=\"wp-block-button__link has-white-color has-vivid-red-background-color has-text-color has-background wp-element-button\" href=\"https:\/\/mf.ag\/de\/interim-manager\/\">Interim Management<\/a><\/div>\n\n\n\n<div class=\"wp-block-button is-style-outline is-style-outline--3\"><a class=\"wp-block-button__link has-white-color has-vivid-red-background-color has-text-color has-background wp-element-button\" href=\"https:\/\/mf.ag\/de\/financial-advisory\/\">Financial Advisory<\/a><\/div>\n\n\n\n<div class=\"wp-block-button is-style-outline is-style-outline--4\"><a class=\"wp-block-button__link has-white-color has-vivid-red-background-color has-text-color has-background wp-element-button\" href=\"https:\/\/mf.ag\/de\/kontakt\/\">Kontakt<\/a><\/div>\n<\/div>\n<\/div><figure class=\"wp-block-media-text__media\"><img loading=\"lazy\" decoding=\"async\" width=\"1024\" height=\"1024\" src=\"https:\/\/mf.ag\/wp-content\/uploads\/2026\/08\/LinkedIn-Posts-Quadrat-Neu-2026-08-28T132544.232-1024x1024.png\" alt=\"\" class=\"wp-image-68704 size-full\" srcset=\"https:\/\/mf.ag\/wp-content\/uploads\/2026\/08\/LinkedIn-Posts-Quadrat-Neu-2026-08-28T132544.232-1024x1024.png 1024w, https:\/\/mf.ag\/wp-content\/uploads\/2026\/08\/LinkedIn-Posts-Quadrat-Neu-2026-08-28T132544.232-300x300.png 300w, https:\/\/mf.ag\/wp-content\/uploads\/2026\/08\/LinkedIn-Posts-Quadrat-Neu-2026-08-28T132544.232-250x250.png 250w, https:\/\/mf.ag\/wp-content\/uploads\/2026\/08\/LinkedIn-Posts-Quadrat-Neu-2026-08-28T132544.232-768x768.png 768w, https:\/\/mf.ag\/wp-content\/uploads\/2026\/08\/LinkedIn-Posts-Quadrat-Neu-2026-08-28T132544.232-24x24.png 24w, https:\/\/mf.ag\/wp-content\/uploads\/2026\/08\/LinkedIn-Posts-Quadrat-Neu-2026-08-28T132544.232-48x48.png 48w, https:\/\/mf.ag\/wp-content\/uploads\/2026\/08\/LinkedIn-Posts-Quadrat-Neu-2026-08-28T132544.232-96x96.png 96w, https:\/\/mf.ag\/wp-content\/uploads\/2026\/08\/LinkedIn-Posts-Quadrat-Neu-2026-08-28T132544.232-150x150.png 150w, https:\/\/mf.ag\/wp-content\/uploads\/2026\/08\/LinkedIn-Posts-Quadrat-Neu-2026-08-28T132544.232.png 1200w\" sizes=\"auto, (max-width: 1024px) 100vw, 1024px\" \/><\/figure><\/div>\n\n\n\n<div class=\"wp-block-group alignfull has-white-background-color has-background has-global-padding is-content-justification-center is-layout-constrained wp-container-core-group-is-layout-4e7d53ac wp-block-group-is-layout-constrained\" style=\"margin-top:0;margin-bottom:0;padding-top:var(--wp--preset--spacing--50);padding-right:var(--wp--preset--spacing--40);padding-bottom:var(--wp--preset--spacing--50);padding-left:var(--wp--preset--spacing--40)\">\n<div class=\"wp-block-columns alignwide is-layout-flex wp-container-core-columns-is-layout-05b9d1e5 wp-block-columns-is-layout-flex\" style=\"margin-top:0;margin-bottom:0\">\n<div class=\"wp-block-column is-layout-flow wp-block-column-is-layout-flow\">\n<figure class=\"wp-block-image aligncenter size-large\"><img decoding=\"async\" src=\"https:\/\/mf.ag\/wp-content\/uploads\/2024\/09\/ManagementFactory_David_Bohmann_Potraitfotos_063-1-e1745830975733-811x1024.jpg\" alt=\"\" class=\"wp-image-57920\" style=\"aspect-ratio:0.7919995530476563\"\/><\/figure>\n<\/div>\n\n\n\n<div class=\"wp-block-column is-vertically-aligned-center is-layout-flow wp-block-column-is-layout-flow\">\n<h3 class=\"wp-block-heading\" id=\"we-find-the-right-solution\">VALTUS Management Factory: Ma\u00dfgeschneiderte L\u00f6sungen f\u00fcr unternehmerische Schl\u00fcsselphasen<\/h3>\n\n\n\n<p>VALTUS Management Factory steht seit \u00fcber 25 Jahren f\u00fcr individuelle L\u00f6sungen in besonders anspruchsvollen Unternehmenssituationen. Mit einem&nbsp;Pool von&nbsp;hochqualifizierten\u202f<a href=\"https:\/\/mf.ag\/de\/interim-manager\/\">Interim&nbsp;Manager:innen<\/a>\u202fund tiefgreifender Erfahrung\u202faus Top-Management-Positionen sowie unserem\u202f<a href=\"https:\/\/mf.ag\/de\/financial-advisory\/\">Financial-Advisory-Team<\/a>\u202fentwickeln wir passgenaue Strategien f\u00fcr nachhaltigen Erfolg.&nbsp;Wir gestalten eine positive Zukunft, in der Unternehmen und Menschen ihr volles Potenzial entfalten k\u00f6nnen.&nbsp;<\/p>\n\n\n\n<p>Unsere Partner, unsere Interim&nbsp;Executives&nbsp;und unsere Financial&nbsp;Advisor&nbsp;bringen&nbsp;nicht nur fachliche Exzellenz mit, sondern auch ein tiefes Verst\u00e4ndnis f\u00fcr unternehmerische Herausforderungen. Wir legen viel Wert auf einen engen Dialog mit unseren\u202fAuftraggeber:innen\u202fund auf eine vertrauensvolle Zusammenarbeit, um so eine konstruktive Dynamik zu entfalten f\u00fcr messbare Ergebnisse, Zufriedenheit und langfristigen Erfolg.&nbsp;<\/p>\n\n\n\n<div class=\"wp-block-buttons is-nowrap is-layout-flex wp-container-core-buttons-is-layout-e088cbc5 wp-block-buttons-is-layout-flex\">\n<div class=\"wp-block-button\"><a class=\"wp-block-button__link has-white-color has-primary-background-color has-text-color has-background wp-element-button\" href=\"https:\/\/mf.ag\/de\/uber-uns\/\">\u00dcber uns<\/a><\/div>\n\n\n\n<div class=\"wp-block-button\"><a class=\"wp-block-button__link has-white-color has-primary-background-color has-text-color has-background has-small-font-size has-custom-font-size wp-element-button\" href=\"https:\/\/mf.ag\/de\/unser-unternehmen\/\">Unser Unternehmen<\/a><\/div>\n\n\n\n<div class=\"wp-block-button\"><a class=\"wp-block-button__link has-white-color has-primary-background-color has-text-color has-background wp-element-button\" href=\"https:\/\/mf.ag\/de\/unsere-partner\/\">Unsere Partner<\/a><\/div>\n<\/div>\n<\/div>\n<\/div>\n<\/div>\n\n\n\n<div class=\"wp-block-group alignfull has-tertiary-background-color has-background has-global-padding is-layout-constrained wp-block-group-is-layout-constrained\" style=\"margin-top:0;margin-bottom:0;padding-top:var(--wp--preset--spacing--30);padding-bottom:var(--wp--preset--spacing--30)\">\n<div class=\"wp-block-media-text alignwide has-media-on-the-right is-stacked-on-mobile is-vertically-aligned-center has-tertiary-background-color has-background tw-stack-md\" style=\"margin-top:0;margin-bottom:0;padding-top:0;padding-bottom:0\"><div class=\"wp-block-media-text__content\">\n<h3 class=\"wp-block-heading\" id=\"h-globales-nbsp-netzwerk-nbsp-und-nbsp-internationale-nbsp-reichweite-nbsp\">Globales&nbsp;Netzwerk&nbsp;und&nbsp;<br>internationale&nbsp;Reichweite&nbsp;<\/h3>\n\n\n\n<p>VALTUS Management Factory ist Teil der&nbsp;<a href=\"https:\/\/valtusgroup.com\/\" target=\"_blank\" rel=\"noreferrer noopener\">Valtus Gruppe<\/a>&nbsp;mit Gesellschaften in neun europ\u00e4ischen L\u00e4ndern. \u00dcber die&nbsp;<a href=\"https:\/\/www.linkedin.com\/company\/valtusalliance\/posts\/?feedView=all\" target=\"_blank\" rel=\"noreferrer noopener\">Valtus Alliance<\/a>&nbsp;sind wir in \u00fcber drei\u00dfig L\u00e4ndern auf allen f\u00fcnf Kontinenten vertreten.&nbsp;<\/p>\n\n\n\n<ul class=\"wp-block-list is-style-tw-checkmark\">\n<li>VALTUS Management Factory wurde 2021 gegr\u00fcndet und verf\u00fcgt&nbsp;\u00fcber&nbsp;mehr als&nbsp;25 Jahre Erfahrung im Executive Interim Management&nbsp;und in der Financial Advisory.&nbsp;<\/li>\n\n\n\n<li>Die Gesellschaften der Valtus Gruppe in Europa\u202ferwirtschaften&nbsp;einen\u202fUmsatz von \u20ac 145,5 Millionen (2025).&nbsp;<\/li>\n\n\n\n<li>Gemeinsam mit der&nbsp;Valtus&nbsp;Alliance&nbsp;gewinnt&nbsp;Valtus&nbsp;weltweit \u00fcber&nbsp;1.200 Interim-Mandate und \u00fcber 100 internationale Cross-Border-Eins\u00e4tze&nbsp;pro Jahr.&nbsp;<\/li>\n\n\n\n<li>Wir verf\u00fcgen an all unseren Standorten \u00fcber&nbsp;lokale&nbsp;Talent Pools&nbsp;mit&nbsp;in Summe&nbsp;\u00fcber 60.000 Executive Interim&nbsp;Manager:innen.&nbsp;<\/li>\n\n\n\n<li>Valtus&nbsp;gilt&nbsp;global&nbsp;als ma\u00dfgebliche Instanz im&nbsp;Executive Interim Management mit Bezug auf&nbsp;Qualit\u00e4t,&nbsp;Innovation und Integrit\u00e4t.<\/li>\n\n\n\n<li>Uns verbinden&nbsp;bei&nbsp;Valtus&nbsp;und bei der Valtus Alliance drei Werte: Care, Dare und Share.&nbsp;We care for people and the planet &#8211; We dare to reach new grounds &#8211; We share the same&nbsp;high standards.&nbsp;<\/li>\n<\/ul>\n\n\n\n<p>W\u00e4hrend wir&nbsp;f\u00fcr unsere Kunden&nbsp;weltweit im Interim Management t\u00e4tig sind, liegt der Fokus unseres Financial Advisory Teams au dem DACH-Raum.&nbsp;&nbsp;<\/p>\n\n\n\n<div class=\"wp-block-buttons is-layout-flex wp-container-core-buttons-is-layout-b56ea84c wp-block-buttons-is-layout-flex\">\n<div class=\"wp-block-button is-style-outline is-style-outline--5\"><a class=\"wp-block-button__link has-white-color has-vivid-red-background-color has-text-color has-background wp-element-button\" href=\"https:\/\/valtusgroup.com\/\" target=\"_blank\" rel=\"noreferrer noopener\">\u00dcber Valtus Group&nbsp;<\/a><\/div>\n\n\n\n<div class=\"wp-block-button is-style-outline is-style-outline--6\"><a class=\"wp-block-button__link has-white-color has-vivid-red-background-color has-text-color has-background wp-element-button\" href=\"https:\/\/www.linkedin.com\/company\/valtusalliance\/posts\/?feedView=all\" target=\"_blank\" rel=\"noreferrer noopener\">\u00dcber&nbsp;Valtus&nbsp;Alliance<\/a><\/div>\n\n\n\n<div class=\"wp-block-button is-style-outline is-style-outline--7\"><a class=\"wp-block-button__link has-white-color has-vivid-red-background-color has-text-color has-background wp-element-button\" href=\"https:\/\/mf.ag\/de\/restrukturierung-netzwerk\/\">Unser&nbsp;Netzwerk<\/a><\/div>\n<\/div>\n\n\n\n<p><a href=\"https:\/\/mf.ag\/our-company\/\"><\/a><a href=\"https:\/\/mf.ag\/our-company\/\"><\/a><\/p>\n<\/div><figure class=\"wp-block-media-text__media\"><img loading=\"lazy\" decoding=\"async\" width=\"1024\" height=\"1024\" src=\"https:\/\/mf.ag\/wp-content\/uploads\/2026\/09\/LinkedIn-Posts-Quadrat-Neu-2026-09-01T092202.168-1024x1024.png\" alt=\"\" class=\"wp-image-68798 size-full\" srcset=\"https:\/\/mf.ag\/wp-content\/uploads\/2026\/09\/LinkedIn-Posts-Quadrat-Neu-2026-09-01T092202.168-1024x1024.png 1024w, https:\/\/mf.ag\/wp-content\/uploads\/2026\/09\/LinkedIn-Posts-Quadrat-Neu-2026-09-01T092202.168-300x300.png 300w, https:\/\/mf.ag\/wp-content\/uploads\/2026\/09\/LinkedIn-Posts-Quadrat-Neu-2026-09-01T092202.168-250x250.png 250w, https:\/\/mf.ag\/wp-content\/uploads\/2026\/09\/LinkedIn-Posts-Quadrat-Neu-2026-09-01T092202.168-768x768.png 768w, https:\/\/mf.ag\/wp-content\/uploads\/2026\/09\/LinkedIn-Posts-Quadrat-Neu-2026-09-01T092202.168-24x24.png 24w, https:\/\/mf.ag\/wp-content\/uploads\/2026\/09\/LinkedIn-Posts-Quadrat-Neu-2026-09-01T092202.168-48x48.png 48w, https:\/\/mf.ag\/wp-content\/uploads\/2026\/09\/LinkedIn-Posts-Quadrat-Neu-2026-09-01T092202.168-96x96.png 96w, https:\/\/mf.ag\/wp-content\/uploads\/2026\/09\/LinkedIn-Posts-Quadrat-Neu-2026-09-01T092202.168-150x150.png 150w, https:\/\/mf.ag\/wp-content\/uploads\/2026\/09\/LinkedIn-Posts-Quadrat-Neu-2026-09-01T092202.168.png 1200w\" sizes=\"auto, (max-width: 1024px) 100vw, 1024px\" \/><\/figure><\/div>\n<\/div>\n\n\n\n<div class=\"wp-block-group alignfull homegroup has-white-background-color has-background has-global-padding is-layout-constrained wp-block-group-is-layout-constrained\" style=\"margin-top:0;margin-bottom:0;padding-top:var(--wp--preset--spacing--50);padding-bottom:var(--wp--preset--spacing--50)\">\n<div class=\"wp-block-media-text alignwide is-stacked-on-mobile is-vertically-aligned-center tw-stack-md\"><figure class=\"wp-block-media-text__media\"><img loading=\"lazy\" decoding=\"async\" width=\"766\" height=\"751\" src=\"https:\/\/mf.ag\/wp-content\/uploads\/2026\/08\/Referenzen-Bild-fuer-Homepage.png\" alt=\"\" class=\"wp-image-68769 size-full\" srcset=\"https:\/\/mf.ag\/wp-content\/uploads\/2026\/08\/Referenzen-Bild-fuer-Homepage.png 766w, https:\/\/mf.ag\/wp-content\/uploads\/2026\/08\/Referenzen-Bild-fuer-Homepage-300x294.png 300w, https:\/\/mf.ag\/wp-content\/uploads\/2026\/08\/Referenzen-Bild-fuer-Homepage-24x24.png 24w, https:\/\/mf.ag\/wp-content\/uploads\/2026\/08\/Referenzen-Bild-fuer-Homepage-48x48.png 48w\" sizes=\"auto, (max-width: 766px) 100vw, 766px\" \/><\/figure><div class=\"wp-block-media-text__content\">\n<h3 class=\"wp-block-heading\" id=\"h-nbsp-uber-welche-nbsp-referenzen-nbsp-und-nbsp-auszeichnungen-verfugt-nbsp-valtus-management-factory-nbsp\">&nbsp;\u00dcber welche&nbsp;Referenzen&nbsp;und&nbsp;Auszeichnungen verf\u00fcgt&nbsp;VALTUS Management Factory?&nbsp;<\/h3>\n\n\n\n<p>\u00d6sterreichische und internationale&nbsp;Auftraggeber, Private Equity Funds und Konzerne&nbsp;vertrauen&nbsp;VALTUS Management Factory&nbsp;vor allem aufgrund der wiederholt unter Beweis gestellten Qualit\u00e4t unserer L\u00f6sungsans\u00e4tze,&nbsp;aufgrund der&nbsp;Passgenauigkeit der Besetzungen und Konzepte&nbsp;und&nbsp;aufgrund&nbsp;der Nachhaltigkeit der&nbsp;Umsetzung.&nbsp;Ausgew\u00e4hlte Referenzen f\u00fcr \u00d6sterreich sind PORR,&nbsp;Zumtobel, KTM,&nbsp;\u00d6BB,&nbsp;Invest&nbsp;AG&nbsp;und&nbsp;Fischer Sports. Ein relevante Auswahl an Referenzprojekten finden Sie auf der Seite <a href=\"https:\/\/mf.ag\/de\/referenzen\/\" data-type=\"link\" data-id=\"https:\/\/mf.ag\/de\/referenzen\/\">Referenzen<\/a>.&nbsp;<\/p>\n\n\n\n<p>Hinzu kommen internationale Referenzen aus der&nbsp;Valtus&nbsp;Gruppe von Unternehmen wie&nbsp;thyssenkrupp,&nbsp;Haribo, Toshiba, Sodexo&nbsp;und&nbsp;Cartier sowie&nbsp;von PE-Funds wie Amundi, KKR,&nbsp;Polaris&nbsp;und&nbsp;Soci\u00e9t\u00e9 G\u00e9n\u00e9rale Capital&nbsp;Partenaires.&nbsp;&nbsp;<\/p>\n\n\n\n<p>VALTUS Management verf\u00fcgt \u00fcber zahlreiche&nbsp;Auszeichnungen,&nbsp;u.a. Interim Manager des Jahres (2017 und 2025), bestes Interim Management Projekt des Jahres (2021) und Constantinus Award (2021 und 2025) sowie Top-Berater \u00d6sterreich (2026) und Wachstums Champion \u00d6sterreich&nbsp;(2026).&nbsp;&nbsp;<\/p>\n\n\n\n<div class=\"wp-block-buttons is-layout-flex wp-container-core-buttons-is-layout-b56ea84c wp-block-buttons-is-layout-flex\">\n<div class=\"wp-block-button\"><a class=\"wp-block-button__link has-white-color has-primary-background-color has-text-color has-background wp-element-button\" href=\"https:\/\/mf.ag\/de\/referenzen\/\">Referenzen&nbsp;<\/a><\/div>\n\n\n\n<div class=\"wp-block-button\"><a class=\"wp-block-button__link has-white-color has-primary-background-color has-text-color has-background wp-element-button\">Unserer Mitgliedschaften und Auszeichnungen&nbsp;<\/a><\/div>\n\n\n\n<div class=\"wp-block-button\"><a class=\"wp-block-button__link has-white-color has-primary-background-color has-text-color has-background wp-element-button\">Unsere Zweck&nbsp;und unsere Werte<\/a><\/div>\n<\/div>\n<\/div><\/div>\n<\/div>\n\n\n\n<div class=\"wp-block-group alignfull has-tertiary-background-color has-background has-global-padding is-layout-constrained wp-block-group-is-layout-constrained\" style=\"margin-top:0;margin-bottom:0;padding-top:var(--wp--preset--spacing--30);padding-bottom:var(--wp--preset--spacing--30)\">\n<div class=\"wp-block-media-text alignwide has-media-on-the-right is-stacked-on-mobile is-vertically-aligned-center is-style-tw-overlap has-base-background-color has-background tw-stack-md\" style=\"margin-top:0;margin-bottom:0;padding-top:0;padding-bottom:0\"><div class=\"wp-block-media-text__content\">\n<h3 class=\"wp-block-heading has-h-2-font-size\" id=\"h-welche-manager-innen-stellt-valtus-management-factory-an\">Welche Manager:innen stellt VALTUS Management Factory an?<\/h3>\n\n\n\n<p id=\"h-welche-manager-und-advisor-stellt-valtus-management-factory-an\">Wenn Sie \u00fcber langj\u00e4hrige Executive Management Erfahrung verf\u00fcgen und in unseren Manager:innen-Pool als Interim Executive aufgenommen werden m\u00f6chten, so wenden Sie sich f\u00fcr einen ersten Kennenlerntermin an unsere Talent Managerin <a href=\"https:\/\/www.linkedin.com\/in\/annika-porsch\/\">Annika Porsch<\/a>.<\/p>\n\n\n\n<p id=\"h-welche-manager-und-advisor-stellt-valtus-management-factory-an\">W\u00e4hrend der Gro\u00dfteil unserer Interim Manager:innen selbstst\u00e4ndig ist, sind die meisten Manager:innen der Financial Advisory fest bei uns angestellt. Im Bereich der Financial Advisory ist Erfahrung im Bereich der Restrukturierung Voraussetzung f\u00fcr eine Bewerbung.<\/p>\n\n\n\n<div class=\"wp-block-buttons is-layout-flex wp-container-core-buttons-is-layout-b56ea84c wp-block-buttons-is-layout-flex\">\n<div class=\"wp-block-button is-style-outline is-style-outline--8\"><a class=\"wp-block-button__link has-white-color has-vivid-red-background-color has-text-color has-background wp-element-button\" href=\"https:\/\/mf.ag\/de\/karriere\/\">Karriere&nbsp;<\/a><\/div>\n\n\n\n<div class=\"wp-block-button is-style-outline is-style-outline--9\"><a class=\"wp-block-button__link has-white-color has-vivid-red-background-color has-text-color has-background wp-element-button\" href=\"https:\/\/mf.ag\/de\/interim-manager\/\">Karriere als Interim&nbsp;Manager:in&nbsp;<\/a><\/div>\n\n\n\n<div class=\"wp-block-button is-style-outline is-style-outline--10\"><a class=\"wp-block-button__link has-white-color has-vivid-red-background-color has-text-color has-background wp-element-button\" href=\"https:\/\/mf.ag\/de\/financial-advisory\/\">Karriere als Financial&nbsp;Manager:in&nbsp;<\/a><\/div>\n<\/div>\n<\/div><figure class=\"wp-block-media-text__media\"><img loading=\"lazy\" decoding=\"async\" width=\"1024\" height=\"927\" src=\"https:\/\/mf.ag\/wp-content\/uploads\/2026\/06\/DSC7704_c_David_Bohmann-3-scaled-e1781617518379-1024x927.jpg\" alt=\"\" class=\"wp-image-67422 size-full\" srcset=\"https:\/\/mf.ag\/wp-content\/uploads\/2026\/06\/DSC7704_c_David_Bohmann-3-scaled-e1781617518379-1024x927.jpg 1024w, https:\/\/mf.ag\/wp-content\/uploads\/2026\/06\/DSC7704_c_David_Bohmann-3-scaled-e1781617518379-300x272.jpg 300w, https:\/\/mf.ag\/wp-content\/uploads\/2026\/06\/DSC7704_c_David_Bohmann-3-scaled-e1781617518379-768x695.jpg 768w, https:\/\/mf.ag\/wp-content\/uploads\/2026\/06\/DSC7704_c_David_Bohmann-3-scaled-e1781617518379-1536x1391.jpg 1536w, https:\/\/mf.ag\/wp-content\/uploads\/2026\/06\/DSC7704_c_David_Bohmann-3-scaled-e1781617518379.jpg 1745w\" sizes=\"auto, (max-width: 1024px) 100vw, 1024px\" \/><\/figure><\/div>\n\n\n\n<div class=\"wp-block-media-text alignwide is-stacked-on-mobile is-vertically-aligned-center is-style-tw-overlap has-base-background-color has-background tw-stack-md\" style=\"margin-top:0;margin-bottom:0;padding-top:0;padding-bottom:0\"><figure class=\"wp-block-media-text__media\"><img loading=\"lazy\" decoding=\"async\" width=\"1024\" height=\"703\" src=\"https:\/\/mf.ag\/wp-content\/uploads\/2026\/06\/DSC7444_c_David_Bohmann_-2-scaled-e1781616808730-1024x703.jpg\" alt=\"\" class=\"wp-image-67418 size-full\" srcset=\"https:\/\/mf.ag\/wp-content\/uploads\/2026\/06\/DSC7444_c_David_Bohmann_-2-scaled-e1781616808730-1024x703.jpg 1024w, https:\/\/mf.ag\/wp-content\/uploads\/2026\/06\/DSC7444_c_David_Bohmann_-2-scaled-e1781616808730-300x206.jpg 300w, https:\/\/mf.ag\/wp-content\/uploads\/2026\/06\/DSC7444_c_David_Bohmann_-2-scaled-e1781616808730-768x527.jpg 768w, https:\/\/mf.ag\/wp-content\/uploads\/2026\/06\/DSC7444_c_David_Bohmann_-2-scaled-e1781616808730-1536x1054.jpg 1536w, https:\/\/mf.ag\/wp-content\/uploads\/2026\/06\/DSC7444_c_David_Bohmann_-2-scaled-e1781616808730.jpg 1810w\" sizes=\"auto, (max-width: 1024px) 100vw, 1024px\" \/><\/figure><div class=\"wp-block-media-text__content\">\n<h3 class=\"wp-block-heading has-h-2-font-size\" id=\"h-restrukturierung-und-turnaround-management-von-der-analyse-bis-zur-umsetzung\">Restrukturierung und Turnaround Management: Von der Analyse bis zur Umsetzung<\/h3>\n\n\n\n<p id=\"h-welche-manager-und-advisor-stellt-valtus-management-factory-an\">In Restrukturierungs- und Turnaround-Situationen gilt es, unterschiedliche Kompetenzen wirkungsvoll miteinander zu verbinden: Tragf\u00e4hige und zugleich pragmatische Konzepte m\u00fcssen entwickelt, F\u00fchrungskr\u00e4fte und Mitarbeitende f\u00fcr den eingeschlagenen Weg gewonnen, Ma\u00dfnahmen rasch und konsequent umgesetzt sowie die Interessen der verschiedenen Stakeholder umsichtig ber\u00fccksichtigt werden. VALTUS Management Factory verbindet daher finanzwirtschaftliche Beratung mit operativer F\u00fchrung. Unsere Financial Advisor schaffen Transparenz, sichern die Liquidit\u00e4t und erarbeiten belastbare Restrukturierungskonzepte. Erfahrene Interim CEOs, CFOs, CROs und COOs \u00fcbernehmen Verantwortung f\u00fcr deren Umsetzung. So begleiten wir Unternehmen von der Krisenanalyse \u00fcber die Neuausrichtung bis zur nachhaltigen Stabilisierung \u2013 bei Bedarf auch grenz\u00fcberschreitend.<\/p>\n\n\n\n<div class=\"wp-block-buttons is-layout-flex wp-container-core-buttons-is-layout-b56ea84c wp-block-buttons-is-layout-flex\">\n<div class=\"wp-block-button is-style-outline is-style-outline--11\"><a class=\"wp-block-button__link has-white-color has-primary-background-color has-text-color has-background wp-element-button\" href=\"https:\/\/mf.ag\/de\/restrukturierung\/\">Restrukturierung<\/a><\/div>\n\n\n\n<div class=\"wp-block-button is-style-outline is-style-outline--12\"><a class=\"wp-block-button__link has-white-color has-primary-background-color has-text-color has-background wp-element-button\" href=\"https:\/\/mf.ag\/de\/turnaround-management\/\">Turnaround Management<\/a><\/div>\n\n\n\n<div class=\"wp-block-button is-style-outline is-style-outline--13\"><a class=\"wp-block-button__link has-white-color has-primary-background-color has-text-color has-background wp-element-button\" href=\"https:\/\/mf.ag\/de\/chief-restructuring-officer\/\">Chief Restructuring Officer (CRO)<\/a><\/div>\n<\/div>\n<\/div><\/div>\n<\/div>\n\n\n\n<div class=\"wp-block-group alignfull has-white-background-color has-background has-global-padding is-layout-constrained wp-block-group-is-layout-constrained\" style=\"margin-top:0;margin-bottom:0;padding-top:var(--wp--preset--spacing--50);padding-bottom:var(--wp--preset--spacing--50)\">\n<div class=\"wp-block-media-text alignwide is-stacked-on-mobile is-vertically-aligned-center tw-stack-md\"><figure class=\"wp-block-media-text__media\"><img loading=\"lazy\" decoding=\"async\" width=\"1024\" height=\"683\" src=\"https:\/\/mf.ag\/wp-content\/uploads\/2023\/11\/ManagementFactory_c_David_Bohmann_028-1024x683.jpg\" alt=\"\" class=\"wp-image-54391 size-full\" srcset=\"https:\/\/mf.ag\/wp-content\/uploads\/2023\/11\/ManagementFactory_c_David_Bohmann_028-1024x683.jpg 1024w, https:\/\/mf.ag\/wp-content\/uploads\/2023\/11\/ManagementFactory_c_David_Bohmann_028-300x200.jpg 300w, https:\/\/mf.ag\/wp-content\/uploads\/2023\/11\/ManagementFactory_c_David_Bohmann_028-768x512.jpg 768w, https:\/\/mf.ag\/wp-content\/uploads\/2023\/11\/ManagementFactory_c_David_Bohmann_028-1536x1024.jpg 1536w, https:\/\/mf.ag\/wp-content\/uploads\/2023\/11\/ManagementFactory_c_David_Bohmann_028.jpg 2048w\" sizes=\"auto, (max-width: 1024px) 100vw, 1024px\" \/><\/figure><div class=\"wp-block-media-text__content\">\n<h3 class=\"wp-block-heading has-h-2-font-size\" id=\"h-uber-300-beitrage-zu-interim-management-financial-advisory-und-restrukturierung-nbsp\">\u00dcber 300 Beitr\u00e4ge zu Interim Management, Financial Advisory und Restrukturierung&nbsp;<\/h3>\n\n\n\n<p>Wir ver\u00f6ffentlichen laufend relevante Artikel&nbsp;und Interviews&nbsp;zu Interim Management, <a href=\"https:\/\/mf.ag\/de\/restrukturierung\/\" data-type=\"link\" data-id=\"https:\/\/mf.ag\/de\/restrukturierung\/\">Restrukturierung<\/a> und Financial Advisory.&nbsp;Diese&nbsp;Beitr\u00e4ge finden Sie unter dem Men\u00fcpunkt <a href=\"https:\/\/mf.ag\/de\/artikel\/\" data-type=\"link\" data-id=\"https:\/\/mf.ag\/de\/artikel\/\">Artikel<\/a>.&nbsp;Wenn Sie bez\u00fcglich dieser Themen vier bis f\u00fcnf Mal im Jahr&nbsp;ein&nbsp;Update erhalten wollen, so melden Sie sich f\u00fcr unseren Newsletter an.<\/p>\n\n\n\n<div class=\"wp-block-buttons is-layout-flex wp-container-core-buttons-is-layout-b56ea84c wp-block-buttons-is-layout-flex\">\n<div class=\"wp-block-button is-style-outline is-style-outline--14\"><a class=\"wp-block-button__link has-white-color has-vivid-red-background-color has-text-color has-background wp-element-button\" href=\"https:\/\/mf.ag\/de\/newsletter\/\">Newsletter<\/a><\/div>\n<\/div>\n<\/div><\/div>\n<\/div>\n\n\n\n<div class=\"wp-block-group alignfull has-custom-valtus-light-beige-background-color has-background has-global-padding is-layout-constrained wp-container-core-group-is-layout-b9940f7e wp-block-group-is-layout-constrained\" style=\"margin-top:0;margin-bottom:0;padding-top:var(--wp--preset--spacing--50);padding-right:var(--wp--preset--spacing--40);padding-bottom:var(--wp--preset--spacing--50);padding-left:var(--wp--preset--spacing--40)\">\n<h3 class=\"wp-block-heading alignwide is-style-default\" id=\"h-neueste-nachrichten-und-artikel\">Neueste Nachrichten und Artikel<\/h3>\n\n\n<ul class=\"wp-block-latest-posts__list is-grid columns-3 has-dates alignwide tw-stretched-link tw-img-ratio-16-9 is-style-tw-posts-card wp-block-latest-posts\"><li><div class=\"wp-block-latest-posts__featured-image\"><img loading=\"lazy\" decoding=\"async\" width=\"1024\" height=\"576\" src=\"https:\/\/mf.ag\/wp-content\/uploads\/2026\/09\/Website-Bilder-Neu-2026-09-01T131259.113-1024x576.png\" class=\"attachment-large size-large wp-post-image\" alt=\"\" style=\"\" srcset=\"https:\/\/mf.ag\/wp-content\/uploads\/2026\/09\/Website-Bilder-Neu-2026-09-01T131259.113-1024x576.png 1024w, https:\/\/mf.ag\/wp-content\/uploads\/2026\/09\/Website-Bilder-Neu-2026-09-01T131259.113-300x169.png 300w, https:\/\/mf.ag\/wp-content\/uploads\/2026\/09\/Website-Bilder-Neu-2026-09-01T131259.113-768x432.png 768w, https:\/\/mf.ag\/wp-content\/uploads\/2026\/09\/Website-Bilder-Neu-2026-09-01T131259.113-1536x864.png 1536w, https:\/\/mf.ag\/wp-content\/uploads\/2026\/09\/Website-Bilder-Neu-2026-09-01T131259.113.png 1920w\" sizes=\"auto, (max-width: 1024px) 100vw, 1024px\" \/><\/div><a class=\"wp-block-latest-posts__post-title\" href=\"https:\/\/mf.ag\/de\/artikel\/valtus-management-factory-wachstumschampion-2026\/\">VALTUS Management Factory Wachstumschampion 2026<\/a><time datetime=\"2026-09-01T14:16:35+02:00\" class=\"wp-block-latest-posts__post-date\">1. September 2026<\/time><\/li>\n<li><div class=\"wp-block-latest-posts__featured-image\"><img loading=\"lazy\" decoding=\"async\" width=\"1024\" height=\"576\" src=\"https:\/\/mf.ag\/wp-content\/uploads\/2026\/09\/Website-Bilder-Neu-2026-09-01T101736.064-1024x576.png\" class=\"attachment-large size-large wp-post-image\" alt=\"\" style=\"\" srcset=\"https:\/\/mf.ag\/wp-content\/uploads\/2026\/09\/Website-Bilder-Neu-2026-09-01T101736.064-1024x576.png 1024w, https:\/\/mf.ag\/wp-content\/uploads\/2026\/09\/Website-Bilder-Neu-2026-09-01T101736.064-300x169.png 300w, https:\/\/mf.ag\/wp-content\/uploads\/2026\/09\/Website-Bilder-Neu-2026-09-01T101736.064-768x432.png 768w, https:\/\/mf.ag\/wp-content\/uploads\/2026\/09\/Website-Bilder-Neu-2026-09-01T101736.064-1536x864.png 1536w, https:\/\/mf.ag\/wp-content\/uploads\/2026\/09\/Website-Bilder-Neu-2026-09-01T101736.064.png 1920w\" sizes=\"auto, (max-width: 1024px) 100vw, 1024px\" \/><\/div><a class=\"wp-block-latest-posts__post-title\" href=\"https:\/\/mf.ag\/de\/artikel\/china-ubernahme-im-mittelstand-ein-interim-manager-fur-finanzen-und-it\/\">China-\u00dcbernahme im Mittelstand: Ein Interim Manager f\u00fcr Finanzen und IT<\/a><time datetime=\"2026-09-01T10:13:47+02:00\" class=\"wp-block-latest-posts__post-date\">1. September 2026<\/time><\/li>\n<li><div class=\"wp-block-latest-posts__featured-image\"><img loading=\"lazy\" decoding=\"async\" width=\"1024\" height=\"576\" src=\"https:\/\/mf.ag\/wp-content\/uploads\/2026\/08\/Website-Bilder-Neu-2026-08-31T072815.700-1024x576.png\" class=\"attachment-large size-large wp-post-image\" alt=\"\" style=\"\" srcset=\"https:\/\/mf.ag\/wp-content\/uploads\/2026\/08\/Website-Bilder-Neu-2026-08-31T072815.700-1024x576.png 1024w, https:\/\/mf.ag\/wp-content\/uploads\/2026\/08\/Website-Bilder-Neu-2026-08-31T072815.700-300x169.png 300w, https:\/\/mf.ag\/wp-content\/uploads\/2026\/08\/Website-Bilder-Neu-2026-08-31T072815.700-768x432.png 768w, https:\/\/mf.ag\/wp-content\/uploads\/2026\/08\/Website-Bilder-Neu-2026-08-31T072815.700-1536x864.png 1536w, https:\/\/mf.ag\/wp-content\/uploads\/2026\/08\/Website-Bilder-Neu-2026-08-31T072815.700.png 1920w\" sizes=\"auto, (max-width: 1024px) 100vw, 1024px\" \/><\/div><a class=\"wp-block-latest-posts__post-title\" href=\"https:\/\/mf.ag\/de\/artikel\/warum-unabhaengigkeit-ein-strategischer-vorteil-ist\/\">Warum Unabh\u00e4ngigkeit ein strategischer Vorteil ist<\/a><time datetime=\"2026-08-31T07:42:19+02:00\" class=\"wp-block-latest-posts__post-date\">31. August 2026<\/time><\/li>\n<\/ul>\n\n\n<div class=\"wp-block-buttons alignwide is-layout-flex wp-block-buttons-is-layout-flex\">\n<div class=\"wp-block-button is-style-outline is-style-outline--15\"><a class=\"wp-block-button__link has-base-color has-primary-background-color has-text-color has-background has-link-color wp-element-button\" href=\"https:\/\/mf.ag\/de\/artikel\/\" style=\"border-width:1px\">Alle Artikel<\/a><\/div>\n<\/div>\n<\/div>\n\n\n\n<p><\/p>\n","protected":false},"excerpt":{"rendered":"<p>Shaping your success,worldwide VALTUS Management Factory: Ma\u00dfgeschneiderte L\u00f6sungen f\u00fcr unternehmerische Schl\u00fcsselphasen VALTUS Management Factory steht seit \u00fcber 25 Jahren f\u00fcr individuelle L\u00f6sungen in besonders anspruchsvollen Unternehmenssituationen. Mit einem&nbsp;Pool von&nbsp;hochqualifizierten\u202fInterim&nbsp;Manager:innen\u202fund tiefgreifender Erfahrung\u202faus Top-Management-Positionen sowie unserem\u202fFinancial-Advisory-Team\u202fentwickeln wir passgenaue Strategien f\u00fcr nachhaltigen Erfolg.&nbsp;Wir gestalten eine positive Zukunft, in der Unternehmen und Menschen ihr volles Potenzial entfalten k\u00f6nnen.&nbsp; Unsere [&hellip;]<\/p>\n","protected":false},"author":1,"featured_media":57217,"parent":0,"menu_order":0,"comment_status":"closed","ping_status":"closed","template":"","meta":{"inline_featured_image":false,"footnotes":""},"class_list":["post-50849","page","type-page","status-publish","has-post-thumbnail","hentry"],"featured_image_urls_v2":{"full":["https:\/\/mf.ag\/wp-content\/uploads\/2024\/08\/ManagementFactory_banner1-4.jpg",2048,1365,false],"thumbnail":["https:\/\/mf.ag\/wp-content\/uploads\/2024\/08\/ManagementFactory_banner1-4-250x250.jpg",250,250,true],"medium":["https:\/\/mf.ag\/wp-content\/uploads\/2024\/08\/ManagementFactory_banner1-4-300x200.jpg",300,200,true],"medium_large":["https:\/\/mf.ag\/wp-content\/uploads\/2024\/08\/ManagementFactory_banner1-4-768x512.jpg",768,512,true],"large":["https:\/\/mf.ag\/wp-content\/uploads\/2024\/08\/ManagementFactory_banner1-4-1024x683.jpg",1024,683,true],"1536x1536":["https:\/\/mf.ag\/wp-content\/uploads\/2024\/08\/ManagementFactory_banner1-4-1536x1024.jpg",1536,1024,true],"2048x2048":["https:\/\/mf.ag\/wp-content\/uploads\/2024\/08\/ManagementFactory_banner1-4.jpg",2048,1365,false],"gform-image-choice-sm":["https:\/\/mf.ag\/wp-content\/uploads\/2024\/08\/ManagementFactory_banner1-4.jpg",300,200,false],"gform-image-choice-md":["https:\/\/mf.ag\/wp-content\/uploads\/2024\/08\/ManagementFactory_banner1-4.jpg",400,267,false],"gform-image-choice-lg":["https:\/\/mf.ag\/wp-content\/uploads\/2024\/08\/ManagementFactory_banner1-4.jpg",600,400,false],"profile_24":["https:\/\/mf.ag\/wp-content\/uploads\/2024\/08\/ManagementFactory_banner1-4-24x24.jpg",24,24,true],"profile_48":["https:\/\/mf.ag\/wp-content\/uploads\/2024\/08\/ManagementFactory_banner1-4-48x48.jpg",48,48,true],"profile_96":["https:\/\/mf.ag\/wp-content\/uploads\/2024\/08\/ManagementFactory_banner1-4-96x96.jpg",96,96,true],"profile_150":["https:\/\/mf.ag\/wp-content\/uploads\/2024\/08\/ManagementFactory_banner1-4-150x150.jpg",150,150,true],"profile_300":["https:\/\/mf.ag\/wp-content\/uploads\/2024\/08\/ManagementFactory_banner1-4-300x300.jpg",300,300,true]},"post_excerpt_stackable_v2":"<p>Shaping your success,worldwide Mit Executive Interim Management und Financial Advisory den Unternehmenswert erh\u00f6hen VALTUS Management Factory unterst\u00fctzt Unternehmen&nbsp;mit&nbsp;Executive&nbsp;Interim Management&nbsp;und Financial Advisory, wenn rasch erfahrene F\u00fchrung, zus\u00e4tzliche Managementkapazit\u00e4t oder besondere finanzwirtschaftliche Expertise ben\u00f6tigt werden.&nbsp; Unsere Interim&nbsp;Manager:innen&nbsp;\u00fcbernehmen operative Verantwortung, wenn Ihr Unternehmen vor einer kritischen Herausforderung steht&nbsp;\u2013 etwa als Interim CEO, CFO, CRO, COO, Werkleiter:in, Supply-Chain-Manager oder Programm- und&nbsp;Projektmanager:in.&nbsp;Unser Financial Advisory Team unterst\u00fctzt Unternehmen insbesondere bei Restrukturierungen, Liquidit\u00e4tsplanung, Fortbestehensprognosen,&nbsp;IDW S6 Gutachten,&nbsp;Independent Business Reviews, Transaktionen und weiteren&nbsp;komplexen finanzwirtschaftlichen Fragestellungen.&nbsp; Unternehmen greifen auf VALTUS Management Factory zur\u00fcck, wenn gesch\u00e4ftskritische Herausforderungen besondere Erfahrung erfordern: bei Transformation und Wachstum, in Restrukturierungs- und Turnaround-Situationen, bei kurzfristigen Management-Vakanzen,&hellip;<\/p>\n","category_list_v2":"","author_info_v2":{"name":"Pierre","url":"https:\/\/mf.ag\/de\/author\/superfun\/"},"comments_num_v2":"0 comments","yoast_head":"<!-- This site is optimized with the Yoast SEO Premium plugin v25.8 (Yoast SEO v28.3) - https:\/\/yoast.com\/product\/yoast-seo-premium-wordpress\/ -->\n<title>VALTUS Management Factory - Executive Interim Management und Financial Advisory<\/title>\n<meta name=\"description\" content=\"VALTUS Management Factory ist \u00d6sterreichs f\u00fchrender Partner f\u00fcr Executive Interim Management, Restrukturierung und Financial Advisory.\" \/>\n<meta name=\"robots\" content=\"index, follow, max-snippet:-1, max-image-preview:large, max-video-preview:-1\" \/>\n<link rel=\"canonical\" href=\"https:\/\/mf.ag\/de\/\" \/>\n<meta property=\"og:locale\" content=\"de_DE\" \/>\n<meta property=\"og:type\" content=\"article\" \/>\n<meta property=\"og:title\" content=\"Home\" \/>\n<meta property=\"og:description\" content=\"VALTUS Management Factory ist \u00d6sterreichs f\u00fchrender Partner f\u00fcr Executive Interim Management, Restrukturierung und Financial Advisory.\" \/>\n<meta property=\"og:url\" content=\"https:\/\/mf.ag\/de\/\" \/>\n<meta property=\"og:site_name\" content=\"Management Factory\" \/>\n<meta property=\"article:modified_time\" content=\"2026-09-02T06:21:44+00:00\" \/>\n<meta property=\"og:image\" content=\"https:\/\/mf.ag\/wp-content\/uploads\/2024\/08\/ManagementFactory_banner1-4.jpg\" \/>\n\t<meta property=\"og:image:width\" content=\"2048\" \/>\n\t<meta property=\"og:image:height\" content=\"1365\" \/>\n\t<meta property=\"og:image:type\" content=\"image\/jpeg\" \/>\n<meta name=\"twitter:card\" content=\"summary_large_image\" \/>\n<meta name=\"twitter:label1\" content=\"Gesch\u00e4tzte Lesezeit\" \/>\n\t<meta name=\"twitter:data1\" content=\"7\u00a0Minuten\" \/>\n<script type=\"application\/ld+json\" class=\"yoast-schema-graph\">{\"@context\":\"https:\\\/\\\/schema.org\",\"@graph\":[{\"@type\":\"WebPage\",\"@id\":\"https:\\\/\\\/mf.ag\\\/de\\\/\",\"url\":\"https:\\\/\\\/mf.ag\\\/de\\\/\",\"name\":\"VALTUS Management Factory - Executive Interim Management und Financial Advisory\",\"isPartOf\":{\"@id\":\"https:\\\/\\\/mf.ag\\\/de\\\/#website\"},\"primaryImageOfPage\":{\"@id\":\"https:\\\/\\\/mf.ag\\\/de\\\/#primaryimage\"},\"image\":{\"@id\":\"https:\\\/\\\/mf.ag\\\/de\\\/#primaryimage\"},\"thumbnailUrl\":\"https:\\\/\\\/mf.ag\\\/wp-content\\\/uploads\\\/2024\\\/08\\\/ManagementFactory_banner1-4.jpg\",\"datePublished\":\"2021-10-14T14:25:47+00:00\",\"dateModified\":\"2026-09-02T06:21:44+00:00\",\"description\":\"VALTUS Management Factory ist \u00d6sterreichs f\u00fchrender Partner f\u00fcr Executive Interim Management, Restrukturierung und Financial Advisory.\",\"breadcrumb\":{\"@id\":\"https:\\\/\\\/mf.ag\\\/de\\\/#breadcrumb\"},\"inLanguage\":\"de\",\"potentialAction\":[{\"@type\":\"ReadAction\",\"target\":[\"https:\\\/\\\/mf.ag\\\/de\\\/\"]}]},{\"@type\":\"ImageObject\",\"inLanguage\":\"de\",\"@id\":\"https:\\\/\\\/mf.ag\\\/de\\\/#primaryimage\",\"url\":\"https:\\\/\\\/mf.ag\\\/wp-content\\\/uploads\\\/2024\\\/08\\\/ManagementFactory_banner1-4.jpg\",\"contentUrl\":\"https:\\\/\\\/mf.ag\\\/wp-content\\\/uploads\\\/2024\\\/08\\\/ManagementFactory_banner1-4.jpg\",\"width\":2048,\"height\":1365},{\"@type\":\"BreadcrumbList\",\"@id\":\"https:\\\/\\\/mf.ag\\\/de\\\/#breadcrumb\",\"itemListElement\":[{\"@type\":\"ListItem\",\"position\":1,\"name\":\"Home\",\"item\":\"https:\\\/\\\/mf.ag\\\/de\\\/\"},{\"@type\":\"ListItem\",\"position\":2,\"name\":\"Home\"}]},{\"@type\":\"WebSite\",\"@id\":\"https:\\\/\\\/mf.ag\\\/de\\\/#website\",\"url\":\"https:\\\/\\\/mf.ag\\\/de\\\/\",\"name\":\"VALTUS Management Factory\",\"description\":\"Mit Executive Interim Management und Financial Advisory das Gesch\u00e4ft voranbringen\",\"publisher\":{\"@id\":\"https:\\\/\\\/mf.ag\\\/de\\\/#organization\"},\"potentialAction\":[{\"@type\":\"SearchAction\",\"target\":{\"@type\":\"EntryPoint\",\"urlTemplate\":\"https:\\\/\\\/mf.ag\\\/de\\\/?s={search_term_string}\"},\"query-input\":{\"@type\":\"PropertyValueSpecification\",\"valueRequired\":true,\"valueName\":\"search_term_string\"}}],\"inLanguage\":\"de\"},{\"@type\":\"Organization\",\"@id\":\"https:\\\/\\\/mf.ag\\\/de\\\/#organization\",\"name\":\"VALTUS Management Factory\",\"url\":\"https:\\\/\\\/mf.ag\\\/de\\\/\",\"logo\":{\"@type\":\"ImageObject\",\"inLanguage\":\"de\",\"@id\":\"https:\\\/\\\/mf.ag\\\/de\\\/#\\\/schema\\\/logo\\\/image\\\/\",\"url\":\"\",\"contentUrl\":\"\",\"caption\":\"VALTUS Management Factory\"},\"image\":{\"@id\":\"https:\\\/\\\/mf.ag\\\/de\\\/#\\\/schema\\\/logo\\\/image\\\/\"}}]}<\/script>\n<!-- \/ Yoast SEO Premium plugin. -->","yoast_head_json":{"title":"VALTUS Management Factory - Executive Interim Management und Financial Advisory","description":"VALTUS Management Factory ist \u00d6sterreichs f\u00fchrender Partner f\u00fcr Executive Interim Management, Restrukturierung und Financial Advisory.","robots":{"index":"index","follow":"follow","max-snippet":"max-snippet:-1","max-image-preview":"max-image-preview:large","max-video-preview":"max-video-preview:-1"},"canonical":"https:\/\/mf.ag\/de\/","og_locale":"de_DE","og_type":"article","og_title":"Home","og_description":"VALTUS Management Factory ist \u00d6sterreichs f\u00fchrender Partner f\u00fcr Executive Interim Management, Restrukturierung und Financial Advisory.","og_url":"https:\/\/mf.ag\/de\/","og_site_name":"Management Factory","article_modified_time":"2026-09-02T06:21:44+00:00","og_image":[{"width":2048,"height":1365,"url":"https:\/\/mf.ag\/wp-content\/uploads\/2024\/08\/ManagementFactory_banner1-4.jpg","type":"image\/jpeg"}],"twitter_card":"summary_large_image","twitter_misc":{"Gesch\u00e4tzte Lesezeit":"7\u00a0Minuten"},"schema":{"@context":"https:\/\/schema.org","@graph":[{"@type":"WebPage","@id":"https:\/\/mf.ag\/de\/","url":"https:\/\/mf.ag\/de\/","name":"VALTUS Management Factory - Executive Interim Management und Financial Advisory","isPartOf":{"@id":"https:\/\/mf.ag\/de\/#website"},"primaryImageOfPage":{"@id":"https:\/\/mf.ag\/de\/#primaryimage"},"image":{"@id":"https:\/\/mf.ag\/de\/#primaryimage"},"thumbnailUrl":"https:\/\/mf.ag\/wp-content\/uploads\/2024\/08\/ManagementFactory_banner1-4.jpg","datePublished":"2021-10-14T14:25:47+00:00","dateModified":"2026-09-02T06:21:44+00:00","description":"VALTUS Management Factory ist \u00d6sterreichs f\u00fchrender Partner f\u00fcr Executive Interim Management, Restrukturierung und Financial Advisory.","breadcrumb":{"@id":"https:\/\/mf.ag\/de\/#breadcrumb"},"inLanguage":"de","potentialAction":[{"@type":"ReadAction","target":["https:\/\/mf.ag\/de\/"]}]},{"@type":"ImageObject","inLanguage":"de","@id":"https:\/\/mf.ag\/de\/#primaryimage","url":"https:\/\/mf.ag\/wp-content\/uploads\/2024\/08\/ManagementFactory_banner1-4.jpg","contentUrl":"https:\/\/mf.ag\/wp-content\/uploads\/2024\/08\/ManagementFactory_banner1-4.jpg","width":2048,"height":1365},{"@type":"BreadcrumbList","@id":"https:\/\/mf.ag\/de\/#breadcrumb","itemListElement":[{"@type":"ListItem","position":1,"name":"Home","item":"https:\/\/mf.ag\/de\/"},{"@type":"ListItem","position":2,"name":"Home"}]},{"@type":"WebSite","@id":"https:\/\/mf.ag\/de\/#website","url":"https:\/\/mf.ag\/de\/","name":"VALTUS Management Factory","description":"Mit Executive Interim Management und Financial Advisory das Gesch\u00e4ft voranbringen","publisher":{"@id":"https:\/\/mf.ag\/de\/#organization"},"potentialAction":[{"@type":"SearchAction","target":{"@type":"EntryPoint","urlTemplate":"https:\/\/mf.ag\/de\/?s={search_term_string}"},"query-input":{"@type":"PropertyValueSpecification","valueRequired":true,"valueName":"search_term_string"}}],"inLanguage":"de"},{"@type":"Organization","@id":"https:\/\/mf.ag\/de\/#organization","name":"VALTUS Management Factory","url":"https:\/\/mf.ag\/de\/","logo":{"@type":"ImageObject","inLanguage":"de","@id":"https:\/\/mf.ag\/de\/#\/schema\/logo\/image\/","url":"","contentUrl":"","caption":"VALTUS Management Factory"},"image":{"@id":"https:\/\/mf.ag\/de\/#\/schema\/logo\/image\/"}}]}},"_links":{"self":[{"href":"https:\/\/mf.ag\/de\/wp-json\/wp\/v2\/pages\/50849","targetHints":{"allow":["GET"]}}],"collection":[{"href":"https:\/\/mf.ag\/de\/wp-json\/wp\/v2\/pages"}],"about":[{"href":"https:\/\/mf.ag\/de\/wp-json\/wp\/v2\/types\/page"}],"author":[{"embeddable":true,"href":"https:\/\/mf.ag\/de\/wp-json\/wp\/v2\/users\/1"}],"replies":[{"embeddable":true,"href":"https:\/\/mf.ag\/de\/wp-json\/wp\/v2\/comments?post=50849"}],"version-history":[{"count":165,"href":"https:\/\/mf.ag\/de\/wp-json\/wp\/v2\/pages\/50849\/revisions"}],"predecessor-version":[{"id":68801,"href":"https:\/\/mf.ag\/de\/wp-json\/wp\/v2\/pages\/50849\/revisions\/68801"}],"wp:featuredmedia":[{"embeddable":true,"href":"https:\/\/mf.ag\/de\/wp-json\/wp\/v2\/media\/57217"}],"wp:attachment":[{"href":"https:\/\/mf.ag\/de\/wp-json\/wp\/v2\/media?parent=50849"}],"curies":[{"name":"wp","href":"https:\/\/api.w.org\/{rel}","templated":true}]}}